{"id":22267,"date":"2026-09-01T15:50:47","date_gmt":"2026-09-01T13:50:47","guid":{"rendered":"https:\/\/proda.no\/?post_type=tribe_events&#038;p=22267"},"modified":"2026-09-02T12:51:11","modified_gmt":"2026-09-02T10:51:11","slug":"proda-ung-delingsmote","status":"publish","type":"tribe_events","link":"https:\/\/proda.no\/en\/klasse\/proda-ung-delingsmote\/","title":{"rendered":"PRODA UNG &#8211; fysisk delingsm\u00f8te"},"content":{"rendered":"<p class=\"wp-block-paragraph\"><strong>Velkomst- og delingsm\u00f8te\u00a0for PRODA UNG<\/strong><\/p>\r\n\r\n\r\n\r\n<p class=\"wp-block-paragraph\">Er du fersk i dansefeltet og lurer p\u00e5 om UNG opplegget er noe for deg? Da anbefaler vi \u00e5 dukke opp her! Det dere deler p\u00e5 disse m\u00f8tene vil v\u00e6re med p\u00e5 \u00e5 forme innholdet \u2013 og vi vil h\u00f8re stemmen din.<\/p>\r\n\r\n\r\n\r\n<p class=\"wp-block-paragraph\">N\u00e5r:<strong>\u00a0fredag 04. september 2026\u00a0kl. 12:30 &#8211; 14:30<\/strong><\/p>\r\n\r\n\r\n\r\n<p class=\"wp-block-paragraph\">Hvor:\u00a0<strong>Proda Oslo,\u00a0<\/strong>hos\u00a0<strong>Rom for dans\u00a0<\/strong>(Marstrandgata 8, inngang Stockholmgata)<\/p>\r\n\r\n\r\n\r\n<p class=\"wp-block-paragraph\">Det er ingen p\u00e5melding, bare \u00e5 dukke opp.<\/p>\r\n\r\n\r\n\r\n<p class=\"wp-block-paragraph\"><strong>Hva skjer p\u00e5 m\u00f8tene?<\/strong><\/p>\r\n\r\n\r\n\r\n<p class=\"wp-block-paragraph\">&#8211; det blir litt \u00e5 spise og drikke p\u00e5<\/p>\r\n\r\n\r\n\r\n<p class=\"wp-block-paragraph\">&#8211; det blir litt generell info<\/p>\r\n\r\n\r\n\r\n<p class=\"wp-block-paragraph\">&#8211; det blir litt hilse\/henge<\/p>\r\n\r\n\r\n\r\n<p class=\"wp-block-paragraph\">&#8211; og aller viktigst: dere\/vi skal drodle og dele tanker, id\u00e9er, forslag og behov rundt hva dette programmet kan v\u00e6re<\/p>\r\n\r\n\r\n\r\n<p class=\"wp-block-paragraph\">Det er ingen p\u00e5melding, bare \u00e5 dukke opp, akkurat s\u00e5nn du er.<\/p>\r\n\r\n\r\n\r\n<p class=\"wp-block-paragraph\">P\u00e5 m\u00f8tene treffer du andre som har meldt seg inn i UNG + Caroline Skj\u00f8rshammer og Cassandra Moldenhauer.<\/p>\r\n\r\n\r\n\r\n<p class=\"wp-block-paragraph\">&nbsp;<\/p>\r\n\r\n\r\n\r\n<p class=\"wp-block-paragraph\"><strong>Varmt velkommen, vi gleder oss!\u00a0<\/strong><\/p>","protected":false},"excerpt":{"rendered":"<p>Velkomst- og delingsm\u00f8te\u00a0for PRODA UNG Er du fersk i dansefeltet og lurer p\u00e5 om UNG opplegget er noe for deg? Da anbefaler vi \u00e5 dukke opp her! Det dere deler&#8230;<\/p>","protected":false},"author":15,"featured_media":22281,"template":"","meta":{"_acf_changed":false,"_tribe_events_status":"","_tribe_events_status_reason":"","_tribe_events_is_hybrid":"","_tribe_events_is_virtual":"","_tribe_events_virtual_video_source":"","_tribe_events_virtual_embed_video":"","_tribe_events_virtual_linked_button_text":"","_tribe_events_virtual_linked_button":"","_tribe_events_virtual_show_embed_at":"","_tribe_events_virtual_show_embed_to":[],"_tribe_events_virtual_show_on_event":"","_tribe_events_virtual_show_on_views":"","_tribe_events_virtual_url":"","footnotes":""},"tags":[],"tribe_events_cat":[],"class_list":["post-22267","tribe_events","type-tribe_events","status-publish","has-post-thumbnail","hentry"],"acf":[],"_links":{"self":[{"href":"https:\/\/proda.no\/en\/wp-json\/wp\/v2\/tribe_events\/22267","targetHints":{"allow":["GET"]}}],"collection":[{"href":"https:\/\/proda.no\/en\/wp-json\/wp\/v2\/tribe_events"}],"about":[{"href":"https:\/\/proda.no\/en\/wp-json\/wp\/v2\/types\/tribe_events"}],"author":[{"embeddable":true,"href":"https:\/\/proda.no\/en\/wp-json\/wp\/v2\/users\/15"}],"version-history":[{"count":4,"href":"https:\/\/proda.no\/en\/wp-json\/wp\/v2\/tribe_events\/22267\/revisions"}],"predecessor-version":[{"id":22271,"href":"https:\/\/proda.no\/en\/wp-json\/wp\/v2\/tribe_events\/22267\/revisions\/22271"}],"wp:featuredmedia":[{"embeddable":true,"href":"https:\/\/proda.no\/en\/wp-json\/wp\/v2\/media\/22281"}],"wp:attachment":[{"href":"https:\/\/proda.no\/en\/wp-json\/wp\/v2\/media?parent=22267"}],"wp:term":[{"taxonomy":"post_tag","embeddable":true,"href":"https:\/\/proda.no\/en\/wp-json\/wp\/v2\/tags?post=22267"},{"taxonomy":"tribe_events_cat","embeddable":true,"href":"https:\/\/proda.no\/en\/wp-json\/wp\/v2\/tribe_events_cat?post=22267"}],"curies":[{"name":"wp","href":"https:\/\/api.w.org\/{rel}","templated":true}]}}