{"id":16413,"date":"2023-12-13T19:51:22","date_gmt":"2023-12-13T18:51:22","guid":{"rendered":"https:\/\/proda.no\/?page_id=16413"},"modified":"2023-12-13T20:02:30","modified_gmt":"2023-12-13T19:02:30","slug":"sitemap","status":"publish","type":"page","link":"https:\/\/proda.no\/en\/sitemap\/","title":{"rendered":"Nettstedskart"},"content":{"rendered":"<div class=\"wsp-container\"><h2 class=\"wsp-pages-title\">Pages<\/h2>\n<ul class=\"wsp-pages-list\">\n<li class=\"page_item page-item-11635\"><a href=\"https:\/\/proda.no\/en\/provedans\/\">\u00c5pen pr\u00f8vedans og bransjetreff<\/a><\/li>\n<li class=\"page_item page-item-4068\"><a href=\"https:\/\/proda.no\/en\/etiske-retningslinjer-og-husorden\/\">Etiske retningslinjer og husorden<\/a><\/li>\n<li class=\"page_item page-item-20882\"><a href=\"https:\/\/proda.no\/en\/fagutvalg-proda-oslo\/\">Fagutvalg PRODA Oslo<\/a><\/li>\n<li class=\"page_item page-item-997\"><a href=\"https:\/\/proda.no\/en\/gjeldende-lonnssatser-for-pedagoger-gammel\/\">Current wage rates for instructors<\/a><\/li>\n<li class=\"page_item page-item-349\"><a href=\"https:\/\/proda.no\/en\/\">Home<\/a><\/li>\n<li class=\"page_item page-item-1025 page_item_has_children\"><a href=\"https:\/\/proda.no\/en\/information-in-english\/\">Information in English<\/a>\n<ul class='children'>\n\t<li class=\"page_item page-item-1028\"><a href=\"https:\/\/proda.no\/en\/information-in-english\/english\/\">About PRODA<\/a><\/li>\n<\/ul>\n<\/li>\n<li class=\"page_item page-item-926\"><a href=\"https:\/\/proda.no\/en\/kursholdere\/\">Instructors<\/a><\/li>\n<li class=\"page_item page-item-16413\"><a href=\"https:\/\/proda.no\/en\/sitemap\/\">Nettstedskart<\/a><\/li>\n<li class=\"page_item page-item-96\"><a href=\"https:\/\/proda.no\/en\/nyheter\/\">Nyheter<\/a><\/li>\n<li class=\"page_item page-item-12875\"><a href=\"https:\/\/proda.no\/en\/om-fagprogrammeringen\/\">About the programming<\/a><\/li>\n<li class=\"page_item page-item-140 page_item_has_children\"><a href=\"https:\/\/proda.no\/en\/om-proda\/\">About PRODA<\/a>\n<ul class='children'>\n\t<li class=\"page_item page-item-964\"><a href=\"https:\/\/proda.no\/en\/om-proda\/arsrapporter\/\">Yearly reports<\/a><\/li>\n\t<li class=\"page_item page-item-15805\"><a href=\"https:\/\/proda.no\/en\/om-proda\/brukerreglement-og-informasjon\/\">User guidelines and information<\/a><\/li>\n\t<li class=\"page_item page-item-992\"><a href=\"https:\/\/proda.no\/en\/om-proda\/etiske-retningslinjer\/\">Ethical guidelines<\/a><\/li>\n\t<li class=\"page_item page-item-971 page_item_has_children\"><a href=\"https:\/\/proda.no\/en\/om-proda\/omoss\/\">Organisasjon<\/a>\n\t<ul class='children'>\n\t\t<li class=\"page_item page-item-973\"><a href=\"https:\/\/proda.no\/en\/om-proda\/omoss\/instruks-for-valgkomiteen\/\">Instructions for the comittee (in Norwegian)<\/a><\/li>\n\t<\/ul>\n<\/li>\n\t<li class=\"page_item page-item-989\"><a href=\"https:\/\/proda.no\/en\/om-proda\/strategiplan\/\">Strategy plan<\/a><\/li>\n\t<li class=\"page_item page-item-995 page_item_has_children\"><a href=\"https:\/\/proda.no\/en\/om-proda\/tariffavtale-for-pedagoger\/\">Collective agreement for instructors<\/a>\n\t<ul class='children'>\n\t\t<li class=\"page_item page-item-16994\"><a href=\"https:\/\/proda.no\/en\/om-proda\/tariffavtale-for-pedagoger\/gjeldende-lonnssatser-for-kursholdere\/\">L\u00f8nns- og arbeidsvilk\u00e5r<\/a><\/li>\n\t\t<li class=\"page_item page-item-1000\"><a href=\"https:\/\/proda.no\/en\/om-proda\/tariffavtale-for-pedagoger\/standard-arbeidskontrakt\/\">Standard employment agreement<\/a><\/li>\n\t<\/ul>\n<\/li>\n\t<li class=\"page_item page-item-5530\"><a href=\"https:\/\/proda.no\/en\/om-proda\/varslingsrutiner\/\">Notifying Routines<\/a><\/li>\n\t<li class=\"page_item page-item-961\"><a href=\"https:\/\/proda.no\/en\/om-proda\/vedtekter\/\">Statues<\/a><\/li>\n<\/ul>\n<\/li>\n<li class=\"page_item page-item-11701\"><a href=\"https:\/\/proda.no\/en\/pamelding\/\">P\u00e5melding<\/a><\/li>\n<li class=\"page_item page-item-14921\"><a href=\"https:\/\/proda.no\/en\/personalhandbok-og-hms\/\">Personalh\u00e5ndbok og HMS<\/a><\/li>\n<li class=\"page_item page-item-4791\"><a href=\"https:\/\/proda.no\/en\/personvernerklaering\/\">Personvernerkl\u00e6ring<\/a><\/li>\n<li class=\"page_item page-item-141\"><a href=\"https:\/\/proda.no\/en\/kontakt\/\">PRODA<\/a><\/li>\n<li class=\"page_item page-item-156 page_item_has_children\"><a href=\"https:\/\/proda.no\/en\/timeplan\/\">Program<\/a>\n<ul class='children'>\n\t<li class=\"page_item page-item-5772\"><a href=\"https:\/\/proda.no\/en\/timeplan\/fagtilbud\/\">About the program<\/a><\/li>\n<\/ul>\n<\/li>\n<li class=\"page_item page-item-929 page_item_has_children\"><a href=\"https:\/\/proda.no\/en\/regionale-avdelinger\/\">Regional branches<\/a>\n<ul class='children'>\n\t<li class=\"page_item page-item-1020\"><a href=\"https:\/\/proda.no\/en\/regionale-avdelinger\/proda-agder\/\">PRODA Agder<\/a><\/li>\n\t<li class=\"page_item page-item-13041\"><a href=\"https:\/\/proda.no\/en\/regionale-avdelinger\/proda-innlandet\/\">PRODA Innlandet<\/a><\/li>\n\t<li class=\"page_item page-item-17360\"><a href=\"https:\/\/proda.no\/en\/regionale-avdelinger\/proda-more-og-romsdal\/\">PRODA M\u00f8re og Romsdal<\/a><\/li>\n\t<li class=\"page_item page-item-1003\"><a href=\"https:\/\/proda.no\/en\/regionale-avdelinger\/proda-nord\/\">PRODA Nord<\/a><\/li>\n\t<li class=\"page_item page-item-1008\"><a href=\"https:\/\/proda.no\/en\/regionale-avdelinger\/proda-nord-trondelag\/\">PRODA Nord-Tr\u00f8ndelag<\/a><\/li>\n\t<li class=\"page_item page-item-1022\"><a href=\"https:\/\/proda.no\/en\/regionale-avdelinger\/proda-ostfold\/\">PRODA \u00d8stfold<\/a><\/li>\n\t<li class=\"page_item page-item-1017\"><a href=\"https:\/\/proda.no\/en\/regionale-avdelinger\/proda-rogaland\/\">PRODA Rogaland<\/a><\/li>\n\t<li class=\"page_item page-item-1011\"><a href=\"https:\/\/proda.no\/en\/regionale-avdelinger\/proda-sor-trondelag\/\">PRODA S\u00f8r-Tr\u00f8ndelag<\/a><\/li>\n\t<li class=\"page_item page-item-1014\"><a href=\"https:\/\/proda.no\/en\/regionale-avdelinger\/proda-vestland\/\">PRODA Vestland<\/a><\/li>\n<\/ul>\n<\/li>\n<li class=\"page_item page-item-932\"><a href=\"https:\/\/proda.no\/en\/adgang\/\">Apply for admission to PRODA<\/a><\/li>\n<li class=\"page_item page-item-11714\"><a href=\"https:\/\/proda.no\/en\/program-provedans\/\">Program \u2013 \u00c5pen Pr\u00f8vedans 2022<\/a><\/li>\n<\/ul>\n<h2 class=\"wsp-posts-title\">Posts by category<\/h2>\n<ul class=\"wsp-posts-list\">\n\t<li><strong class=\"wsp-category-title\">Category: <a href=\"https:\/\/proda.no\/en\/category\/nyheter\/\">Nyheter<\/a><\/strong>\n<ul class=\"wsp-posts-list\">\t\t<li class=\"wsp-post\"><a href=\"https:\/\/proda.no\/en\/2026\/04\/17\/proda-oslo-soker-dansekunstnere-til-fagutvalg-for-perioden-2026-2028\/\">PRODA Oslo s\u00f8ker dansekunstnere til fagutvalg for perioden 2026-2028<\/a><\/li>\n\t\t<li class=\"wsp-post\"><a href=\"https:\/\/proda.no\/en\/2026\/04\/17\/workshop-inkluderende-scenekunst-i-praksis-8-10-juni-2026\/\">Workshop i Oslo: Inkluderende scenekunst i praksis<\/a><\/li>\n\t\t<li class=\"wsp-post\"><a href=\"https:\/\/proda.no\/en\/2026\/04\/08\/scenekunsthelse\/\">SCENEKUNSTHELSE FREDAG 10. APRIL 2026<\/a><\/li>\n\t\t<li class=\"wsp-post\"><a href=\"https:\/\/proda.no\/en\/2026\/04\/08\/sporreundersokelse-utvikling-av-proda\/\">UTVIKLING AV PRODA; BRUKERUNDERS\u00d8KELSE!<\/a><\/li>\n\t\t<li class=\"wsp-post\"><a href=\"https:\/\/proda.no\/en\/2026\/04\/08\/proda-oslo-i-april\/\">PRODA OSLO I APRIL<\/a><\/li>\n\t\t<li class=\"wsp-post\"><a href=\"https:\/\/proda.no\/en\/2026\/04\/07\/proda-familien-2026\/\">PRODA-FAMILIEN 2026<\/a><\/li>\n\t\t<li class=\"wsp-post\"><a href=\"https:\/\/proda.no\/en\/2026\/03\/24\/proda-oslo-i-mars\/\">PRODA OSLO I MARS<\/a><\/li>\n\t\t<li class=\"wsp-post\"><a href=\"https:\/\/proda.no\/en\/2026\/02\/16\/okt-satsing-pa-dans-i-hele-landet\/\">\u00d8KT SATSING P\u00c5 DANS I HELE LANDET<\/a><\/li>\n\t\t<li class=\"wsp-post\"><a href=\"https:\/\/proda.no\/en\/2026\/02\/13\/seminar-pedagogen-som-dorapner-for-okt-funksjonsmangfold\/\">SEMINAR: PEDAGOGEN SOM D\u00d8R\u00c5PNER FOR \u00d8KT FUNKSJONSMANGFOLD<\/a><\/li>\n\t\t<li class=\"wsp-post\"><a href=\"https:\/\/proda.no\/en\/2026\/01\/29\/how-to-solo-workshop-og-fagsamtale\/\">HOW TO SOLO<\/a><\/li>\n\t\t<li class=\"wsp-post\"><a href=\"https:\/\/proda.no\/en\/2026\/01\/29\/februar-pa-proda-oslo\/\">FEBRUAR P\u00c5 PRODA OSLO<\/a><\/li>\n\t\t<li class=\"wsp-post\"><a href=\"https:\/\/proda.no\/en\/2026\/01\/27\/seminar-nasjonal-utdanningspolitikk\/\">SEMINAR: Nasjonal utdanningspolitikk<\/a><\/li>\n\t\t<li class=\"wsp-post\"><a href=\"https:\/\/proda.no\/en\/2026\/01\/16\/utdanningsfestival-pa-proda-oslo\/\">UTDANNINGSFESTIVAL P\u00c5 PRODA OSLO<\/a><\/li>\n\t\t<li class=\"wsp-post\"><a href=\"https:\/\/proda.no\/en\/2026\/01\/05\/januar-pa-proda-oslo\/\">JANUAR P\u00c5 PRODA OSLO<\/a><\/li>\n\t\t<li class=\"wsp-post\"><a href=\"https:\/\/proda.no\/en\/2025\/12\/30\/apent-rom-uke-2-ved-proda-oslo\/\">\u00c5pent rom ved PRODA Oslo i uke 2!<\/a><\/li>\n\t\t<li class=\"wsp-post\"><a href=\"https:\/\/proda.no\/en\/2025\/12\/19\/proda-oslo-varen-2026\/\">PRODA OSLO v\u00e5ren 2026<\/a><\/li>\n\t\t<li class=\"wsp-post\"><a href=\"https:\/\/proda.no\/en\/2025\/12\/18\/verksted-inkluderende-scenekunst\/\">Verksted: Inkluderende scenekunst<\/a><\/li>\n\t\t<li class=\"wsp-post\"><a href=\"https:\/\/proda.no\/en\/2025\/12\/17\/morgentrening-for-scenekunstnere\/\">Morgentrening for scenekunstnere<\/a><\/li>\n\t\t<li class=\"wsp-post\"><a href=\"https:\/\/proda.no\/en\/2025\/12\/11\/fagdager-og-verksted-4-og-5-februar-2026\/\">Fagdager og verksted: 4. og 5. februar 2026<\/a><\/li>\n\t\t<li class=\"wsp-post\"><a href=\"https:\/\/proda.no\/en\/2025\/12\/10\/funksjonsmangfoldig-dansekunst\/\">FUNKSJONS-MANGFOLDIG DANSEKUNST<\/a><\/li>\n\t\t<li class=\"wsp-post\"><a href=\"https:\/\/proda.no\/en\/2025\/12\/09\/noda-prodas-valgkomite-onsker-innspill\/\">NODA &amp; PRODAs valgkomit\u00e9 \u00f8nsker innspill<\/a><\/li>\n\t\t<li class=\"wsp-post\"><a href=\"https:\/\/proda.no\/en\/2025\/11\/29\/julefest-for-dansefeltet\/\">JULEFEST FOR DANSEFELTET<\/a><\/li>\n\t\t<li class=\"wsp-post\"><a href=\"https:\/\/proda.no\/en\/2025\/11\/28\/juleavslutning-med-juletabata\/\">JULEAVSLUTNING med JULETABATA<\/a><\/li>\n\t\t<li class=\"wsp-post\"><a href=\"https:\/\/proda.no\/en\/2025\/11\/25\/sok-om-midler-til-regional-aktivitet-2026\/\">S\u00f8k om midler til regional aktivitet 2026<\/a><\/li>\n\t\t<li class=\"wsp-post\"><a href=\"https:\/\/proda.no\/en\/2025\/10\/24\/uttalelse-om-kutt-til-skuespiller-og-danseralliansen\/\">Uttalelse om kutt til Skuespiller- og danseralliansen<\/a><\/li>\n\t\t<li class=\"wsp-post\"><a href=\"https:\/\/proda.no\/en\/2025\/10\/17\/workshops-i-danseakrobatikk-hos-proda-oslo-i-november-2025\/\">\u00c5pne workshops i danseakrobatikk hos PRODA Oslo i november 2025<\/a><\/li>\n\t\t<li class=\"wsp-post\"><a href=\"https:\/\/proda.no\/en\/2025\/10\/16\/samarbeid-praxisfestivalen-2025\/\">Workshopsamarbeid med PRAXISfestivalen 2025<\/a><\/li>\n\t\t<li class=\"wsp-post\"><a href=\"https:\/\/proda.no\/en\/2025\/10\/15\/regjeringen-foreslar-loft-for-dansekunsten-proda-far-okt-tilskudd\/\">Regjeringen foresl\u00e5r l\u00f8ft for dansekunsten \u2013 PRODA f\u00e5r \u00f8kt tilskudd<\/a><\/li>\n\t\t<li class=\"wsp-post\"><a href=\"https:\/\/proda.no\/en\/2025\/09\/25\/proda-i-oktober\/\">PRODA Oslo i Oktober<\/a><\/li>\n\t\t<li class=\"wsp-post\"><a href=\"https:\/\/proda.no\/en\/2025\/09\/18\/bodil-hindrum-ny-fagansvarlig-oslo\/\">Bodil Hindrum ny fagansvarlig ved PRODA Oslo<\/a><\/li>\n\t\t<li class=\"wsp-post\"><a href=\"https:\/\/proda.no\/en\/2025\/09\/18\/coda-proda-workshops\/\">CODA-PRODA Workshops<\/a><\/li>\n\t\t<li class=\"wsp-post\"><a href=\"https:\/\/proda.no\/en\/2025\/09\/11\/soul-session-extended-coda-proda-samarbeid\/\">Soul Session Extended, CODA &amp; PRODA-samarbeid<\/a><\/li>\n\t\t<li class=\"wsp-post\"><a href=\"https:\/\/proda.no\/en\/2025\/08\/29\/dansens-hus-workshops\/\">Dansens Hus workshops<\/a><\/li>\n\t\t<li class=\"wsp-post\"><a href=\"https:\/\/proda.no\/en\/2025\/07\/23\/pedagogseminar-2025\/\">Pedagogseminar 2025<\/a><\/li>\n\t\t<li class=\"wsp-post\"><a href=\"https:\/\/proda.no\/en\/2025\/07\/23\/kraesjkurs-for-ferske-scenekunstnere-2025\/\">Kr\u00e6sjkurs for ferske scenekunstnere 2025<\/a><\/li>\n\t\t<li class=\"wsp-post\"><a href=\"https:\/\/proda.no\/en\/2025\/07\/22\/prodaoslo-hosten2025\/\">Danseh\u00f8sten ved PRODA Oslo<\/a><\/li>\n\t\t<li class=\"wsp-post\"><a href=\"https:\/\/proda.no\/en\/2025\/07\/21\/hostsemester-ved-proda-sor-trondelag\/\">H\u00f8stsemester ved PRODA S\u00f8r-Tr\u00f8ndelag<\/a><\/li>\n\t\t<li class=\"wsp-post\"><a href=\"https:\/\/proda.no\/en\/2025\/07\/21\/hostsemester-ved-proda-vestland\/\">H\u00f8stsemester ved PRODA Vestland<\/a><\/li>\n\t\t<li class=\"wsp-post\"><a href=\"https:\/\/proda.no\/en\/2025\/07\/21\/dansehosten-ved-proda-more-og-romsdal\/\">H\u00f8stsemester ved PRODA M\u00f8re og Romsdal<\/a><\/li>\n\t\t<li class=\"wsp-post\"><a href=\"https:\/\/proda.no\/en\/2025\/07\/21\/apent-rom-uke-33\/\">\u00c5pent rom uke 33<\/a><\/li>\n\t\t<li class=\"wsp-post\"><a href=\"https:\/\/proda.no\/en\/2025\/07\/02\/tilskudd-til-konseptutredning-apen-provedans\/\">Tilskudd til utredning \u00c5pen pr\u00f8vedans<\/a><\/li>\n\t\t<li class=\"wsp-post\"><a href=\"https:\/\/proda.no\/en\/2025\/07\/01\/vikar-fagansvarlig-og-fagutvalg-2025-26\/\">Vikar Fagansvarlig og Fagutvalg 2025-26<\/a><\/li>\n\t\t<li class=\"wsp-post\"><a href=\"https:\/\/proda.no\/en\/2025\/06\/30\/proda-oslo-soker-ny-fagansvarlig\/\">PRODA Oslo s\u00f8ker ny fagansvarlig<\/a><\/li>\n\t\t<li class=\"wsp-post\"><a href=\"https:\/\/proda.no\/en\/2025\/06\/17\/fokus-pa-funksjonsvariasjoner-i-dansekunsten\/\">Fokus p\u00e5 funksjonsvariasjoner i dansekunsten<\/a><\/li>\n\t\t<li class=\"wsp-post\"><a href=\"https:\/\/proda.no\/en\/2025\/06\/16\/god-sommer-velkommen-til-en-ny-host\/\">God sommer!<\/a><\/li>\n\t\t<li class=\"wsp-post\"><a href=\"https:\/\/proda.no\/en\/2025\/06\/05\/digital-stream-ellis-under-heddadagene\/\">Digital stream &#8211; ELLIS under Heddadagene<\/a><\/li>\n\t\t<li class=\"wsp-post\"><a href=\"https:\/\/proda.no\/en\/2025\/06\/03\/nytt-styre-2025-26\/\">Nytt styre 2025-26<\/a><\/li>\n\t\t<li class=\"wsp-post\"><a href=\"https:\/\/proda.no\/en\/2025\/06\/03\/fagansvarlig-slutter\/\">Fagansvarlig slutter<\/a><\/li>\n\t\t<li class=\"wsp-post\"><a href=\"https:\/\/proda.no\/en\/2025\/06\/02\/ellis-pa-heddadagene\/\">ELLIS p\u00e5 Heddadagene<\/a><\/li>\n\t\t<li class=\"wsp-post\"><a href=\"https:\/\/proda.no\/en\/2025\/05\/08\/arsmote-2025\/\">\u00c5rsm\u00f8te 2025<\/a><\/li>\n\t\t<li class=\"wsp-post\"><a href=\"https:\/\/proda.no\/en\/2025\/04\/11\/lnch-preik\/\">L*nch &#038; Preik<\/a><\/li>\n\t\t<li class=\"wsp-post\"><a href=\"https:\/\/proda.no\/en\/2025\/01\/31\/folkedans-med-ulike-perspektiver-pa-proda-denne-varen\/\">Folkedans med ulike perspektiver\u00a0p\u00e5 PRODA denne v\u00e5ren<\/a><\/li>\n\t\t<li class=\"wsp-post\"><a href=\"https:\/\/proda.no\/en\/2025\/01\/06\/varsemesteret-2025\/\">V\u00e5rsemesteret 2025<\/a><\/li>\n\t\t<li class=\"wsp-post\"><a href=\"https:\/\/proda.no\/en\/2024\/12\/16\/fremtidens-mulighetsrom-rapport-innovasjonsprosjekt\/\">Fremtidens mulighetsrom &#8211; rapport Innovasjonsprosjekt<\/a><\/li>\n\t\t<li class=\"wsp-post\"><a href=\"https:\/\/proda.no\/en\/2024\/12\/10\/takk-for-en-fin-host-pa-proda\/\">Takk for en str\u00e5lende h\u00f8st &#8211; Timeplan for v\u00e5ren 2025 er klar!<\/a><\/li>\n\t\t<li class=\"wsp-post\"><a href=\"https:\/\/proda.no\/en\/2024\/12\/09\/et-lite-kutt-i-2025-et-stort-tap-for-fremtiden\/\">Et lite kutt i 2025, et stort tap for fremtiden<\/a><\/li>\n\t\t<li class=\"wsp-post\"><a href=\"https:\/\/proda.no\/en\/2024\/10\/10\/innspill-statsbudsjett\/\">INNSPILL STATSBUDSJETT<\/a><\/li>\n\t\t<li class=\"wsp-post\"><a href=\"https:\/\/proda.no\/en\/2024\/10\/07\/oslo-kommune-budsjettinnspill\/\">OSLO KOMMUNE BUDSJETTINNSPILL<\/a><\/li>\n\t\t<li class=\"wsp-post\"><a href=\"https:\/\/proda.no\/en\/2024\/09\/09\/nytt-fagutvalg\/\">NYTT FAGUTVALG<\/a><\/li>\n\t\t<li class=\"wsp-post\"><a href=\"https:\/\/proda.no\/en\/2024\/08\/29\/musikaldans-hosten-2024\/\">Musikaldans h\u00f8sten 2024<\/a><\/li>\n\t\t<li class=\"wsp-post\"><a href=\"https:\/\/proda.no\/en\/2024\/08\/05\/hostsemesteret-er-snart-i-gang\/\">H\u00f8stsemesteret er snart i gang!<\/a><\/li>\n\t\t<li class=\"wsp-post\"><a href=\"https:\/\/proda.no\/en\/2024\/06\/21\/timeplanen-for-hosten-er-klar\/\">Timeplanen for h\u00f8sten i Oslo er klar!<\/a><\/li>\n\t\t<li class=\"wsp-post\"><a href=\"https:\/\/proda.no\/en\/2024\/06\/19\/utlysning-fagutvalgsmedlem\/\">Utlysning fagutvalgsmedlem<\/a><\/li>\n\t\t<li class=\"wsp-post\"><a href=\"https:\/\/proda.no\/en\/2024\/06\/17\/ny-leder-i-proda-2\/\">Ny leder i PRODA<\/a><\/li>\n\t\t<li class=\"wsp-post\"><a href=\"https:\/\/proda.no\/en\/2024\/05\/24\/apent-rom-uke-25-reserver-studiotid\/\">\u00c5PENT ROM Uke 25<\/a><\/li>\n\t\t<li class=\"wsp-post\"><a href=\"https:\/\/proda.no\/en\/2024\/05\/10\/sustainable-dance-training-2023-2024\/\">Sustainable Dance Training 2023 &#8211; 2024<\/a><\/li>\n\t\t<li class=\"wsp-post\"><a href=\"https:\/\/proda.no\/en\/2024\/04\/30\/proda-soker-daglig-leder-2024\/\">PRODA s\u00f8ker daglig leder<\/a><\/li>\n\t\t<li class=\"wsp-post\"><a href=\"https:\/\/proda.no\/en\/2024\/02\/15\/dialogmoter\/\">Dialogm\u00f8ter<\/a><\/li>\n\t\t<li class=\"wsp-post\"><a href=\"https:\/\/proda.no\/en\/2024\/02\/15\/oppsummering-av-funn-sporreundersokelse-2023\/\">Oppsummering sp\u00f8rreunders\u00f8kelse 2023<\/a><\/li>\n\t\t<li class=\"wsp-post\"><a href=\"https:\/\/proda.no\/en\/2024\/01\/06\/varsemesteret-er-i-gang\/\">V\u00e5rsemesteret er i gang!<\/a><\/li>\n\t\t<li class=\"wsp-post\"><a href=\"https:\/\/proda.no\/en\/2023\/12\/15\/timeplanen-for-varen-2024-er-klar\/\">Timeplanen for v\u00e5ren 2024 er klar!<\/a><\/li>\n\t\t<li class=\"wsp-post\"><a href=\"https:\/\/proda.no\/en\/2023\/09\/21\/danseinformasjonen-ines-belli-i-samtale-med-linda-blomqvist\/\">Danseinformasjonen &#8211; In\u00e9s Belli i samtale med Linda Blomqvist<\/a><\/li>\n\t\t<li class=\"wsp-post\"><a href=\"https:\/\/proda.no\/en\/2023\/09\/11\/proda-35-ar-jubileumsfering\/\">PRODA 35 \u00c5R &#8211; Jubileumsfering<\/a><\/li>\n\t\t<li class=\"wsp-post\"><a href=\"https:\/\/proda.no\/en\/2023\/08\/28\/sustainable-dance-training\/\"><strong>Sustainable Dance Training \u2013 nordiske synergier, samarbeid og deling<\/strong><\/a><\/li>\n\t\t<li class=\"wsp-post\"><a href=\"https:\/\/proda.no\/en\/2023\/08\/11\/velkommen-til-hostsemesteret\/\">Velkommen til h\u00f8stsemesteret!<\/a><\/li>\n\t\t<li class=\"wsp-post\"><a href=\"https:\/\/proda.no\/en\/2023\/06\/22\/hostens-timeplan\/\">H\u00f8stens timeplan<\/a><\/li>\n\t\t<li class=\"wsp-post\"><a href=\"https:\/\/proda.no\/en\/2023\/06\/09\/pedagogseminar\/\">PEDAGOGSEMINAR<\/a><\/li>\n\t\t<li class=\"wsp-post\"><a href=\"https:\/\/proda.no\/en\/2023\/04\/03\/samtidsdans-mot-sommeren\/\">Samtidsdans mot sommeren<\/a><\/li>\n\t\t<li class=\"wsp-post\"><a href=\"https:\/\/proda.no\/en\/2023\/03\/22\/arsmote-22-april\/\">\u00c5rsm\u00f8te 22. april<\/a><\/li>\n\t\t<li class=\"wsp-post\"><a href=\"https:\/\/proda.no\/en\/2023\/02\/23\/samtidsdans-for-paske\/\">Samtidsdans f\u00f8r p\u00e5ske<\/a><\/li>\n\t\t<li class=\"wsp-post\"><a href=\"https:\/\/proda.no\/en\/2023\/02\/09\/musikaldans-og-stepp-pa-proda-varen-2023\/\"><strong>Musikaldans og stepp p\u00e5 PRODA v\u00e5ren 2023<\/strong><\/a><\/li>\n\t\t<li class=\"wsp-post\"><a href=\"https:\/\/proda.no\/en\/2023\/01\/30\/freestyle-workshop-med-comics\/\">Freestyle Workshop med &laquo;COMICS&raquo;<\/a><\/li>\n\t\t<li class=\"wsp-post\"><a href=\"https:\/\/proda.no\/en\/2023\/01\/26\/fighting-monkey-workshop-17-21-april-meld-dere-pa-innen-6-februar\/\">Fighting Monkey Workshop i april<\/a><\/li>\n\t\t<li class=\"wsp-post\"><a href=\"https:\/\/proda.no\/en\/2023\/01\/08\/velkommen-til-varen-2023\/\"><strong>Velkommen til v\u00e5ren 2023<\/strong><\/a><\/li>\n\t\t<li class=\"wsp-post\"><a href=\"https:\/\/proda.no\/en\/2022\/12\/20\/takk-for-i-host-og-varens-timeplan\/\">Takk for i h\u00f8st og timeplan v\u00e5ren 2023<\/a><\/li>\n\t\t<li class=\"wsp-post\"><a href=\"https:\/\/proda.no\/en\/2022\/12\/03\/juleavslutning\/\">JULEAVSLUTNING<\/a><\/li>\n\t\t<li class=\"wsp-post\"><a href=\"https:\/\/proda.no\/en\/2022\/11\/21\/pedagogseminar-5-og-6-januar\/\">Pedagogseminar 5. og 6. januar<\/a><\/li>\n\t\t<li class=\"wsp-post\"><a href=\"https:\/\/proda.no\/en\/2022\/11\/03\/proda-prat-om-skeiv-bevegelse\/\">PRODA PRAT &#8211; SKEIV BEVEGELSE<\/a><\/li>\n\t\t<li class=\"wsp-post\"><a href=\"https:\/\/proda.no\/en\/2022\/09\/12\/workshopsamarbeid-coda\/\">Workshopsamarbeid CODA<\/a><\/li>\n\t\t<li class=\"wsp-post\"><a href=\"https:\/\/proda.no\/en\/2022\/06\/24\/timeplan-hosten-2022\/\">Timeplan h\u00f8sten 2022<\/a><\/li>\n\t\t<li class=\"wsp-post\"><a href=\"https:\/\/proda.no\/en\/2022\/06\/22\/workshop-musikaldans\/\">Workshop musikaldans<\/a><\/li>\n\t\t<li class=\"wsp-post\"><a href=\"https:\/\/proda.no\/en\/2022\/06\/21\/digitalt-kurs-i-excel-og-budsjettering\/\">Digitalt kurs i Excel og budsjettering<\/a><\/li>\n\t\t<li class=\"wsp-post\"><a href=\"https:\/\/proda.no\/en\/2022\/06\/20\/ansettelse-fagansvarlig\/\">Ansettelse fagansvarlig<\/a><\/li>\n\t\t<li class=\"wsp-post\"><a href=\"https:\/\/proda.no\/en\/2022\/06\/07\/apen-provedans-2022\/\">\u00c5pen Pr\u00f8vedans 2022<\/a><\/li>\n\t\t<li class=\"wsp-post\"><a href=\"https:\/\/proda.no\/en\/2022\/06\/03\/kraesjkurs-for-ferske-scenekunstnere\/\">Kr\u00e6sjkurs for ferske scenekunstnere<\/a><\/li>\n\t\t<li class=\"wsp-post\"><a href=\"https:\/\/proda.no\/en\/2022\/06\/01\/apent-rom-hele-uke-25\/\">\u00c5pent Rom uke 25<\/a><\/li>\n\t\t<li class=\"wsp-post\"><a href=\"https:\/\/proda.no\/en\/2022\/05\/30\/forhandlingsteknikk\/\">Forhandlingsteknikk<\/a><\/li>\n\t\t<li class=\"wsp-post\"><a href=\"https:\/\/proda.no\/en\/2022\/05\/20\/workshops-og-panelsamtale\/\">Workshops og panelsamtale<\/a><\/li>\n\t\t<li class=\"wsp-post\"><a href=\"https:\/\/proda.no\/en\/2022\/05\/16\/samarbeid-med-spin-off\/\">Samarbeid under Spin Off-festivalen<\/a><\/li>\n\t\t<li class=\"wsp-post\"><a href=\"https:\/\/proda.no\/en\/2022\/04\/19\/proda-soker-fagansvarlig\/\">PRODA s\u00f8ker fagansvarlig<\/a><\/li>\n\t\t<li class=\"wsp-post\"><a href=\"https:\/\/proda.no\/en\/2022\/04\/11\/arsmote-23-april\/\">\u00c5rsm\u00f8te 23. april<\/a><\/li>\n\t\t<li class=\"wsp-post\"><a href=\"https:\/\/proda.no\/en\/2022\/03\/14\/workshop-i-koreografi-med-manuel-pelmus\/\">Workshop i koreografi med Manuel Pelmus<\/a><\/li>\n\t\t<li class=\"wsp-post\"><a href=\"https:\/\/proda.no\/en\/2022\/03\/14\/masterclass-med-wim-vandekeybus\/\">Masterclass med Wim Vandekeybus<\/a><\/li>\n\t\t<li class=\"wsp-post\"><a href=\"https:\/\/proda.no\/en\/2022\/02\/24\/pedagogseminar-30-31-mai\/\">Pedagogseminar 30.-31. mai<\/a><\/li>\n\t\t<li class=\"wsp-post\"><a href=\"https:\/\/proda.no\/en\/2022\/02\/08\/kleinteknikk-med-hanna-hegenscheidt\/\">Kleinteknikk med Hanna Hegenscheidt<\/a><\/li>\n\t\t<li class=\"wsp-post\"><a href=\"https:\/\/proda.no\/en\/2022\/01\/21\/train-distance-dance-training-samarbeid-om-profesjonell-dansetrening-og-kompetanseheving\/\">Train distance dance training &#8211; samarbeid om profesjonell dansetrening og kompetanseheving<\/a><\/li>\n\t\t<li class=\"wsp-post\"><a href=\"https:\/\/proda.no\/en\/2022\/01\/21\/stepp-workshop\/\">Stepp-workshop<\/a><\/li>\n\t\t<li class=\"wsp-post\"><a href=\"https:\/\/proda.no\/en\/2022\/01\/18\/workshop-i-koreografi\/\">Workshop i koreografi med Harald Beharie<\/a><\/li>\n\t\t<li class=\"wsp-post\"><a href=\"https:\/\/proda.no\/en\/2021\/12\/20\/musikaldans-pa-proda-2\/\">Musikaldans p\u00e5 PRODA!<\/a><\/li>\n\t\t<li class=\"wsp-post\"><a href=\"https:\/\/proda.no\/en\/2021\/12\/17\/somatisk-praksis-online-med-gry-bech-hanssen\/\">Somatisk praksis online med Gry Bech-Hanssen<\/a><\/li>\n\t\t<li class=\"wsp-post\"><a href=\"https:\/\/proda.no\/en\/2021\/12\/14\/online-ballett-med-alexandra-santana-onsdag-og-fredag\/\">Online ballett p\u00e5 onsdag og fredag<\/a><\/li>\n\t\t<li class=\"wsp-post\"><a href=\"https:\/\/proda.no\/en\/2021\/12\/08\/smittevern-oslo-fra-09-12\/\">Smittevern Oslo fra 09.12<\/a><\/li>\n\t\t<li class=\"wsp-post\"><a href=\"https:\/\/proda.no\/en\/2021\/12\/02\/musikaldans-pa-proda\/\">Musikaldans p\u00e5 PRODA!<\/a><\/li>\n\t\t<li class=\"wsp-post\"><a href=\"https:\/\/proda.no\/en\/2021\/11\/30\/juleavslutning-pa-proda-oslo\/\">Avlyst: Juleavslutning p\u00e5 PRODA Oslo<\/a><\/li>\n\t\t<li class=\"wsp-post\"><a href=\"https:\/\/proda.no\/en\/2021\/11\/23\/full-drop-workshop\/\">Full Drop-workshop<\/a><\/li>\n\t\t<li class=\"wsp-post\"><a href=\"https:\/\/proda.no\/en\/2021\/11\/08\/workshop-i-dans-akrobatikk-med-methinee-wongkatroon\/\">Workshop med Knut Vikstr\u00f6m Precht<\/a><\/li>\n\t\t<li class=\"wsp-post\"><a href=\"https:\/\/proda.no\/en\/2021\/10\/19\/workshops-i-november-2021\/\">Workshop med Jo Str\u00f8mgren Kompani<\/a><\/li>\n\t\t<li class=\"wsp-post\"><a href=\"https:\/\/proda.no\/en\/2021\/09\/24\/drop-in\/\">Vi \u00e5pner for drop in igjen<\/a><\/li>\n\t\t<li class=\"wsp-post\"><a href=\"https:\/\/proda.no\/en\/2021\/09\/17\/workshops-og-klasser-i-samarbeid-med-coda\/\">Fagtilbud under CODA-festivalen<\/a><\/li>\n\t\t<li class=\"wsp-post\"><a href=\"https:\/\/proda.no\/en\/2021\/09\/01\/ny-leder-i-proda\/\">Ny leder i PRODA<\/a><\/li>\n\t\t<li class=\"wsp-post\"><a href=\"https:\/\/proda.no\/en\/2021\/08\/27\/nytt-styre-i-proda-4\/\">Nytt styre i PRODA<\/a><\/li>\n\t\t<li class=\"wsp-post\"><a href=\"https:\/\/proda.no\/en\/2021\/08\/02\/foreldre-i-kunsten\/\">Foreldre i kunsten<\/a><\/li>\n\t\t<li class=\"wsp-post\"><a href=\"https:\/\/proda.no\/en\/2021\/07\/01\/proda-hosten-2021\/\">PRODA H\u00f8sten 2021<\/a><\/li>\n\t\t<li class=\"wsp-post\"><a href=\"https:\/\/proda.no\/en\/2021\/07\/01\/sommerhilsen-fra-proda\/\">Sommerhilsen fra PRODA<\/a><\/li>\n\t\t<li class=\"wsp-post\"><a href=\"https:\/\/proda.no\/en\/2021\/06\/22\/nyutdannet-scenekunstner\/\">Nyutdannet scenekunstner?<\/a><\/li>\n\t\t<li class=\"wsp-post\"><a href=\"https:\/\/proda.no\/en\/2021\/04\/26\/lederskifte-i-proda\/\">Lederskifte i PRODA fra h\u00f8sten 2021<\/a><\/li>\n\t\t<li class=\"wsp-post\"><a href=\"https:\/\/proda.no\/en\/2021\/04\/15\/sok-plass-pa-mentoringprogrammet\/\">S\u00f8k plass p\u00e5 Mentoringprogram<\/a><\/li>\n\t\t<li class=\"wsp-post\"><a href=\"https:\/\/proda.no\/en\/2021\/01\/26\/nytt-tilbud-fra-uke-4-constant-movement\/\">Constant Movement p\u00e5 onsdager med grupper\/kohorter<\/a><\/li>\n\t\t<li class=\"wsp-post\"><a href=\"https:\/\/proda.no\/en\/2021\/01\/26\/nytt-tilbud-fra-uke-4-somatisk-praksis\/\">Nytt tilbud fra uke 5 Somatisk Praksis<\/a><\/li>\n\t\t<li class=\"wsp-post\"><a href=\"https:\/\/proda.no\/en\/2021\/01\/13\/god-jul-godt-nyttar-4\/\">PRODA som Kohortprogram fra uke 4<\/a><\/li>\n\t\t<li class=\"wsp-post\"><a href=\"https:\/\/proda.no\/en\/2021\/01\/08\/online-klasser-med-camilla-spidsoe\/\">Online klasser med Camilla Spids\u00f8e<\/a><\/li>\n\t\t<li class=\"wsp-post\"><a href=\"https:\/\/proda.no\/en\/2021\/01\/06\/varsemesteret-2021\/\">V\u00e5rsemesteret 2021<\/a><\/li>\n\t\t<li class=\"wsp-post\"><a href=\"https:\/\/proda.no\/en\/2021\/01\/01\/prodas-smittevernregler\/\">Prodas smittevernregler<\/a><\/li>\n\t\t<li class=\"wsp-post\"><a href=\"https:\/\/proda.no\/en\/2020\/11\/18\/proda-online\/\">PRODA ONLINE<\/a><\/li>\n\t\t<li class=\"wsp-post\"><a href=\"https:\/\/proda.no\/en\/2020\/09\/13\/smitteverntiltak-pa-proda\/\">Les&#038;forst\u00e5 smitteverntiltak<\/a><\/li>\n\t\t<li class=\"wsp-post\"><a href=\"https:\/\/proda.no\/en\/2020\/08\/27\/nytt-pameldingssystem\/\">Slik melder du deg p\u00e5\u00a0<\/a><\/li>\n\t\t<li class=\"wsp-post\"><a href=\"https:\/\/proda.no\/en\/2020\/08\/26\/nsp-samarbeid\/\">PRODA\/NSP tilbud om morgenklasser i Sandvika<\/a><\/li>\n\t\t<li class=\"wsp-post\"><a href=\"https:\/\/proda.no\/en\/2020\/08\/26\/hostens-fagprogram\/\">Se hele timeplan for h\u00f8sten<\/a><\/li>\n\t\t<li class=\"wsp-post\"><a href=\"https:\/\/proda.no\/en\/2020\/08\/18\/niako-8-10-sep\/\">Camilla Spids\u00f8e uke 44-46<\/a><\/li>\n\t\t<li class=\"wsp-post\"><a href=\"https:\/\/proda.no\/en\/2020\/08\/18\/trude-stovind-7-25-sep\/\">HOUSE med Anne Golberg Stavn uke 43-45<\/a><\/li>\n\t\t<li class=\"wsp-post\"><a href=\"https:\/\/proda.no\/en\/2020\/08\/12\/17-28-august-mai-lisa-guinoo\/\">17.-28. august med Mai Lisa Guinoo<\/a><\/li>\n\t\t<li class=\"wsp-post\"><a href=\"https:\/\/proda.no\/en\/2020\/08\/04\/pedagogseminar-host\/\">PEDAGOGSEMINAR\u00a0H\u00d8ST<\/a><\/li>\n\t\t<li class=\"wsp-post\"><a href=\"https:\/\/proda.no\/en\/2020\/07\/02\/proda-apner-17-aug\/\">PRODA Oslo \u00e5pner 17. aug<\/a><\/li>\n\t\t<li class=\"wsp-post\"><a href=\"https:\/\/proda.no\/en\/2020\/06\/30\/proda-styre-konstituert-i-juni\/\">PRODAs styre konstituert i juni<\/a><\/li>\n\t\t<li class=\"wsp-post\"><a href=\"https:\/\/proda.no\/en\/2020\/06\/11\/proda-online-med-gry-bech-hanssen-i-juni\/\">PRODA\u00a0ONLINE med                  Gry Bech-Hanssen 15.-19. juni<\/a><\/li>\n\t\t<li class=\"wsp-post\"><a href=\"https:\/\/proda.no\/en\/2020\/05\/28\/proda-online-jon-ole-olstad-i-uke-24\/\">PRODA ONLINE &#8211; Jon Ole Olstad i uke 24!<\/a><\/li>\n\t\t<li class=\"wsp-post\"><a href=\"https:\/\/proda.no\/en\/2020\/05\/24\/nytt-webinar-om-motivasjon-17-juni\/\">Nytt webinar om MOTIVASJON 17. juni<\/a><\/li>\n\t\t<li class=\"wsp-post\"><a href=\"https:\/\/proda.no\/en\/2020\/05\/08\/proda-vil-apne-igjen-til-hosten\/\">PRODA Oslo kan \u00e5pne til h\u00f8sten<\/a><\/li>\n\t\t<li class=\"wsp-post\"><a href=\"https:\/\/proda.no\/en\/2020\/05\/05\/proda-arsmote-2020-pa-zoom-25-5-kl-18\/\">PRODA \u00c5rsm\u00f8te 2020 p\u00e5 Zoom 25.mai kl 18-20<\/a><\/li>\n\t\t<li class=\"wsp-post\"><a href=\"https:\/\/proda.no\/en\/2020\/04\/17\/julia-ehstrand-og-proda-klasser-online-27-4-8-5\/\">Julia Ehstrand og PRODA-klasser online 27.4-8.5.<\/a><\/li>\n\t\t<li class=\"wsp-post\"><a href=\"https:\/\/proda.no\/en\/2020\/03\/30\/sjekk-ut-lenker-til-online-klasser\/\">Sjekk ut lenker til online klasser<\/a><\/li>\n\t\t<li class=\"wsp-post\"><a href=\"https:\/\/proda.no\/en\/2020\/03\/30\/proda-oslo-avlyst-ut-april\/\">PRODA Oslo avlyst ut april<\/a><\/li>\n\t\t<li class=\"wsp-post\"><a href=\"https:\/\/proda.no\/en\/2020\/03\/23\/mental-trening-workshop-28-4\/\">Online kurs MENTAL TRENING  28.4.<\/a><\/li>\n\t\t<li class=\"wsp-post\"><a href=\"https:\/\/proda.no\/en\/2020\/03\/18\/proda-oslo-avlyst-fram-til-paske-engasjerte-pedagoger-far-utbetalt-honorar\/\">PRODA Oslo avlyst fram til p\u00e5ske. Engasjerte pedagoger f\u00e5r utbetalt honorar.<\/a><\/li>\n\t\t<li class=\"wsp-post\"><a href=\"https:\/\/proda.no\/en\/2020\/03\/11\/proda-oslo-innstiller-all-undervisning-fra-12-3-og-inntil-videre\/\">PRODA Oslo innstiller tilbudet fra 12.3. og inntil videre<\/a><\/li>\n\t\t<li class=\"wsp-post\"><a href=\"https:\/\/proda.no\/en\/2020\/03\/09\/proda-anmoder-brukerne-om-a-vaere-arvakne-om-koronarisiko\/\">Koronasituasjonen &#8211; PRODA og brukernes ansvar<\/a><\/li>\n\t\t<li class=\"wsp-post\"><a href=\"https:\/\/proda.no\/en\/2020\/03\/04\/ekstra-internasjonal-gjestepedagog-i-samtidsdans-9-11-mars-kl-9-10-30\/\">Ekstra internasjonal pedagog 9.+11. mars kl 9-10.30<\/a><\/li>\n\t\t<li class=\"wsp-post\"><a href=\"https:\/\/proda.no\/en\/2020\/03\/04\/house-med-anne-golberg-stavn-uke-1213\/\">House med Anne Golberg Stavn uke 12+13<\/a><\/li>\n\t\t<li class=\"wsp-post\"><a href=\"https:\/\/proda.no\/en\/2020\/02\/27\/ballett-med-robert-hewitt-2-13-mars\/\">Ballett med Robert Hewitt 2.-13. mars<\/a><\/li>\n\t\t<li class=\"wsp-post\"><a href=\"https:\/\/proda.no\/en\/2020\/02\/22\/skuda-kommer-mand-24-3\/\">SKUDA utvider i 2020 S\u00f8knadsfrist 17.3.<\/a><\/li>\n\t\t<li class=\"wsp-post\"><a href=\"https:\/\/proda.no\/en\/2020\/02\/21\/workshop-arobatikkdans-18-20-mars\/\">Workshop arobatikkdans 18.-20.mars<\/a><\/li>\n\t\t<li class=\"wsp-post\"><a href=\"https:\/\/proda.no\/en\/2020\/02\/21\/ballett-med-tania-rodriguez-uke-9\/\">Ballett med Tania Rodriguez uke 9<\/a><\/li>\n\t\t<li class=\"wsp-post\"><a href=\"https:\/\/proda.no\/en\/2020\/02\/21\/workshop-koreografi-med-janne-camilla-lyster-27-2\/\">Workshop koreografi med Janne-Camilla Lyster 27.2.<\/a><\/li>\n\t\t<li class=\"wsp-post\"><a href=\"https:\/\/proda.no\/en\/2020\/02\/16\/floorwork-24-26-feb\/\">Floorwork 24.-26.feb<\/a><\/li>\n\t\t<li class=\"wsp-post\"><a href=\"https:\/\/proda.no\/en\/2020\/02\/07\/workshop-koreografi-uke-8-ingrid-fiksdal-solveig-styve-holte\/\">18.+20. feb  &#8211; Ingri Fiksdal &#038; Solveig Styve Holte<\/a><\/li>\n\t\t<li class=\"wsp-post\"><a href=\"https:\/\/proda.no\/en\/2020\/02\/04\/workshop-i-mental-trening-28-april-v-anniken-binz\/\">Mange ekstra workshops denne v\u00e5ren<\/a><\/li>\n\t\t<li class=\"wsp-post\"><a href=\"https:\/\/proda.no\/en\/2020\/02\/02\/proda-regionalt-i-2015\/\">PRODA regionalt 2020<\/a><\/li>\n\t\t<li class=\"wsp-post\"><a href=\"https:\/\/proda.no\/en\/2020\/01\/31\/ballett-med-kristian-alm-uke-6-8\/\">Ballett med Kristian Alm uke 6-8<\/a><\/li>\n\t\t<li class=\"wsp-post\"><a href=\"https:\/\/proda.no\/en\/2020\/01\/28\/workshop-repertoar-med-ibp-4-og-6-feb\/\">Workshop Repertoar med IBP 4. og 6. feb<\/a><\/li>\n\t\t<li class=\"wsp-post\"><a href=\"https:\/\/proda.no\/en\/2020\/01\/27\/gaga-med-shi-pratt-uke-5-7\/\">GAGA med Shi Pratt uke 5-7<\/a><\/li>\n\t\t<li class=\"wsp-post\"><a href=\"https:\/\/proda.no\/en\/2020\/01\/04\/proda-workshop-serier\/\">PRODA workshop serier v\u00e5ren 2020<\/a><\/li>\n\t\t<li class=\"wsp-post\"><a href=\"https:\/\/proda.no\/en\/2020\/01\/04\/velkommen-til-nytt-semester\/\">Velkommen til nytt semester<\/a><\/li>\n\t\t<li class=\"wsp-post\"><a href=\"https:\/\/proda.no\/en\/2019\/12\/14\/varsemester-2020\/\">Timeplan for v\u00e5ren 2020<\/a><\/li>\n\t\t<li class=\"wsp-post\"><a href=\"https:\/\/proda.no\/en\/2019\/12\/14\/sok-stotte-til-proda-regionalt\/\">S\u00f8k st\u00f8tte til PRODA regionalt i 2020<\/a><\/li>\n\t\t<li class=\"wsp-post\"><a href=\"https:\/\/proda.no\/en\/2019\/12\/13\/proda-pedagogseminar-9-10-januar-2020\/\">PRODA Pedagogseminar 9.+10. januar 2020<\/a><\/li>\n\t\t<li class=\"wsp-post\"><a href=\"https:\/\/proda.no\/en\/2019\/12\/08\/workshop-10-12-des-med-janne-camilla-lyster\/\">Workshop 10.+12.des holdes av Cecilie Lindeman Steen<\/a><\/li>\n\t\t<li class=\"wsp-post\"><a href=\"https:\/\/proda.no\/en\/2019\/12\/06\/ballettklasse-m-julemusikk-fred-13-12-kl-9-10-15\/\">Ballettklasse m\/julemusikk fred 13.12. kl 9-10.15<\/a><\/li>\n\t\t<li class=\"wsp-post\"><a href=\"https:\/\/proda.no\/en\/2019\/11\/26\/velkommen-til-juleballett-mudmingling-juleglogg-13-des\/\">Juleballett &#038; Mud&#038;Mingling &#038; Julegl\u00f8gg 13. des<\/a><\/li>\n\t\t<li class=\"wsp-post\"><a href=\"https:\/\/proda.no\/en\/2019\/11\/18\/workshop-repertoar-subjazz-5-12\/\">Workshop repertoar Subjazz 5.12.<\/a><\/li>\n\t\t<li class=\"wsp-post\"><a href=\"https:\/\/proda.no\/en\/2019\/11\/18\/klasser-og-workshop-marikken-h-bratlie-26-11-3-12\/\">Klasser og workshop Marikken H Bratlie 26.11-3.12<\/a><\/li>\n\t\t<li class=\"wsp-post\"><a href=\"https:\/\/proda.no\/en\/2019\/11\/11\/ballett-med-therese-skauge-11-29-nov\/\">Ballett med Therese Skauge 11.-29. nov<\/a><\/li>\n\t\t<li class=\"wsp-post\"><a href=\"https:\/\/proda.no\/en\/2019\/11\/10\/danseakrobatikk-12-14-nov\/\">Danseakrobatikk 12.-14. nov<\/a><\/li>\n\t\t<li class=\"wsp-post\"><a href=\"https:\/\/proda.no\/en\/2019\/10\/30\/workshop-repertoar-14-nov-ludvig-daae\/\">Workshop repertoar 14.nov Ludvig Daae<\/a><\/li>\n\t\t<li class=\"wsp-post\"><a href=\"https:\/\/proda.no\/en\/2019\/10\/30\/workshop-repertoar-12-nov-henni-olsen\/\">Workshop repertoar 12. nov Henni Olsen<\/a><\/li>\n\t\t<li class=\"wsp-post\"><a href=\"https:\/\/proda.no\/en\/2019\/10\/15\/seminar-kveldsmote-om-scenekunsthelse-4-nov\/\">Seminar\/kveldsm\u00f8te 4. nov<\/a><\/li>\n\t\t<li class=\"wsp-post\"><a href=\"https:\/\/proda.no\/en\/2019\/10\/14\/internasjonal-pedagog-sun-xiao-jun-28-10-8-11\/\">Internasjonal pedagog Sun Xiao Jun 28.10.-8.11.<\/a><\/li>\n\t\t<li class=\"wsp-post\"><a href=\"https:\/\/proda.no\/en\/2019\/10\/10\/internasjonal-pedagog-hugo-marmelada-29-10-21-11\/\">Internasjonal pedagog Hugo Marmelada 29.10-21.11<\/a><\/li>\n\t\t<li class=\"wsp-post\"><a href=\"https:\/\/proda.no\/en\/2019\/10\/08\/coda-klasser-workshops-14-25-okt\/\">Mange klasser &#038; workshops 14.-25.okt<\/a><\/li>\n\t\t<li class=\"wsp-post\"><a href=\"https:\/\/proda.no\/en\/2019\/09\/25\/praktisk-grensesetting-seminar-23-10-kl-14-17-30\/\">Seminar 23.10.      kl 14 -17.30<\/a><\/li>\n\t\t<li class=\"wsp-post\"><a href=\"https:\/\/proda.no\/en\/2019\/09\/25\/workshop-24-10\/\">Intimacy on set training &#8211; workshop 24.10. kl 9-16<\/a><\/li>\n\t\t<li class=\"wsp-post\"><a href=\"https:\/\/proda.no\/en\/2019\/09\/19\/siri-jontvedt-hver-dag-uke-40\/\">Siri J\u00f8ntvedt hver dag uke 40<\/a><\/li>\n\t\t<li class=\"wsp-post\"><a href=\"https:\/\/proda.no\/en\/2019\/08\/19\/nytt-i-host-proda-workshop-serier\/\">PRODA Workshop-serier<\/a><\/li>\n\t\t<li class=\"wsp-post\"><a href=\"https:\/\/proda.no\/en\/2019\/08\/18\/studio-for-prodas-brukere-kl-9-12-alle-hverdager\/\">Studio er \u00e5pent f\u00f8r\/etter klasser kl 9-12<\/a><\/li>\n\t\t<li class=\"wsp-post\"><a href=\"https:\/\/proda.no\/en\/2019\/08\/18\/gratisuke-og-spesialtilbud-i-yoga-fra-uke-35\/\">Spesialtilbud i YOGA for PRODA-brukere<\/a><\/li>\n\t\t<li class=\"wsp-post\"><a href=\"https:\/\/proda.no\/en\/2019\/08\/17\/jazz-v-tine-aspaas-uke-2223-obs-kl-9-00-pa-tirsdager\/\">Jazz m\/Tine Aspaas uke 34-36<\/a><\/li>\n\t\t<li class=\"wsp-post\"><a href=\"https:\/\/proda.no\/en\/2019\/08\/16\/workshop-koreografi-med-tone-kittelsen-27-29-aug\/\">Workshop Koreografi med Tone Kittelsen 27.+29.aug<\/a><\/li>\n\t\t<li class=\"wsp-post\"><a href=\"https:\/\/proda.no\/en\/2019\/08\/12\/fagprogram-hosten-2019\/\">Fagprogram\/timeplan h\u00f8sten 2019<\/a><\/li>\n\t\t<li class=\"wsp-post\"><a href=\"https:\/\/proda.no\/en\/2019\/08\/11\/christopher-kettner-uke-3334\/\">Christopher Kettner uke 33+34<\/a><\/li>\n\t\t<li class=\"wsp-post\"><a href=\"https:\/\/proda.no\/en\/2019\/08\/10\/workshop-koreografi-8-10-10-nagelhus-schia-productions\/\">Workshop koreografi 8.+10.10 Nagelhus Schia Productions<\/a><\/li>\n\t\t<li class=\"wsp-post\"><a href=\"https:\/\/proda.no\/en\/2019\/08\/09\/tania-rodriguez-uke-3839\/\">Tania Rodriguez uke 38+39<\/a><\/li>\n\t\t<li class=\"wsp-post\"><a href=\"https:\/\/proda.no\/en\/2019\/08\/09\/vouging-m-cassandra-moldenhauer-uke-33\/\">Vouging m\/Cassandra Moldenhauer uke 33<\/a><\/li>\n\t\t<li class=\"wsp-post\"><a href=\"https:\/\/proda.no\/en\/2019\/07\/30\/fredag-11-okt-kl-10-12\/\">Fredag 11.okt kl 10-12<\/a><\/li>\n\t\t<li class=\"wsp-post\"><a href=\"https:\/\/proda.no\/en\/2019\/07\/19\/workshop-i-prosess-26-sep\/\">Workshop I prosess 26.sep<\/a><\/li>\n\t\t<li class=\"wsp-post\"><a href=\"https:\/\/proda.no\/en\/2019\/06\/05\/frilanstreff-13-juni\/\">Frilanstreff 13. juni<\/a><\/li>\n\t\t<li class=\"wsp-post\"><a href=\"https:\/\/proda.no\/en\/2019\/06\/04\/yoga-med-kristin-brathagen-uke-41-45\/\">YOGA v\/Kristin Brathagen under \u00c5PENT ROM<\/a><\/li>\n\t\t<li class=\"wsp-post\"><a href=\"https:\/\/proda.no\/en\/2019\/06\/03\/gratis-bruk-av-rom-uke-2425\/\">Gratis bruk av lokalene 11.-21. juni<\/a><\/li>\n\t\t<li class=\"wsp-post\"><a href=\"https:\/\/proda.no\/en\/2019\/05\/21\/ballett-med-maritpeter-uke-2223\/\">Ballett med Marit Krogide uke 22+23<\/a><\/li>\n\t\t<li class=\"wsp-post\"><a href=\"https:\/\/proda.no\/en\/2019\/05\/06\/ballett-v-robert-hewitt-uke-2021\/\">Ballett v\/Robert Hewitt uke 20+21<\/a><\/li>\n\t\t<li class=\"wsp-post\"><a href=\"https:\/\/proda.no\/en\/2019\/04\/24\/yin-yoga-flow-uke-18-23-sunniva-sipus\/\">Yin Yoga Flow med Sunniva Sipus &#8211; uke 18-23<\/a><\/li>\n\t\t<li class=\"wsp-post\"><a href=\"https:\/\/proda.no\/en\/2019\/03\/13\/proda-arsmote-lordag-4-mai\/\">PRODA \u00c5rsm\u00f8te l\u00f8rdag 4. mai<\/a><\/li>\n\t\t<li class=\"wsp-post\"><a href=\"https:\/\/proda.no\/en\/2019\/03\/07\/ingen-utlysning-for-pedagoger-til-hosten\/\">Ingen utlysning for pedagoger til h\u00f8sten<\/a><\/li>\n\t\t<li class=\"wsp-post\"><a href=\"https:\/\/proda.no\/en\/2019\/02\/20\/julia-ehstrand-uke-1011\/\">Julia Ehstrand uke 10+11<\/a><\/li>\n\t\t<li class=\"wsp-post\"><a href=\"https:\/\/proda.no\/en\/2019\/02\/09\/ny-gjestepedagog-hagit-yakira-uke-9\/\">Ny gjestepedagog &#8211; Hagit Yakira uke 9<\/a><\/li>\n\t\t<li class=\"wsp-post\"><a href=\"https:\/\/proda.no\/en\/2019\/01\/21\/improvisasjon-uke-46-karen-hoybakk-mikalsen\/\">Impro med Karen &#038; Erikk uke 5-7<\/a><\/li>\n\t\t<li class=\"wsp-post\"><a href=\"https:\/\/proda.no\/en\/2019\/01\/10\/vil-du-vaere-med-a-forme-proda\/\">Vil du v\u00e6re med \u00e5 forme PRODAs framtid ?<\/a><\/li>\n\t\t<li class=\"wsp-post\"><a href=\"https:\/\/proda.no\/en\/2019\/01\/06\/samtidsdans-med-annette-brandanger-uke-2-4\/\">Annette Brandanger Samtidsdans uke 2-4<\/a><\/li>\n\t\t<li class=\"wsp-post\"><a href=\"https:\/\/proda.no\/en\/2018\/12\/17\/workshop-med-laura-aris-alvarez-28-1-1-2-2019\/\">Workshop med Laura Aris Alvarez 28.1.-1.2.2019<\/a><\/li>\n\t\t<li class=\"wsp-post\"><a href=\"https:\/\/proda.no\/en\/2018\/12\/14\/soknad-om-midler-til-regional-proda-2019\/\">S\u00f8knad om midler til regional PRODA 2019<\/a><\/li>\n\t\t<li class=\"wsp-post\"><a href=\"https:\/\/proda.no\/en\/2018\/11\/25\/ballett-med-therese-skauge-uke-4950\/\">Ballett med Therese Skauge uke 49+50<\/a><\/li>\n\t\t<li class=\"wsp-post\"><a href=\"https:\/\/proda.no\/en\/2018\/11\/25\/ballett-med-thomas-halvorsen-uke-4748\/\">Ballett med Thomas Halvorsen uke 47+48<\/a><\/li>\n\t\t<li class=\"wsp-post\"><a href=\"https:\/\/proda.no\/en\/2018\/11\/14\/frilanstreff-10-des\/\">Frilanstreff 10. des<\/a><\/li>\n\t\t<li class=\"wsp-post\"><a href=\"https:\/\/proda.no\/en\/2018\/11\/09\/wacking-uke-46-47-ida-louise-sundby\/\">Waacking uke 47\/48 Ida Louise Sundby<\/a><\/li>\n\t\t<li class=\"wsp-post\"><a href=\"https:\/\/proda.no\/en\/2018\/11\/09\/pilates-yoga-gry-bech-hanssen-uke-46-50\/\">Pilates\/Yoga uke 46-50 Gry Bech-Hanssen<\/a><\/li>\n\t\t<li class=\"wsp-post\"><a href=\"https:\/\/proda.no\/en\/2018\/10\/26\/skuda-workshop-17-18-nov\/\">SKUDA workshop 17.\/18. nov<\/a><\/li>\n\t\t<li class=\"wsp-post\"><a href=\"https:\/\/proda.no\/en\/2018\/10\/05\/edwin-cabascango-uke-41-44\/\">Edwin Cabascango uke 41-45<\/a><\/li>\n\t\t<li class=\"wsp-post\"><a href=\"https:\/\/proda.no\/en\/2018\/10\/04\/maritpeter-i-uke-89\/\">Marit&#038;Peter uke 41+42<\/a><\/li>\n\t\t<li class=\"wsp-post\"><a href=\"https:\/\/proda.no\/en\/2018\/09\/19\/aktuelt-mote-8-okt\/\">Aktuelt m\u00f8te 8.okt !<\/a><\/li>\n\t\t<li class=\"wsp-post\"><a href=\"https:\/\/proda.no\/en\/2018\/09\/12\/pedagoger-til-varen-2019\/\">Utlysning Pedagoger til v\u00e5ren 2019<\/a><\/li>\n\t\t<li class=\"wsp-post\"><a href=\"https:\/\/proda.no\/en\/2018\/09\/11\/vibeke-saether-uke-3839\/\">Vibeke S\u00e6ther uke 38+39<\/a><\/li>\n\t\t<li class=\"wsp-post\"><a href=\"https:\/\/proda.no\/en\/2018\/08\/16\/yoga-uke-35-39-lilja-bjork-haraldsdottir\/\">YOGA uke 35-39   Lilja Bj\u00f6rk Haraldsd\u00f3ttir<\/a><\/li>\n\t\t<li class=\"wsp-post\"><a href=\"https:\/\/proda.no\/en\/2018\/07\/20\/oppstart-i-august\/\">Mai Lisa Guino uke 34+35<\/a><\/li>\n\t\t<li class=\"wsp-post\"><a href=\"https:\/\/proda.no\/en\/2018\/06\/29\/workshop-1-5-okt-med-satoshi-kudo-jp-se\/\">Workshop 1.-5.okt med Satoshi Kudo (JP\/SE)<\/a><\/li>\n\t\t<li class=\"wsp-post\"><a href=\"https:\/\/proda.no\/en\/2018\/06\/25\/workshop-med-tilman-odonell-10-13-aug\/\">Workshop med Tilman O\u00b4Donell 10.-13.aug<\/a><\/li>\n\t\t<li class=\"wsp-post\"><a href=\"https:\/\/proda.no\/en\/2018\/06\/25\/workshop-program-praxisfestivalen-19-26-aug\/\">Workshop-program PRAXISfestivalen 19.-26.aug<\/a><\/li>\n\t\t<li class=\"wsp-post\"><a href=\"https:\/\/proda.no\/en\/2018\/06\/25\/nye-lonnssatser-pedagoger\/\">Nye l\u00f8nnssatser pedagoger<\/a><\/li>\n\t\t<li class=\"wsp-post\"><a href=\"https:\/\/proda.no\/en\/2018\/06\/21\/nytt-styre-i-proda-3\/\">Nytt styre i PRODA<\/a><\/li>\n\t\t<li class=\"wsp-post\"><a href=\"https:\/\/proda.no\/en\/2018\/06\/10\/breakfastclubbin-24-25-okt\/\">BreakfastClubbin tirsd\/torsd uke 24+25<\/a><\/li>\n\t\t<li class=\"wsp-post\"><a href=\"https:\/\/proda.no\/en\/2018\/06\/04\/janine-harrington-deler-praksis-20-22-6\/\">Janine Harrington deler praksis 20.+22.6. kl 10-12<\/a><\/li>\n\t\t<li class=\"wsp-post\"><a href=\"https:\/\/proda.no\/en\/2018\/06\/04\/amy-pender-deler-praksis-15-18-6\/\">Amy Pender deler praksis 15.+18.6. kl 10-12<\/a><\/li>\n\t\t<li class=\"wsp-post\"><a href=\"https:\/\/proda.no\/en\/2018\/06\/04\/kira-senkpiel-deler-praksis-11-13-6\/\">Kira Senkpiel deler praksis 11.+13.6. kl 10-12<\/a><\/li>\n\t\t<li class=\"wsp-post\"><a href=\"https:\/\/proda.no\/en\/2018\/06\/03\/uke-24-25\/\">Uke 24 &#038; 25<\/a><\/li>\n\t\t<li class=\"wsp-post\"><a href=\"https:\/\/proda.no\/en\/2018\/05\/30\/treff-for-dansere-skuespillere-11-juni\/\">Treff for dansere &#038; skuespillere 11.juni<\/a><\/li>\n\t\t<li class=\"wsp-post\"><a href=\"https:\/\/proda.no\/en\/2018\/05\/28\/jazz-med-karl-knut-4-8-juni\/\">Jazz med Karl &#038; Knut 4.-8.juni<\/a><\/li>\n\t\t<li class=\"wsp-post\"><a href=\"https:\/\/proda.no\/en\/2018\/05\/28\/vi-trenger-ditt-svar\/\">Vi trenger ditt svar innen 1.6.<\/a><\/li>\n\t\t<li class=\"wsp-post\"><a href=\"https:\/\/proda.no\/en\/2018\/05\/14\/gjestepedagog-phil-hulford-uke-22-28-5-1-6\/\">Gjestepedagog Phil Hulford (UK) uke 22 (28.5-1.6.)<\/a><\/li>\n\t\t<li class=\"wsp-post\"><a href=\"https:\/\/proda.no\/en\/2018\/04\/23\/intervju-med-daglig-leder-pa-proda\/\">Intervju med daglig leder p\u00e5 PRODA<\/a><\/li>\n\t\t<li class=\"wsp-post\"><a href=\"https:\/\/proda.no\/en\/2018\/04\/20\/acro-yoga-workshop-23-27-4-daglig-drop-in\/\">ACRO YOGA Workshop 23.-27.4.   daglig drop-in<\/a><\/li>\n\t\t<li class=\"wsp-post\"><a href=\"https:\/\/proda.no\/en\/2018\/04\/20\/ballett-med-laura-rae-bernasconi-usa-23-27-4\/\">Ballett med Laura Rae Bernasconi (USA) 23.-27.4.<\/a><\/li>\n\t\t<li class=\"wsp-post\"><a href=\"https:\/\/proda.no\/en\/2018\/04\/15\/jubileum-arsmote-21-4\/\">PRODA 30 \u00e5r Jubileumsdag 21.4.<\/a><\/li>\n\t\t<li class=\"wsp-post\"><a href=\"https:\/\/proda.no\/en\/2018\/04\/10\/proda-arsmote-noda-generalforsamling\/\">PRODA \u00c5rsm\u00f8te  NoDa Generalforsamling<\/a><\/li>\n\t\t<li class=\"wsp-post\"><a href=\"https:\/\/proda.no\/en\/2018\/04\/09\/proda-30-ar-kunsterisk-innslag-v-apninger\/\">PRODA 30 \u00e5r  MiddagFest\u00c5pninger<\/a><\/li>\n\t\t<li class=\"wsp-post\"><a href=\"https:\/\/proda.no\/en\/2018\/04\/09\/proda-30-ar-lord-21-4-jivamukti-yoga\/\">PRODA 30 \u00e5r      Jivamukti Yoga<\/a><\/li>\n\t\t<li class=\"wsp-post\"><a href=\"https:\/\/proda.no\/en\/2018\/04\/03\/the-thingly-lecture-by-chrysa-parkinson-17-4\/\">The Thingly &#8211; lecture by Chrysa Parkinson 17. april<\/a><\/li>\n\t\t<li class=\"wsp-post\"><a href=\"https:\/\/proda.no\/en\/2018\/04\/03\/apent-rom-11-22-juni\/\">\u00c5pent Rom 11.-22. juni<\/a><\/li>\n\t\t<li class=\"wsp-post\"><a href=\"https:\/\/proda.no\/en\/2018\/02\/22\/workshop-acro-yoga-uke-17\/\">Workshop Acro Yoga uke 17<\/a><\/li>\n\t\t<li class=\"wsp-post\"><a href=\"https:\/\/proda.no\/en\/2018\/02\/15\/workshop-16-20-april\/\">Workshop 16.-20 april med Chrysa Parkinson<\/a><\/li>\n\t\t<li class=\"wsp-post\"><a href=\"https:\/\/proda.no\/en\/2018\/02\/15\/alliansen-utvider\/\">skal ansette flere<\/a><\/li>\n\t\t<li class=\"wsp-post\"><a href=\"https:\/\/proda.no\/en\/2018\/02\/12\/sissel-merete-bjorkli-uke-8\/\">Sissel Merete Bj\u00f8rkli uke 8<\/a><\/li>\n\t\t<li class=\"wsp-post\"><a href=\"https:\/\/proda.no\/en\/2018\/02\/05\/endring-i-uke-10-12\/\">Endring i uke 10-12 !<\/a><\/li>\n\t\t<li class=\"wsp-post\"><a href=\"https:\/\/proda.no\/en\/2018\/01\/30\/ulf-nilseng-uke-67\/\">Ulf Nilseng uke 6+7<\/a><\/li>\n\t\t<li class=\"wsp-post\"><a href=\"https:\/\/proda.no\/en\/2018\/01\/26\/aktuelt-seminar-14-feb\/\">Aktuelt Seminar 14.feb kl 18<\/a><\/li>\n\t\t<li class=\"wsp-post\"><a href=\"https:\/\/proda.no\/en\/2018\/01\/17\/sun-xiao-jun-uke-45\/\">Sun Xiao Jun uke 4+5<\/a><\/li>\n\t\t<li class=\"wsp-post\"><a href=\"https:\/\/proda.no\/en\/2018\/01\/11\/hiphop-med-jens-trinidad-uke-3-5\/\">Jens Trinidad uke 3-5<\/a><\/li>\n\t\t<li class=\"wsp-post\"><a href=\"https:\/\/proda.no\/en\/2018\/01\/05\/yoga-med-katja-schia-uke-18-23\/\">Katja Schia &#8211;  Yoga uke 2+3<\/a><\/li>\n\t\t<li class=\"wsp-post\"><a href=\"https:\/\/proda.no\/en\/2018\/01\/05\/25-norske-og-internasjonale-pedagoger\/\">25 norske og internasjonale pedagoger !<\/a><\/li>\n\t\t<li class=\"wsp-post\"><a href=\"https:\/\/proda.no\/en\/2018\/01\/05\/yoga-med-annette-dyvi-uke-2-7\/\">YOGA med Annette Dyvi uke 2-7<\/a><\/li>\n\t\t<li class=\"wsp-post\"><a href=\"https:\/\/proda.no\/en\/2018\/01\/03\/samtidsdans-med-edwin-cabascango-uke-2\/\">Samtidsdans med Edwin Cabascango uke 2<\/a><\/li>\n\t\t<li class=\"wsp-post\"><a href=\"https:\/\/proda.no\/en\/2017\/12\/29\/4392\/\"><\/a><\/li>\n\t\t<li class=\"wsp-post\"><a href=\"https:\/\/proda.no\/en\/2017\/12\/21\/god-jul\/\"><\/a><\/li>\n\t\t<li class=\"wsp-post\"><a href=\"https:\/\/proda.no\/en\/2017\/12\/15\/varsemesteret-starter-8-jan\/\">V\u00e5rsemesteret starter 8. jan<\/a><\/li>\n\t\t<li class=\"wsp-post\"><a href=\"https:\/\/proda.no\/en\/2017\/11\/30\/obs-yoga-mand-11-des\/\">OBS ! YOGA mand 11.des<\/a><\/li>\n\t\t<li class=\"wsp-post\"><a href=\"https:\/\/proda.no\/en\/2017\/11\/28\/glogg-sang-etter-klasse-6-12\/\">Gl\u00f8gg &#038; sang etter klasse 6.12.<\/a><\/li>\n\t\t<li class=\"wsp-post\"><a href=\"https:\/\/proda.no\/en\/2017\/11\/24\/jazz-med-caroline-skjorshammer-uke-4950\/\">Jazz med Caroline Skj\u00f8rshammer uke 49+50<\/a><\/li>\n\t\t<li class=\"wsp-post\"><a href=\"https:\/\/proda.no\/en\/2017\/11\/24\/peter-parker-uke-4849\/\">Peter Parker uke 48+49<\/a><\/li>\n\t\t<li class=\"wsp-post\"><a href=\"https:\/\/proda.no\/en\/2017\/11\/19\/gyrokinesis-uke-47-49\/\">Gyrokinesis uke 47-49<\/a><\/li>\n\t\t<li class=\"wsp-post\"><a href=\"https:\/\/proda.no\/en\/2017\/11\/07\/frilanstreff-5-des\/\">Frilanstreff 5. des<\/a><\/li>\n\t\t<li class=\"wsp-post\"><a href=\"https:\/\/proda.no\/en\/2017\/10\/30\/ris-ros\/\">Si hva du syns om klasser&#038;workshops<\/a><\/li>\n\t\t<li class=\"wsp-post\"><a href=\"https:\/\/proda.no\/en\/2017\/10\/30\/jazz-med-trudegard-uke-4445\/\">Jazz med Trude&#038;Gard uke 44+45<\/a><\/li>\n\t\t<li class=\"wsp-post\"><a href=\"https:\/\/proda.no\/en\/2017\/10\/16\/samtidsdans-med-stella-zannou-gr-23-27-okt\/\">Samtidsdans med Stella Zannou (GR) 23.-27.okt<\/a><\/li>\n\t\t<li class=\"wsp-post\"><a href=\"https:\/\/proda.no\/en\/2017\/10\/15\/samtidsdans-med-jamie-watton-17-20-okt\/\">Samtidsdans med Jamie Watton (UK) 17.-20. okt<\/a><\/li>\n\t\t<li class=\"wsp-post\"><a href=\"https:\/\/proda.no\/en\/2017\/10\/13\/ashtanga-yoga-uke-42\/\">Ashtanga Yoga 16.-20.okt<\/a><\/li>\n\t\t<li class=\"wsp-post\"><a href=\"https:\/\/proda.no\/en\/2017\/10\/11\/coda-workshop-pa-proda-24-26-okt\/\">CODA workshop p\u00e5 PRODA 24.-26.okt<\/a><\/li>\n\t\t<li class=\"wsp-post\"><a href=\"https:\/\/proda.no\/en\/2017\/10\/11\/coda-workshop-pa-proda-18-20-okt\/\">CODA workshop p\u00e5 PRODA 18.-20.okt<\/a><\/li>\n\t\t<li class=\"wsp-post\"><a href=\"https:\/\/proda.no\/en\/2017\/10\/04\/toolbox-uke-414445\/\">Toolbox uke 41,44,45<\/a><\/li>\n\t\t<li class=\"wsp-post\"><a href=\"https:\/\/proda.no\/en\/2017\/10\/03\/dansakro-uke-41\/\">Dansakro uke 41<\/a><\/li>\n\t\t<li class=\"wsp-post\"><a href=\"https:\/\/proda.no\/en\/2017\/10\/03\/klasserworkshop-under-coda\/\">Klasser&#038;workshop under CODA<\/a><\/li>\n\t\t<li class=\"wsp-post\"><a href=\"https:\/\/proda.no\/en\/2017\/09\/28\/counterteknikk-klasser-uke-40\/\">Counterteknikk klasser uke 40<\/a><\/li>\n\t\t<li class=\"wsp-post\"><a href=\"https:\/\/proda.no\/en\/2017\/09\/14\/etiske-retningslinjer-og-husorden\/\">Etiske Retningslinjer og husorden<\/a><\/li>\n\t\t<li class=\"wsp-post\"><a href=\"https:\/\/proda.no\/en\/2017\/09\/13\/soker-pedagoger-var-2018\/\">Vi s\u00f8ker etter pedagoger til v\u00e5ren 2018<\/a><\/li>\n\t\t<li class=\"wsp-post\"><a href=\"https:\/\/proda.no\/en\/2017\/09\/12\/breakfastclubbin-14-sep\/\">BreakfastClubbin i h\u00f8st<\/a><\/li>\n\t\t<li class=\"wsp-post\"><a href=\"https:\/\/proda.no\/en\/2017\/09\/01\/dancehall-fredager-i-september\/\">Dancehall &#8211; fredager i september<\/a><\/li>\n\t\t<li class=\"wsp-post\"><a href=\"https:\/\/proda.no\/en\/2017\/08\/24\/27-pedagoger-i-host\/\">27 pedagoger i h\u00f8st !<\/a><\/li>\n\t\t<li class=\"wsp-post\"><a href=\"https:\/\/proda.no\/en\/2017\/08\/24\/yogabasert-trening\/\">Yogabasert trening<\/a><\/li>\n\t\t<li class=\"wsp-post\"><a href=\"https:\/\/proda.no\/en\/2017\/06\/23\/nytt-styre\/\">Nytt styre<\/a><\/li>\n\t\t<li class=\"wsp-post\"><a href=\"https:\/\/proda.no\/en\/2017\/06\/23\/timeplan-til-hosten\/\">Timeplan til h\u00f8sten<\/a><\/li>\n\t\t<li class=\"wsp-post\"><a href=\"https:\/\/proda.no\/en\/2017\/06\/21\/praxisfestivalen-20-27-8\/\">Praxisfestivalen 20.-27.8.<\/a><\/li>\n\t\t<li class=\"wsp-post\"><a href=\"https:\/\/proda.no\/en\/2017\/06\/09\/apent-rom-uke-2425\/\">\u00c5pent Rom uke 24+25<\/a><\/li>\n\t\t<li class=\"wsp-post\"><a href=\"https:\/\/proda.no\/en\/2017\/06\/09\/hostsemester-21-aug-15-des\/\">H\u00f8stsemester 21.aug-15.des<\/a><\/li>\n\t\t<li class=\"wsp-post\"><a href=\"https:\/\/proda.no\/en\/2017\/05\/22\/jenshugo-vikar-for-chriz-uke-23\/\">Jens&#038;Hugo vikarer for Chriz uke 23<\/a><\/li>\n\t\t<li class=\"wsp-post\"><a href=\"https:\/\/proda.no\/en\/2017\/05\/15\/ballett-med-laura-rae-bernasconi-uke-22\/\">Ballett med Laura Rae Bernasconi uke 22<\/a><\/li>\n\t\t<li class=\"wsp-post\"><a href=\"https:\/\/proda.no\/en\/2017\/05\/04\/julia-ehrstrand-uke-1920\/\">Julia Ehrstrand uke 19+20<\/a><\/li>\n\t\t<li class=\"wsp-post\"><a href=\"https:\/\/proda.no\/en\/2017\/04\/19\/apent-rom-i-juni\/\">\u00c5pent Rom i juni<\/a><\/li>\n\t\t<li class=\"wsp-post\"><a href=\"https:\/\/proda.no\/en\/2017\/04\/07\/acro-yoga-workshop-29-5-2-6\/\">ACRO YOGA workshop 29.5.-2.6.<\/a><\/li>\n\t\t<li class=\"wsp-post\"><a href=\"https:\/\/proda.no\/en\/2017\/04\/06\/arsmote-i-proda-13-5\/\">\u00c5rsm\u00f8te i PRODA 13.5.<\/a><\/li>\n\t\t<li class=\"wsp-post\"><a href=\"https:\/\/proda.no\/en\/2017\/04\/04\/proda-pa-facebook-4\/\">PRODA p\u00e5 facebook<\/a><\/li>\n\t\t<li class=\"wsp-post\"><a href=\"https:\/\/proda.no\/en\/2017\/03\/30\/vikar-pa-jazz-uke-14\/\">Vikar p\u00e5 jazz uke 14<\/a><\/li>\n\t\t<li class=\"wsp-post\"><a href=\"https:\/\/proda.no\/en\/2017\/03\/20\/trommergroove-pa-samtidsdans\/\">Trommer&#038;groove p\u00e5 samtidsdans<\/a><\/li>\n\t\t<li class=\"wsp-post\"><a href=\"https:\/\/proda.no\/en\/2017\/03\/16\/soker-regional-leder-for-proda-rogaland\/\">PRODA Rogaland s\u00f8ker prosjektleder<\/a><\/li>\n\t\t<li class=\"wsp-post\"><a href=\"https:\/\/proda.no\/en\/2017\/03\/14\/dansehelg-12-14-mai\/\">Dansehelg 12.-14.mai<\/a><\/li>\n\t\t<li class=\"wsp-post\"><a href=\"https:\/\/proda.no\/en\/2017\/03\/11\/utlysning-pedagoger-til-hosten-2\/\">Utlysning pedagoger til h\u00f8sten<\/a><\/li>\n\t\t<li class=\"wsp-post\"><a href=\"https:\/\/proda.no\/en\/2017\/03\/10\/jazz-uke-1114\/\">Jazz uke 11+14<\/a><\/li>\n\t\t<li class=\"wsp-post\"><a href=\"https:\/\/proda.no\/en\/2017\/03\/09\/fotografering\/\">Fotografering<\/a><\/li>\n\t\t<li class=\"wsp-post\"><a href=\"https:\/\/proda.no\/en\/2017\/03\/02\/for-klasse-prat-3-4\/\">F\u00f8r-klasse-prat 3.4.<\/a><\/li>\n\t\t<li class=\"wsp-post\"><a href=\"https:\/\/proda.no\/en\/2017\/02\/27\/samtidsdans-uke-101213\/\">Samtidsdans uke 10\/12\/13<\/a><\/li>\n\t\t<li class=\"wsp-post\"><a href=\"https:\/\/proda.no\/en\/2017\/02\/20\/arsmoterdansehelg-12-14-mai\/\">\u00c5rsm\u00f8ter&#038;Dansehelg 12.-14.mai<\/a><\/li>\n\t\t<li class=\"wsp-post\"><a href=\"https:\/\/proda.no\/en\/2017\/02\/16\/regionale-proda-tilskudd-2017\/\">Regionale PRODA-tilskudd 2017<\/a><\/li>\n\t\t<li class=\"wsp-post\"><a href=\"https:\/\/proda.no\/en\/2017\/02\/14\/allianse-info-pa-proda\/\">Allianse-info p\u00e5 PRODA<\/a><\/li>\n\t\t<li class=\"wsp-post\"><a href=\"https:\/\/proda.no\/en\/2017\/02\/13\/flere-klasser-i-uke-8-2\/\">Mange klasser i uke 8<\/a><\/li>\n\t\t<li class=\"wsp-post\"><a href=\"https:\/\/proda.no\/en\/2017\/02\/13\/flere-klasser-i-uke-8\/\">Mange klasser i uke 8<\/a><\/li>\n\t\t<li class=\"wsp-post\"><a href=\"https:\/\/proda.no\/en\/2017\/02\/08\/samtidsdans-uke-5-7\/\">Samtidsdans uke 5-7<\/a><\/li>\n\t\t<li class=\"wsp-post\"><a href=\"https:\/\/proda.no\/en\/2017\/01\/16\/velkommen-til-prodas-nye-hjemmeside\/\">Ny hjemmeside<\/a><\/li>\n\t\t<li class=\"wsp-post\"><a href=\"https:\/\/proda.no\/en\/2017\/01\/04\/semesterstart-9-jan\/\">Semesterstart 9. jan<\/a><\/li>\n\t\t<li class=\"wsp-post\"><a href=\"https:\/\/proda.no\/en\/2017\/01\/04\/skuespiller-og-danseralliansen-utvider\/\">Alliansen utvider<\/a><\/li>\n\t\t<li class=\"wsp-post\"><a href=\"https:\/\/proda.no\/en\/2017\/01\/02\/regionale-proda-tilskudd-2016\/\">Regionale PRODA-tilskudd 2017<\/a><\/li>\n\t\t<li class=\"wsp-post\"><a href=\"https:\/\/proda.no\/en\/2016\/12\/17\/god-jul-godt-nyttar-3\/\">God jul &#038; Godt nytt\u00e5r<\/a><\/li>\n\t\t<li class=\"wsp-post\"><a href=\"https:\/\/proda.no\/en\/2016\/12\/16\/timeplanen-for-varen-2017-er-klar\/\">Timeplanen for v\u00e5ren 2017 er klar<\/a><\/li>\n\t\t<li class=\"wsp-post\"><a href=\"https:\/\/proda.no\/en\/2016\/12\/09\/snart-juleferie\/\">Snart juleferie<\/a><\/li>\n\t\t<li class=\"wsp-post\"><a href=\"https:\/\/proda.no\/en\/2016\/12\/07\/juleglogg-fred-9-12\/\">JULEGL\u00d8GG fred 9.12.<\/a><\/li>\n\t\t<li class=\"wsp-post\"><a href=\"https:\/\/proda.no\/en\/2016\/12\/05\/verv-i-proda-eller-noda\/\">Verv i PRODA eller NoDa<\/a><\/li>\n\t\t<li class=\"wsp-post\"><a href=\"https:\/\/proda.no\/en\/2016\/12\/01\/workshop-med-thomas-hauert-21-24-feb\/\">Workshop m\/Thomas Hauert &#8211; feb\/2017<\/a><\/li>\n\t\t<li class=\"wsp-post\"><a href=\"https:\/\/proda.no\/en\/2016\/11\/28\/breakfastclubbin-1-des\/\">BreakfastClubbin 1. des<\/a><\/li>\n\t\t<li class=\"wsp-post\"><a href=\"https:\/\/proda.no\/en\/2016\/11\/20\/robert-hewitt-uke-4748\/\">Robert Hewitt uke 47+48<\/a><\/li>\n\t\t<li class=\"wsp-post\"><a href=\"https:\/\/proda.no\/en\/2016\/11\/17\/apen-provedans-2016-2\/\">\u00c5pen Pr\u00f8vedans 2016<\/a><\/li>\n\t\t<li class=\"wsp-post\"><a href=\"https:\/\/proda.no\/en\/2016\/11\/14\/workshop-24-25-nov-2\/\">Workshop 24.-25.nov<\/a><\/li>\n\t\t<li class=\"wsp-post\"><a href=\"https:\/\/proda.no\/en\/2016\/11\/14\/jazz-uke-4647\/\">Jazz uke 46+47<\/a><\/li>\n\t\t<li class=\"wsp-post\"><a href=\"https:\/\/proda.no\/en\/2016\/11\/10\/frilanstreff-onsd-7-des\/\">FRILANSTREFF onsd 7.des<\/a><\/li>\n\t\t<li class=\"wsp-post\"><a href=\"https:\/\/proda.no\/en\/2016\/11\/03\/obs-forestillinger-pa-huset-uke-4546\/\">OBS ! Forestillinger p\u00e5 huset uke 45+46<\/a><\/li>\n\t\t<li class=\"wsp-post\"><a href=\"https:\/\/proda.no\/en\/2016\/11\/01\/vikar-jazz-uke-45\/\">Vikar jazz uke 45<\/a><\/li>\n\t\t<li class=\"wsp-post\"><a href=\"https:\/\/proda.no\/en\/2016\/10\/24\/apen-provedans-26-nov\/\">\u00c5pen Pr\u00f8vedans 26.nov<\/a><\/li>\n\t\t<li class=\"wsp-post\"><a href=\"https:\/\/proda.no\/en\/2016\/10\/24\/workshop-24-25-nov\/\">Workshop 24.-25. nov<\/a><\/li>\n\t\t<li class=\"wsp-post\"><a href=\"https:\/\/proda.no\/en\/2016\/10\/20\/uke-43-45\/\">PRODA Oslo uke 43-45<\/a><\/li>\n\t\t<li class=\"wsp-post\"><a href=\"https:\/\/proda.no\/en\/2016\/10\/18\/handlingsplan-proda-2016-2017\/\">Handlingsplan PRODA 2016-2017<\/a><\/li>\n\t\t<li class=\"wsp-post\"><a href=\"https:\/\/proda.no\/en\/2016\/10\/10\/prodas-statstilskudd-2017\/\">PRODAs statstilskudd 2017<\/a><\/li>\n\t\t<li class=\"wsp-post\"><a href=\"https:\/\/proda.no\/en\/2016\/10\/07\/etter-klasse-prat-12-10-kl-12-13\/\">Etter-klasse-prat 12.10. kl. 12-13<\/a><\/li>\n\t\t<li class=\"wsp-post\"><a href=\"https:\/\/proda.no\/en\/2016\/10\/07\/sv-og-oslos-ordforer-besoker-proda-13-10\/\">SV og Oslos ordf\u00f8rer p\u00e5 bes\u00f8k 13.10.<\/a><\/li>\n\t\t<li class=\"wsp-post\"><a href=\"https:\/\/proda.no\/en\/2016\/10\/04\/caroline-skjorshammer-uke-4142\/\">Caroline Skj\u00f8rshammer uke 41+42<\/a><\/li>\n\t\t<li class=\"wsp-post\"><a href=\"https:\/\/proda.no\/en\/2016\/09\/30\/vibeke-saether-uke-40-43\/\">Vibeke S\u00e6ther uke 40-42<\/a><\/li>\n\t\t<li class=\"wsp-post\"><a href=\"https:\/\/proda.no\/en\/2016\/09\/27\/etter-klasse-prat-12-10\/\">Etter-klasse-prat 12.10.<\/a><\/li>\n\t\t<li class=\"wsp-post\"><a href=\"https:\/\/proda.no\/en\/2016\/09\/20\/byrad-besoker-proda\/\">Byr\u00e5d bes\u00f8ker PRODA 23.9.<\/a><\/li>\n\t\t<li class=\"wsp-post\"><a href=\"https:\/\/proda.no\/en\/2016\/09\/20\/pedagoger-til-varen-2017\/\">Pedagoger til v\u00e5ren 2017<\/a><\/li>\n\t\t<li class=\"wsp-post\"><a href=\"https:\/\/proda.no\/en\/2016\/09\/16\/gaga-med-natalia-vik-uke-3839\/\">GAGA med Natalia Vik uke 38+39<\/a><\/li>\n\t\t<li class=\"wsp-post\"><a href=\"https:\/\/proda.no\/en\/2016\/09\/16\/thomas-halvorsen-uke-38-40\/\">Thomas Halvorsen uke 38-40<\/a><\/li>\n\t\t<li class=\"wsp-post\"><a href=\"https:\/\/proda.no\/en\/2016\/09\/09\/peter-parker-uke-37-2\/\">Peter Parker uke 37<\/a><\/li>\n\t\t<li class=\"wsp-post\"><a href=\"https:\/\/proda.no\/en\/2016\/09\/08\/treningsrommet\/\">Treningsrommet<\/a><\/li>\n\t\t<li class=\"wsp-post\"><a href=\"https:\/\/proda.no\/en\/2016\/09\/05\/nb-klassen-torsd-8-9-avlyses\/\">NB &#8211; Klassen torsd 8.9. utg\u00e5r<\/a><\/li>\n\t\t<li class=\"wsp-post\"><a href=\"https:\/\/proda.no\/en\/2016\/09\/02\/breakfast-clubbing-fra-8-sep\/\">Breakfast Clubbin fra 8. sep<\/a><\/li>\n\t\t<li class=\"wsp-post\"><a href=\"https:\/\/proda.no\/en\/2016\/09\/02\/nytt-mentoringsprogram\/\">Nytt mentoringprogram<\/a><\/li>\n\t\t<li class=\"wsp-post\"><a href=\"https:\/\/proda.no\/en\/2016\/08\/29\/hostens-pedagoger-2\/\">H\u00f8stens pedagoger<\/a><\/li>\n\t\t<li class=\"wsp-post\"><a href=\"https:\/\/proda.no\/en\/2016\/08\/18\/ny-pa-proda\/\">Ny p\u00e5 PRODA ?<\/a><\/li>\n\t\t<li class=\"wsp-post\"><a href=\"https:\/\/proda.no\/en\/2016\/08\/13\/hostsemesteret-proda-oslo\/\">H\u00f8stsemesteret PRODA Oslo<\/a><\/li>\n\t\t<li class=\"wsp-post\"><a href=\"https:\/\/proda.no\/en\/2016\/08\/08\/workshop-med-julyen-hamilton-uke-44\/\">Workshop med Julyen Hamilton uke 44<\/a><\/li>\n\t\t<li class=\"wsp-post\"><a href=\"https:\/\/proda.no\/en\/2016\/08\/02\/hostsemester-proda-oslo\/\">H\u00f8stsemester PRODA Oslo<\/a><\/li>\n\t\t<li class=\"wsp-post\"><a href=\"https:\/\/proda.no\/en\/2016\/08\/02\/kick-off-for-ferske-proda-brukere\/\">KICK-OFF for ferske PRODA-brukere<\/a><\/li>\n\t\t<li class=\"wsp-post\"><a href=\"https:\/\/proda.no\/en\/2016\/07\/16\/proda-i-sommer\/\">PRODA i sommer<\/a><\/li>\n\t\t<li class=\"wsp-post\"><a href=\"https:\/\/proda.no\/en\/2016\/07\/04\/referat-fra-prodas-generalforsamling-2016\/\">Referat fra generalforsamling 2016<\/a><\/li>\n\t\t<li class=\"wsp-post\"><a href=\"https:\/\/proda.no\/en\/2016\/07\/02\/timeplan-hosten-2016\/\">PRODA Oslo h\u00f8sten 2016<\/a><\/li>\n\t\t<li class=\"wsp-post\"><a href=\"https:\/\/proda.no\/en\/2016\/06\/21\/ny-pa-proda-etter-sommeren\/\">Ny p\u00e5 PRODA etter sommeren ?<\/a><\/li>\n\t\t<li class=\"wsp-post\"><a href=\"https:\/\/proda.no\/en\/2016\/06\/21\/apent-rom-uke-25-oppstart-host-uke-33\/\">\u00c5pent Rom uke 25 &#8211; Nytt semester uke 33<\/a><\/li>\n\t\t<li class=\"wsp-post\"><a href=\"https:\/\/proda.no\/en\/2016\/06\/16\/breakfast-clubbing-mandag-20-6\/\">Breakfast Clubbing mandag 20.6.<\/a><\/li>\n\t\t<li class=\"wsp-post\"><a href=\"https:\/\/proda.no\/en\/2016\/06\/13\/apent-rom-i-gang\/\">\u00c5pent Rom i gang<\/a><\/li>\n\t\t<li class=\"wsp-post\"><a href=\"https:\/\/proda.no\/en\/2016\/06\/07\/breakfast-clubbing-13-juni\/\">Breakfast Clubbing &#038; \u00c5pent Rom<\/a><\/li>\n\t\t<li class=\"wsp-post\"><a href=\"https:\/\/proda.no\/en\/2016\/06\/07\/ny-pa-proda-fra-i-host\/\">Ny p\u00e5 PRODA fra i h\u00f8st ?<\/a><\/li>\n\t\t<li class=\"wsp-post\"><a href=\"https:\/\/proda.no\/en\/2016\/06\/03\/jazz-med-benedicte-lucken-uke-23\/\">Jazz med Benedicte L\u00fctken uke 23<\/a><\/li>\n\t\t<li class=\"wsp-post\"><a href=\"https:\/\/proda.no\/en\/2016\/05\/30\/nye-lonnssatser-proda-pedagoger\/\">Nye l\u00f8nnssatser PRODA-pedagoger<\/a><\/li>\n\t\t<li class=\"wsp-post\"><a href=\"https:\/\/proda.no\/en\/2016\/05\/29\/maritpeter-i-uke-2223\/\">Marit&#038;Peter uke 22+23<\/a><\/li>\n\t\t<li class=\"wsp-post\"><a href=\"https:\/\/proda.no\/en\/2016\/05\/20\/house-mchriz-nypan-uke-2122\/\">House m\/Chriz Nypan uke 21+22<\/a><\/li>\n\t\t<li class=\"wsp-post\"><a href=\"https:\/\/proda.no\/en\/2016\/05\/18\/marianne-kjaersund-uke-19\/\">Marianne Kj\u00e6rsund uke 20<\/a><\/li>\n\t\t<li class=\"wsp-post\"><a href=\"https:\/\/proda.no\/en\/2016\/05\/09\/lokalene-i-oslo-fri-bruk-uke-2425\/\">Bruk lokalene gratis i uke 24+25<\/a><\/li>\n\t\t<li class=\"wsp-post\"><a href=\"https:\/\/proda.no\/en\/2016\/05\/09\/julia-ehrstrand-uke-19\/\">Julia Ehrstrand uke 19<\/a><\/li>\n\t\t<li class=\"wsp-post\"><a href=\"https:\/\/proda.no\/en\/2016\/05\/02\/ny-pameldingsfrist-til-workshop-i-mai\/\">Ny p\u00e5meldingsfrist til Workshop i mai<\/a><\/li>\n\t\t<li class=\"wsp-post\"><a href=\"https:\/\/proda.no\/en\/2016\/04\/25\/dansens-dag-29-4-pa-proda-2\/\">DANSENS DAG<\/a><\/li>\n\t\t<li class=\"wsp-post\"><a href=\"https:\/\/proda.no\/en\/2016\/04\/25\/nb-endring-pedagog-i-uke-18\/\">NB &#8211; Endring pedagog i uke 18<\/a><\/li>\n\t\t<li class=\"wsp-post\"><a href=\"https:\/\/proda.no\/en\/2016\/04\/21\/ledige-plasser-workshop-26-27-5\/\">Ledige plasser Workshop 26.-27.5.<\/a><\/li>\n\t\t<li class=\"wsp-post\"><a href=\"https:\/\/proda.no\/en\/2016\/04\/21\/nytt-styre-i-proda-2\/\">Nytt styre i PRODA<\/a><\/li>\n\t\t<li class=\"wsp-post\"><a href=\"https:\/\/proda.no\/en\/2016\/04\/07\/dansens-dag-pa-proda\/\">Dansens Dag p\u00e5 PRODA<\/a><\/li>\n\t\t<li class=\"wsp-post\"><a href=\"https:\/\/proda.no\/en\/2016\/04\/07\/gratis-provetid-pa-scenehuset\/\">Gratis pr\u00f8vetid p\u00e5 Scenehuset<\/a><\/li>\n\t\t<li class=\"wsp-post\"><a href=\"https:\/\/proda.no\/en\/2016\/04\/02\/suzie-davis-gir-ballettklasser-uke-1415\/\">Suzie Davis gir ballettklasser uke 14+15<\/a><\/li>\n\t\t<li class=\"wsp-post\"><a href=\"https:\/\/proda.no\/en\/2016\/03\/31\/innkalling-til-prodas-generalforsamling\/\">Innkalling til PRODAs generalforsamling<\/a><\/li>\n\t\t<li class=\"wsp-post\"><a href=\"https:\/\/proda.no\/en\/2016\/03\/30\/samtidsdans-med-sissel-bjorkli-uke-1415\/\">Samtidsdans med Sissel Bj\u00f8rkli<\/a><\/li>\n\t\t<li class=\"wsp-post\"><a href=\"https:\/\/proda.no\/en\/2016\/03\/30\/ekstra-tilbud-pa-proda-oslo-26-27-mai\/\">Ekstra tilbud p\u00e5 PRODA Oslo 26.+27.mai<\/a><\/li>\n\t\t<li class=\"wsp-post\"><a href=\"https:\/\/proda.no\/en\/2016\/03\/28\/uke-13-2\/\">PRODA Oslo i uke 13<\/a><\/li>\n\t\t<li class=\"wsp-post\"><a href=\"https:\/\/proda.no\/en\/2016\/03\/17\/unik-mulighet-for-profesjonelle-dansere\/\">Unik mulighet for profesjonelle dansere<\/a><\/li>\n\t\t<li class=\"wsp-post\"><a href=\"https:\/\/proda.no\/en\/2016\/03\/14\/prodas-generalforsamling-16-4\/\">PRODAs generalforsamling 16.4.<\/a><\/li>\n\t\t<li class=\"wsp-post\"><a href=\"https:\/\/proda.no\/en\/2016\/03\/10\/utlysning-pedagoger-til-hosten\/\">Utlysning pedagoger til h\u00f8sten<\/a><\/li>\n\t\t<li class=\"wsp-post\"><a href=\"https:\/\/proda.no\/en\/2016\/03\/08\/contemporary-med-jon-ole-olstad\/\">Contemporary med Jon Ole Olstad<\/a><\/li>\n\t\t<li class=\"wsp-post\"><a href=\"https:\/\/proda.no\/en\/2016\/03\/07\/regional-proda-2016\/\">Regional PRODA 2016<\/a><\/li>\n\t\t<li class=\"wsp-post\"><a href=\"https:\/\/proda.no\/en\/2016\/03\/02\/klasser-med-jon-ole-olstad-kl-9-00\/\">Klasser med Jon Ole Olstad kl. 9.00<\/a><\/li>\n\t\t<li class=\"wsp-post\"><a href=\"https:\/\/proda.no\/en\/2016\/03\/01\/torsdag-3-mars-kl-10-11\/\">Torsdag 3. mars kl. 10-11<\/a><\/li>\n\t\t<li class=\"wsp-post\"><a href=\"https:\/\/proda.no\/en\/2016\/02\/22\/norske-dansekunstnere-verver-medlemmer-pa-proda\/\">Norske Dansekunstnere verver medlemmer p\u00e5 PRODA<\/a><\/li>\n\t\t<li class=\"wsp-post\"><a href=\"https:\/\/proda.no\/en\/2016\/02\/18\/alliansen-kommer-til-proda-23-feb\/\">Alliansen kommer til PRODA 23.feb.<\/a><\/li>\n\t\t<li class=\"wsp-post\"><a href=\"https:\/\/proda.no\/en\/2016\/02\/12\/pamelding-til-intensive-workshop-9-14-mai\/\">P\u00e5melding til Intensive Workshop 9.-14.mai<\/a><\/li>\n\t\t<li class=\"wsp-post\"><a href=\"https:\/\/proda.no\/en\/2016\/02\/07\/vibeke-saether-uke-7-9\/\">Vibeke S\u00e6ther uke 6-8<\/a><\/li>\n\t\t<li class=\"wsp-post\"><a href=\"https:\/\/proda.no\/en\/2016\/01\/28\/generalforsamling-i-proda-16-apr\/\">Generalforsamling i PRODA 16.apr.<\/a><\/li>\n\t\t<li class=\"wsp-post\"><a href=\"https:\/\/proda.no\/en\/2016\/01\/26\/breakfastclubbin-starter-4-feb-pa-proda-oslo\/\">BreakfastClubbin starter 4. feb p\u00e5 PRODA Oslo<\/a><\/li>\n\t\t<li class=\"wsp-post\"><a href=\"https:\/\/proda.no\/en\/2016\/01\/26\/fridans-starter-2-feb-pa-proda-oslo\/\">Fridans starter 2. feb p\u00e5 PRODA Oslo<\/a><\/li>\n\t\t<li class=\"wsp-post\"><a href=\"https:\/\/proda.no\/en\/2016\/01\/24\/pedagoger-i-uke-4-6-5\/\">Pedagoger i uke 4-6<\/a><\/li>\n\t\t<li class=\"wsp-post\"><a href=\"https:\/\/proda.no\/en\/2016\/01\/20\/nye-tilbud-ved-proda\/\">Nye tilbud p\u00e5 PRODA<\/a><\/li>\n\t\t<li class=\"wsp-post\"><a href=\"https:\/\/proda.no\/en\/2016\/01\/11\/skuespiller-og-danseralliansen\/\">Skuespiller- og danseralliansen skal ansette flere<\/a><\/li>\n\t\t<li class=\"wsp-post\"><a href=\"https:\/\/proda.no\/en\/2016\/01\/04\/soknadsfrist-20-jan-for-proda-regionalt\/\">S\u00f8knadsfrist 20. jan for PRODA regionalt<\/a><\/li>\n\t\t<li class=\"wsp-post\"><a href=\"https:\/\/proda.no\/en\/2016\/01\/03\/proda-oslo-2016\/\">PRODA Oslo 2016<\/a><\/li>\n\t\t<li class=\"wsp-post\"><a href=\"https:\/\/proda.no\/en\/2015\/12\/23\/varplanen-proda-oslo\/\">V\u00e5rplanen PRODA Oslo<\/a><\/li>\n\t\t<li class=\"wsp-post\"><a href=\"https:\/\/proda.no\/en\/2015\/12\/18\/god-jul-godt-nyttar-2\/\">GOD JUL &#038; GODT NYTT\u00c5R<\/a><\/li>\n\t\t<li class=\"wsp-post\"><a href=\"https:\/\/proda.no\/en\/2015\/12\/07\/moderne-improvisasjon-uke-5051\/\">Moderne improvisasjon uke 50+51<\/a><\/li>\n\t\t<li class=\"wsp-post\"><a href=\"https:\/\/proda.no\/en\/2015\/11\/30\/gloggsang-etter-klasse-onsdag-9-des\/\">Gl\u00f8gg&#038;sang etter klasse onsdag 9. des<\/a><\/li>\n\t\t<li class=\"wsp-post\"><a href=\"https:\/\/proda.no\/en\/2015\/11\/23\/klasser-i-samtidsdans-uke-4849\/\">Samtidsdans uke 48+49<\/a><\/li>\n\t\t<li class=\"wsp-post\"><a href=\"https:\/\/proda.no\/en\/2015\/11\/21\/proda-regionalt-seminar-2015\/\">PRODA Regionalt Seminar 2015<\/a><\/li>\n\t\t<li class=\"wsp-post\"><a href=\"https:\/\/proda.no\/en\/2015\/11\/18\/styreverv-i-proda-3\/\">Styreverv i PRODA<\/a><\/li>\n\t\t<li class=\"wsp-post\"><a href=\"https:\/\/proda.no\/en\/2015\/11\/16\/frilanstreff-10-desember\/\">Frilanstreff 10. desember<\/a><\/li>\n\t\t<li class=\"wsp-post\"><a href=\"https:\/\/proda.no\/en\/2015\/11\/12\/proda-regionalt-seminar-19-20-nov-2015\/\">PRODA Regionalt seminar 19.-20.nov<\/a><\/li>\n\t\t<li class=\"wsp-post\"><a href=\"https:\/\/proda.no\/en\/2015\/11\/09\/husk-endringer-i-uke-46\/\">Husk endringer i uke 46 !<\/a><\/li>\n\t\t<li class=\"wsp-post\"><a href=\"https:\/\/proda.no\/en\/2015\/11\/05\/solo-performance-improvisation-uke-47\/\">Solo Performance Improvisation uke 47<\/a><\/li>\n\t\t<li class=\"wsp-post\"><a href=\"https:\/\/proda.no\/en\/2015\/11\/05\/workshop-danser-kamera-laboratorie-jan-2016\/\">Workshop Danser-kamera, laboratorie &#8211; jan 2016<\/a><\/li>\n\t\t<li class=\"wsp-post\"><a href=\"https:\/\/proda.no\/en\/2015\/10\/29\/proda-svarer\/\">PRODA SVARER<\/a><\/li>\n\t\t<li class=\"wsp-post\"><a href=\"https:\/\/proda.no\/en\/2015\/10\/23\/nb-endringer-pa-timeplanen-uke-44-46\/\">NB ! Endringer p\u00e5 timeplanen uke 44-46<\/a><\/li>\n\t\t<li class=\"wsp-post\"><a href=\"https:\/\/proda.no\/en\/2015\/10\/20\/workshop-22-24-10-med-rasmus-olme\/\">Workshop 22.-24.10 med Rasmus \u00d6lme<\/a><\/li>\n\t\t<li class=\"wsp-post\"><a href=\"https:\/\/proda.no\/en\/2015\/10\/13\/workshop-14-16-okt-med-martin-kilvady\/\">Klasser 19.-21. okt<\/a><\/li>\n\t\t<li class=\"wsp-post\"><a href=\"https:\/\/proda.no\/en\/2015\/10\/08\/14-24-oktober-proda-oso\/\">PRODA Oslo 14.- 24. oktober<\/a><\/li>\n\t\t<li class=\"wsp-post\"><a href=\"https:\/\/proda.no\/en\/2015\/10\/07\/prodas-statstilskudd-2016\/\">PRODAs statstilskudd 2016<\/a><\/li>\n\t\t<li class=\"wsp-post\"><a href=\"https:\/\/proda.no\/en\/2015\/09\/29\/foreslatt-tilskudd-til-proda-oslo-for-2016\/\">Foresl\u00e5tt tilskudd til PRODA Oslo 2016<\/a><\/li>\n\t\t<li class=\"wsp-post\"><a href=\"https:\/\/proda.no\/en\/2015\/09\/28\/proda-coda-workshop-2015-naermer-seg\/\">PRODA CODA WORKSHOP 2015 n\u00e6rmer seg<\/a><\/li>\n\t\t<li class=\"wsp-post\"><a href=\"https:\/\/proda.no\/en\/2015\/09\/27\/info-floor-barre-klasse\/\">Info Floor Barre klasser<\/a><\/li>\n\t\t<li class=\"wsp-post\"><a href=\"https:\/\/proda.no\/en\/2015\/09\/24\/8-klasser-i-uke-uke-40\/\">Mange klasser i h\u00f8stferieuka\/uke 40<\/a><\/li>\n\t\t<li class=\"wsp-post\"><a href=\"https:\/\/proda.no\/en\/2015\/09\/22\/ballett-med-sissel-arseth-uke-39\/\">Ballett med Sissel Aarseth uke 39<\/a><\/li>\n\t\t<li class=\"wsp-post\"><a href=\"https:\/\/proda.no\/en\/2015\/09\/14\/apen-provedans-2016\/\">\u00c5pen Pr\u00f8vedans 2015<\/a><\/li>\n\t\t<li class=\"wsp-post\"><a href=\"https:\/\/proda.no\/en\/2015\/09\/09\/utlysning-pedagoger-til-varen-2016\/\">Utlysning pedagoger til v\u00e5ren 2016<\/a><\/li>\n\t\t<li class=\"wsp-post\"><a href=\"https:\/\/proda.no\/en\/2015\/09\/08\/uke-3738\/\">Uke 37+38<\/a><\/li>\n\t\t<li class=\"wsp-post\"><a href=\"https:\/\/proda.no\/en\/2015\/09\/04\/andrew-morrish-klasserworkshop-i-november\/\">P\u00e5melding til Andrew Morrish workshop i november<\/a><\/li>\n\t\t<li class=\"wsp-post\"><a href=\"https:\/\/proda.no\/en\/2015\/09\/04\/beskok-av-tegne-studenter\/\">Bes\u00f8k av tegne-studenter 9.sep<\/a><\/li>\n\t\t<li class=\"wsp-post\"><a href=\"https:\/\/proda.no\/en\/2015\/08\/31\/prodas-regionale-avdelinger\/\">PRODAs regionale avdelinger<\/a><\/li>\n\t\t<li class=\"wsp-post\"><a href=\"https:\/\/proda.no\/en\/2015\/08\/24\/husk-kick-off-onsd-26-8-kl-12-14\/\">HUSK Kick Off onsd 26.8. kl.12-14<\/a><\/li>\n\t\t<li class=\"wsp-post\"><a href=\"https:\/\/proda.no\/en\/2015\/08\/21\/jazz-og-ballett-i-uke-3435\/\">Jazz og ballett i uke 35+36<\/a><\/li>\n\t\t<li class=\"wsp-post\"><a href=\"https:\/\/proda.no\/en\/2015\/08\/18\/pedagoger-i-host\/\">Pedagoger i h\u00f8st<\/a><\/li>\n\t\t<li class=\"wsp-post\"><a href=\"https:\/\/proda.no\/en\/2015\/08\/13\/kick-off-26-8-pa-proda-oslo\/\">KICK-OFF 26.8. p\u00e5 PRODA Oslo<\/a><\/li>\n\t\t<li class=\"wsp-post\"><a href=\"https:\/\/proda.no\/en\/2015\/08\/03\/host-semester-proda-oslo\/\">H\u00f8st-semester PRODA Oslo<\/a><\/li>\n\t\t<li class=\"wsp-post\"><a href=\"https:\/\/proda.no\/en\/2015\/07\/08\/kick-off-26-august\/\">Kick Off 26. august<\/a><\/li>\n\t\t<li class=\"wsp-post\"><a href=\"https:\/\/proda.no\/en\/2015\/07\/07\/god-sommer\/\">GOD SOMMER<\/a><\/li>\n\t\t<li class=\"wsp-post\"><a href=\"https:\/\/proda.no\/en\/2015\/07\/07\/workshop-program-14-26-okt\/\">Workshop program 14.-26. okt<\/a><\/li>\n\t\t<li class=\"wsp-post\"><a href=\"https:\/\/proda.no\/en\/2015\/06\/30\/timeplan-for-hosten\/\">Timeplan for h\u00f8sten<\/a><\/li>\n\t\t<li class=\"wsp-post\"><a href=\"https:\/\/proda.no\/en\/2015\/06\/15\/studioene-i-oslo-er-apne-i-uke-2526\/\">Studioene i Oslo er \u00e5pne i uke 25+26<\/a><\/li>\n\t\t<li class=\"wsp-post\"><a href=\"https:\/\/proda.no\/en\/2015\/06\/08\/frilansetreff-24-juni\/\">Frilanstreff 24.juni<\/a><\/li>\n\t\t<li class=\"wsp-post\"><a href=\"https:\/\/proda.no\/en\/2015\/06\/03\/pameling-workshop-klein-technique-i-august\/\">P\u00e5meling Workshop Klein Technique i august<\/a><\/li>\n\t\t<li class=\"wsp-post\"><a href=\"https:\/\/proda.no\/en\/2015\/06\/03\/soker-leder-for-proda-rogaland\/\">S\u00f8ker leder for PRODA Rogaland<\/a><\/li>\n\t\t<li class=\"wsp-post\"><a href=\"https:\/\/proda.no\/en\/2015\/05\/28\/nye-tider-for-jazzklasser-med-karlknut\/\">Nye tider &#8211; jazzklasser med Karl&#038;Knut<\/a><\/li>\n\t\t<li class=\"wsp-post\"><a href=\"https:\/\/proda.no\/en\/2015\/05\/26\/nytt-proda-tilbud-i-uke-25-26\/\">Nytt og anderledes PRODA-tilbud i Oslo<\/a><\/li>\n\t\t<li class=\"wsp-post\"><a href=\"https:\/\/proda.no\/en\/2015\/05\/22\/ballett-med-caroline-skjorshammer\/\">Ballett med Caroline Skj\u00f8rshammer<\/a><\/li>\n\t\t<li class=\"wsp-post\"><a href=\"https:\/\/proda.no\/en\/2015\/05\/20\/nytt-styre-i-proda\/\">Nytt styre i PRODA<\/a><\/li>\n\t\t<li class=\"wsp-post\"><a href=\"https:\/\/proda.no\/en\/2015\/05\/11\/stian-danielsen-i-uke-20-22\/\">Stian Danielsen i uke 20-22<\/a><\/li>\n\t\t<li class=\"wsp-post\"><a href=\"https:\/\/proda.no\/en\/2015\/05\/08\/prodas-horingssvar-til-kunstnerokonomi-utredningen\/\">PRODAs h\u00f8ringssvar til Kunstner\u00f8konomi-utredningen<\/a><\/li>\n\t\t<li class=\"wsp-post\"><a href=\"https:\/\/proda.no\/en\/2015\/05\/07\/apent-rom-i-uke-2526\/\">\u00c5pent Rom 15.-26. juni<\/a><\/li>\n\t\t<li class=\"wsp-post\"><a href=\"https:\/\/proda.no\/en\/2015\/04\/30\/ny-pedagog-i-ballett\/\">Ny pedagog i ballett<\/a><\/li>\n\t\t<li class=\"wsp-post\"><a href=\"https:\/\/proda.no\/en\/2015\/04\/27\/dansens-dag-pa-proda-oslo\/\">Dansens Dag p\u00e5 PRODA Oslo<\/a><\/li>\n\t\t<li class=\"wsp-post\"><a href=\"https:\/\/proda.no\/en\/2015\/04\/26\/annette-brandanger-uke-18-19\/\">Annette Brandanger uke 18-19<\/a><\/li>\n\t\t<li class=\"wsp-post\"><a href=\"https:\/\/proda.no\/en\/2015\/04\/20\/dansens-dag-29-4-pa-proda\/\">Dansens Dag 29.4. p\u00e5 PRODA<\/a><\/li>\n\t\t<li class=\"wsp-post\"><a href=\"https:\/\/proda.no\/en\/2015\/04\/17\/hiphop-klasser-med-ambassador-for-dansens-dager\/\">Hiphop-klasser med ambassad\u00f8ren for Dansens Dager<\/a><\/li>\n\t\t<li class=\"wsp-post\"><a href=\"https:\/\/proda.no\/en\/2015\/04\/12\/3-uker-med-ellen-kjellberg\/\">3 uker med Ellen Kjellberg<\/a><\/li>\n\t\t<li class=\"wsp-post\"><a href=\"https:\/\/proda.no\/en\/2015\/03\/23\/prodas-generalforsamling\/\">GENERALFORSAMLING 2015<\/a><\/li>\n\t\t<li class=\"wsp-post\"><a href=\"https:\/\/proda.no\/en\/2015\/03\/16\/ny-pedagog-pa-proda-oslo-4\/\">Ny pedagog p\u00e5 PRODA Oslo<\/a><\/li>\n\t\t<li class=\"wsp-post\"><a href=\"https:\/\/proda.no\/en\/2015\/03\/15\/robert-hewitt-uke-1213\/\">Robert Hewitt uke 12+13<\/a><\/li>\n\t\t<li class=\"wsp-post\"><a href=\"https:\/\/proda.no\/en\/2015\/03\/11\/generalforsamling-i-proda\/\">Generalforsamling i PRODA<\/a><\/li>\n\t\t<li class=\"wsp-post\"><a href=\"https:\/\/proda.no\/en\/2015\/03\/09\/soker-pedagoger-til-hosten\/\">S\u00f8ker pedagoger til h\u00f8sten<\/a><\/li>\n\t\t<li class=\"wsp-post\"><a href=\"https:\/\/proda.no\/en\/2015\/03\/07\/jannine-rivel-erstatter-barbara-mahler\/\">Jannine Rivel erstatter Barbara Mahler<\/a><\/li>\n\t\t<li class=\"wsp-post\"><a href=\"https:\/\/proda.no\/en\/2015\/03\/05\/klein-technique-med-barbara-mahler\/\">KLEIN TECHNIQUE med Barbara Mahler<\/a><\/li>\n\t\t<li class=\"wsp-post\"><a href=\"https:\/\/proda.no\/en\/2015\/03\/03\/ny-pedagog-pa-proda-oslo-3\/\">Ballett med Sissel Aarseth uke 39<\/a><\/li>\n\t\t<li class=\"wsp-post\"><a href=\"https:\/\/proda.no\/en\/2015\/02\/26\/jana-hicks-27-feb-5-mars\/\">Jana Hicks 27.feb -5.mars<\/a><\/li>\n\t\t<li class=\"wsp-post\"><a href=\"https:\/\/proda.no\/en\/2015\/02\/24\/vikar-i-samtidsdans-26-2\/\">Vikar i samtidsdans 26.2.<\/a><\/li>\n\t\t<li class=\"wsp-post\"><a href=\"https:\/\/proda.no\/en\/2015\/02\/10\/workshop-med-barbara-mahler-10-12-mars\/\">P\u00e5melding til workshop med Barbara Mahler 10.-12. Mars<\/a><\/li>\n\t\t<li class=\"wsp-post\"><a href=\"https:\/\/proda.no\/en\/2015\/02\/03\/samtidsdans-i-flere-uker-med-matthew-w-smith\/\">Samtidsdans i flere uker med Matthew William Smith<\/a><\/li>\n\t\t<li class=\"wsp-post\"><a href=\"https:\/\/proda.no\/en\/2015\/02\/01\/ballett-med-kevin-cregan-i-uke-67\/\">Ballett med Kevin Cregan i uke 6+7<\/a><\/li>\n\t\t<li class=\"wsp-post\"><a href=\"https:\/\/proda.no\/en\/2015\/01\/29\/utredning-om-kunstnerokonomien\/\">Utredning om kunstner\u00f8konomien<\/a><\/li>\n\t\t<li class=\"wsp-post\"><a href=\"https:\/\/proda.no\/en\/2015\/01\/21\/profilert-dansepar-til-proda\/\">Profilert dansepar til PRODA Oslo<\/a><\/li>\n\t\t<li class=\"wsp-post\"><a href=\"https:\/\/proda.no\/en\/2015\/01\/15\/rom-for-dans-10-ar\/\">Rom for Dans 10 \u00e5r<\/a><\/li>\n\t\t<li class=\"wsp-post\"><a href=\"https:\/\/proda.no\/en\/2015\/01\/14\/alliansen-skal-ansette-flere-dansere\/\">Alliansen skal ansette flere dansere<\/a><\/li>\n\t\t<li class=\"wsp-post\"><a href=\"https:\/\/proda.no\/en\/2015\/01\/12\/workshophelg-28-02-01-03\/\">Workshophelg 28.02.-01.03.<\/a><\/li>\n\t\t<li class=\"wsp-post\"><a href=\"https:\/\/proda.no\/en\/2015\/01\/12\/sun-xiao-jun-i-uke-3-og-4\/\">Sun Xiao Jun i uke 3 og 4<\/a><\/li>\n\t\t<li class=\"wsp-post\"><a href=\"https:\/\/proda.no\/en\/2015\/01\/05\/uke-2-hiphop-med-jens-jeffry-trinidad\/\">Uke 2 &#8211; HIPHOP med Jens Jeffry Trinidad<\/a><\/li>\n\t\t<li class=\"wsp-post\"><a href=\"https:\/\/proda.no\/en\/2015\/01\/05\/varsemester-2015-er-i-gang\/\">V\u00e5rsemester 2015 er i gang<\/a><\/li>\n\t\t<li class=\"wsp-post\"><a href=\"https:\/\/proda.no\/en\/2014\/12\/19\/god-jul-godt-nyttar\/\">GOD JUL &#038; GODT NYTT\u00c5R !<\/a><\/li>\n\t\t<li class=\"wsp-post\"><a href=\"https:\/\/proda.no\/en\/2014\/12\/16\/regionale-proda-tilskudd-2015\/\">Regionale PRODA-tilskudd 2015<\/a><\/li>\n\t\t<li class=\"wsp-post\"><a href=\"https:\/\/proda.no\/en\/2014\/12\/15\/klasser-i-improvisasjon\/\">Klasser i improvisasjon<\/a><\/li>\n\t\t<li class=\"wsp-post\"><a href=\"https:\/\/proda.no\/en\/2014\/12\/08\/juletilstelning-proda-oslo\/\">Juletilstelning PRODA &#038; Rom for Dans<\/a><\/li>\n\t\t<li class=\"wsp-post\"><a href=\"https:\/\/proda.no\/en\/2014\/12\/05\/nb-alle-ballettklasser-uke-5051-kl-9-00\/\">NB ! Alle ballettklasser kl. 9.00 i uke 50+51<\/a><\/li>\n\t\t<li class=\"wsp-post\"><a href=\"https:\/\/proda.no\/en\/2014\/12\/04\/styreverv-i-proda-2\/\">Styreverv i PRODA<\/a><\/li>\n\t\t<li class=\"wsp-post\"><a href=\"https:\/\/proda.no\/en\/2014\/12\/02\/proda-julekalender\/\">PRODA Julekalender<\/a><\/li>\n\t\t<li class=\"wsp-post\"><a href=\"https:\/\/proda.no\/en\/2014\/11\/18\/nb-gaga-klasse-onsdag-19-nov-avlyst\/\">GAGA med Shi Pratt uke 48-50<\/a><\/li>\n\t\t<li class=\"wsp-post\"><a href=\"https:\/\/proda.no\/en\/2014\/11\/16\/ballettklasser-daglig-i-uke-4748\/\">Ballettklasser daglig i uke 47+48<\/a><\/li>\n\t\t<li class=\"wsp-post\"><a href=\"https:\/\/proda.no\/en\/2014\/10\/26\/nb-endring-tider-tirsdtorsd-uke-44-46\/\">NB &#8211; Endring tider tirsd+torsd uke 44-46<\/a><\/li>\n\t\t<li class=\"wsp-post\"><a href=\"https:\/\/proda.no\/en\/2014\/10\/16\/peter-parker-hele-uke-43\/\">Peter Parker ballettklasser hele uke 43<\/a><\/li>\n\t\t<li class=\"wsp-post\"><a href=\"https:\/\/proda.no\/en\/2014\/10\/13\/husk-a-signere-deg-inn-for-klasse\/\">Husk \u00e5 signere deg inn f\u00f8r klasse !<\/a><\/li>\n\t\t<li class=\"wsp-post\"><a href=\"https:\/\/proda.no\/en\/2014\/10\/08\/prodas-statstilskudd-for-2015\/\">PRODAs statstilskudd for 2015<\/a><\/li>\n\t\t<li class=\"wsp-post\"><a href=\"https:\/\/proda.no\/en\/2014\/10\/07\/etter-klasse-prat-onsdag-8-oktober\/\">Etter-klasse-prat onsdag 8. oktober<\/a><\/li>\n\t\t<li class=\"wsp-post\"><a href=\"https:\/\/proda.no\/en\/2014\/10\/05\/proda-oslo-uke-4142-2\/\">PRODA Oslo  &#8211; uke 41+42<\/a><\/li>\n\t\t<li class=\"wsp-post\"><a href=\"https:\/\/proda.no\/en\/2014\/10\/05\/proda-oslo-uke-4142\/\">PRODA Oslo  &#8211;  uke 41+42<\/a><\/li>\n\t\t<li class=\"wsp-post\"><a href=\"https:\/\/proda.no\/en\/2014\/10\/01\/oslo-kommunes-forslag-til-tilskudd-proda-2015\/\">Oslo kommune og PRODA 2015<\/a><\/li>\n\t\t<li class=\"wsp-post\"><a href=\"https:\/\/proda.no\/en\/2014\/09\/21\/vibeke-saether-klasser-uke-3940\/\">Vibeke S\u00e6ther &#8211; klasser uke 39+40<\/a><\/li>\n\t\t<li class=\"wsp-post\"><a href=\"https:\/\/proda.no\/en\/2014\/09\/17\/soker-pedagoger-for-varen-2015\/\">S\u00f8ker pedagoger til v\u00e5ren 2015<\/a><\/li>\n\t\t<li class=\"wsp-post\"><a href=\"https:\/\/proda.no\/en\/2014\/09\/16\/apen-provedans-2014\/\">\u00c5pen Pr\u00f8vedans 2014<\/a><\/li>\n\t\t<li class=\"wsp-post\"><a href=\"https:\/\/proda.no\/en\/2014\/09\/08\/samarbeid-med-daglig-trening-i-stockholm\/\">Samarbeid med Daglig Trening i Stockholm<\/a><\/li>\n\t\t<li class=\"wsp-post\"><a href=\"https:\/\/proda.no\/en\/2014\/09\/03\/nytt-mentoringprogram-2015\/\">Nytt Mentoringprogram 2015<\/a><\/li>\n\t\t<li class=\"wsp-post\"><a href=\"https:\/\/proda.no\/en\/2014\/09\/02\/garderober-pa-proda-oslo-stenges-to-dager\/\">Garderober p\u00e5 PRODA Oslo stenges to dager<\/a><\/li>\n\t\t<li class=\"wsp-post\"><a href=\"https:\/\/proda.no\/en\/2014\/08\/27\/ny-pedagog-pa-proda-oslo-2\/\">Ny pedagog p\u00e5 PRODA Oslo<\/a><\/li>\n\t\t<li class=\"wsp-post\"><a href=\"https:\/\/proda.no\/en\/2014\/08\/25\/ny-pedagog-pa-proda-oslo\/\">Ny pedagog p\u00e5 PRODA Oslo<\/a><\/li>\n\t\t<li class=\"wsp-post\"><a href=\"https:\/\/proda.no\/en\/2014\/08\/25\/apen-provedans-2015\/\">\u00c5pen Pr\u00f8vedans 2014<\/a><\/li>\n\t\t<li class=\"wsp-post\"><a href=\"https:\/\/proda.no\/en\/2014\/08\/17\/hosten-2014-proda-oslo-2\/\">H\u00f8sten 2014 &#8211; PRODA Oslo<\/a><\/li>\n\t\t<li class=\"wsp-post\"><a href=\"https:\/\/proda.no\/en\/2014\/08\/12\/unik-sjanseekstra-klasser-torsd-14-og-fred-15-august\/\">Unik sjanse\/ekstra klasser torsd 14. og fred 15. august !<\/a><\/li>\n\t\t<li class=\"wsp-post\"><a href=\"https:\/\/proda.no\/en\/2014\/07\/14\/hosten-2014-proda-oslo\/\">H\u00f8sten 2014 &#8211; PRODA Oslo<\/a><\/li>\n\t\t<li class=\"wsp-post\"><a href=\"https:\/\/proda.no\/en\/2014\/07\/02\/oppstart-hostsemester-11-august\/\">Oppstart h\u00f8stsemester 11. august<\/a><\/li>\n\t\t<li class=\"wsp-post\"><a href=\"https:\/\/proda.no\/en\/2014\/06\/12\/nb-endring-av-tider-i-uke-25-16-20-6\/\">NB ! Endring av tider i uke 25 (16.-20.6.)<\/a><\/li>\n\t\t<li class=\"wsp-post\"><a href=\"https:\/\/proda.no\/en\/2014\/06\/11\/foredrag-om-restitusjon-12-juni-kl-12-00-13-30\/\">Foredrag om restitusjon  &#8211; 12. juni kl. 12.00-13.30<\/a><\/li>\n\t\t<li class=\"wsp-post\"><a href=\"https:\/\/proda.no\/en\/2014\/06\/09\/sommertreneningsuke-starter-10-juni\/\">Sommertreneningsuke starter 10.juni<\/a><\/li>\n\t\t<li class=\"wsp-post\"><a href=\"https:\/\/proda.no\/en\/2014\/05\/30\/nb-endring-pa-timeplanen-uke-23\/\">NB ! Endring p\u00e5 timeplanen uke 23<\/a><\/li>\n\t\t<li class=\"wsp-post\"><a href=\"https:\/\/proda.no\/en\/2014\/05\/30\/sommeruke-10-13-juni\/\">SOMMERUKE 10.-13. juni<\/a><\/li>\n\t\t<li class=\"wsp-post\"><a href=\"https:\/\/proda.no\/en\/2014\/05\/22\/nb-endring-i-klasser-uke-23-2-6-juni\/\">NB ! Endring i klasser uke 23 (2.-6. juni)<\/a><\/li>\n\t\t<li class=\"wsp-post\"><a href=\"https:\/\/proda.no\/en\/2014\/05\/19\/gjestepedagog-i-mai-julia-ehrstrand\/\">Gjestepedagog i mai &#8211; Julia Ehrstrand<\/a><\/li>\n\t\t<li class=\"wsp-post\"><a href=\"https:\/\/proda.no\/en\/2014\/05\/16\/nb-alle-ballettklasser-kl-9-00-i-uke-22\/\">NB ! Alle ballettklasser kl. 9.00 i uke 22<\/a><\/li>\n\t\t<li class=\"wsp-post\"><a href=\"https:\/\/proda.no\/en\/2014\/05\/16\/utivdet-tilbud-ved-proda-oslo-uke-24\/\">Utivdet tilbud ved PRODA Oslo uke 24<\/a><\/li>\n\t\t<li class=\"wsp-post\"><a href=\"https:\/\/proda.no\/en\/2014\/05\/12\/tyveri-av-klaer-sko-pa-proda-oslo\/\">Tyveri av kl\u00e6r &#038; sko p\u00e5 PRODA Oslo<\/a><\/li>\n\t\t<li class=\"wsp-post\"><a href=\"https:\/\/proda.no\/en\/2014\/05\/11\/nb-andre-tider-for-ballettklasser-uke-2021\/\">NB ! Andre tider for ballettklasser uke 20+21 PRODA Oslo<\/a><\/li>\n\t\t<li class=\"wsp-post\"><a href=\"https:\/\/proda.no\/en\/2014\/05\/06\/workshop-med-dv8-pa-dansens-hus-31-mai\/\">WORKSHOP med DV8 p\u00e5 Dansens Hus 31.mai<\/a><\/li>\n\t\t<li class=\"wsp-post\"><a href=\"https:\/\/proda.no\/en\/2014\/04\/30\/gratis-danseforedrag-5-mai\/\">Gratis danseforedrag mandag 5.mai<\/a><\/li>\n\t\t<li class=\"wsp-post\"><a href=\"https:\/\/proda.no\/en\/2014\/04\/28\/dansens-dager-er-igang\/\">DANSENS DAGER er igang !<\/a><\/li>\n\t\t<li class=\"wsp-post\"><a href=\"https:\/\/proda.no\/en\/2014\/04\/23\/dansens-dager-dansen-2014\/\">DANSENS DAGER 2014 &#8211; ekstra klasse PRODA Oslo<\/a><\/li>\n\t\t<li class=\"wsp-post\"><a href=\"https:\/\/proda.no\/en\/2014\/04\/21\/ballettklasser-hver-dag-etter-paske\/\">Ballettklasser hver dag etter p\u00e5ske<\/a><\/li>\n\t\t<li class=\"wsp-post\"><a href=\"https:\/\/proda.no\/en\/2014\/04\/10\/proda-pa-facebook-3\/\">PRODA p\u00e5 Facebook<\/a><\/li>\n\t\t<li class=\"wsp-post\"><a href=\"https:\/\/proda.no\/en\/2014\/04\/05\/ballett-hver-dag-7-11-april\/\">Ballett hver dag 7.-11. april<\/a><\/li>\n\t\t<li class=\"wsp-post\"><a href=\"https:\/\/proda.no\/en\/2014\/04\/02\/proda-aust-og-vest-agder\/\">PRODA Aust og Vest Agder<\/a><\/li>\n\t\t<li class=\"wsp-post\"><a href=\"https:\/\/proda.no\/en\/2014\/03\/26\/foredrag-og-individuell-coaching-ved-professor-cecilia-roos\/\">Foredrag og individuell coaching ved professor Cecilia Roos<\/a><\/li>\n\t\t<li class=\"wsp-post\"><a href=\"https:\/\/proda.no\/en\/2014\/03\/19\/generalforsamling-5-april-2014-2\/\">Generalforsamling 5.april 2014<\/a><\/li>\n\t\t<li class=\"wsp-post\"><a href=\"https:\/\/proda.no\/en\/2014\/03\/18\/radgivning-pa-proda-onsdag-19-mars-kl-10-15-13-00\/\">R\u00e5dgivning p\u00e5 PRODA onsdag 19.mars kl. 10.15-13.00<\/a><\/li>\n\t\t<li class=\"wsp-post\"><a href=\"https:\/\/proda.no\/en\/2014\/03\/16\/vikar-pa-ballettklassen-mandag-17-3\/\">Vikar p\u00e5 ballettklassene hele uke 12<\/a><\/li>\n\t\t<li class=\"wsp-post\"><a href=\"https:\/\/proda.no\/en\/2014\/03\/11\/husk-endring-tider-i-uke-11\/\">Husk endring tider i uke 11!<\/a><\/li>\n\t\t<li class=\"wsp-post\"><a href=\"https:\/\/proda.no\/en\/2014\/03\/06\/skuespiller-og-danseralliansen-skal-ansette-flere\/\">Skuespiller- og danseralliansen skal ansette flere<\/a><\/li>\n\t\t<li class=\"wsp-post\"><a href=\"https:\/\/proda.no\/en\/2014\/02\/28\/utlysning-pedagoger-hosten-2014\/\">Utlysning pedagoger h\u00f8sten 2014<\/a><\/li>\n\t\t<li class=\"wsp-post\"><a href=\"https:\/\/proda.no\/en\/2014\/02\/25\/nb-endring-tider-for-klasser-i-uke-1011\/\">NB ! Endring tider for klasser i uke10+11<\/a><\/li>\n\t\t<li class=\"wsp-post\"><a href=\"https:\/\/proda.no\/en\/2014\/02\/17\/proda-oslo-stottes-igjen-av-oslo-kommune\/\">PRODA Oslo st\u00f8ttes igjen av Oslo kommune<\/a><\/li>\n\t\t<li class=\"wsp-post\"><a href=\"https:\/\/proda.no\/en\/2014\/02\/06\/gjestepedagog-peter-parker-uke-7\/\">Gjestepedagog Peter Parker uke 7<\/a><\/li>\n\t\t<li class=\"wsp-post\"><a href=\"https:\/\/proda.no\/en\/2014\/02\/04\/workshop-13-14-mars-med-alan-lucien-oyen\/\">Workshop 13.&#038;14. mars med Alan Lucien \u00d8yen<\/a><\/li>\n\t\t<li class=\"wsp-post\"><a href=\"https:\/\/proda.no\/en\/2014\/01\/27\/lonn-pedagoger-nye-rutiner\/\">L\u00f8nn pedagoger &#8211; nye rutiner<\/a><\/li>\n\t\t<li class=\"wsp-post\"><a href=\"https:\/\/proda.no\/en\/2014\/01\/21\/regional-proda-2014\/\">Regional PRODA 2014<\/a><\/li>\n\t\t<li class=\"wsp-post\"><a href=\"https:\/\/proda.no\/en\/2014\/01\/20\/ambassador-for-dansens-dager-2014\/\">Ambassad\u00f8r for Dansens Dager 2014<\/a><\/li>\n\t\t<li class=\"wsp-post\"><a href=\"https:\/\/proda.no\/en\/2014\/01\/14\/oslo-kommune-proda-og-tilskudd\/\">Oslo kommune, PRODA og tilskudd<\/a><\/li>\n\t\t<li class=\"wsp-post\"><a href=\"https:\/\/proda.no\/en\/2014\/01\/13\/asher-lev-og-one-hour-shake-i-uke-3\/\">Asher Lev og &laquo;One hour shake&raquo; i uke 3<\/a><\/li>\n\t\t<li class=\"wsp-post\"><a href=\"https:\/\/proda.no\/en\/2014\/01\/08\/pedagoger-varen-2014\/\">Pedagoger v\u00e5ren 2014<\/a><\/li>\n\t\t<li class=\"wsp-post\"><a href=\"https:\/\/proda.no\/en\/2014\/01\/07\/obs-nye-tider-for-klasser-pa-onsdager\/\">OBS ! Nye tider for klasser p\u00e5 onsdager<\/a><\/li>\n\t\t<li class=\"wsp-post\"><a href=\"https:\/\/proda.no\/en\/2014\/01\/07\/generalforsamling-5-april-2014\/\">Generalforsamling 5. april 2014<\/a><\/li>\n\t\t<li class=\"wsp-post\"><a href=\"https:\/\/proda.no\/en\/2014\/01\/03\/varsemester-2014-ved-proda-oslo\/\">V\u00e5rsemester 2014 ved PRODA Oslo<\/a><\/li>\n\t\t<li class=\"wsp-post\"><a href=\"https:\/\/proda.no\/en\/2013\/12\/16\/soknadsfrist-regionale-proda-midler\/\">S\u00f8knadsfrist 20.jan for PRODA regionalt<\/a><\/li>\n\t\t<li class=\"wsp-post\"><a href=\"https:\/\/proda.no\/en\/2013\/12\/12\/andre-tider-uke-51-oppstart-varen-2014\/\">Andre tider uke 51 + oppstart v\u00e5ren 2014<\/a><\/li>\n\t\t<li class=\"wsp-post\"><a href=\"https:\/\/proda.no\/en\/2013\/12\/02\/juletilstelning-pa-proda-oslo-fredag-13-des\/\">Juletilstelning p\u00e5 PRODA Oslo 13. des<\/a><\/li>\n\t\t<li class=\"wsp-post\"><a href=\"https:\/\/proda.no\/en\/2013\/11\/20\/endring-pedagoger-uke-47-49-proda-oslo\/\">Endring pedagoger uke 48-50 PRODA Oslo<\/a><\/li>\n\t\t<li class=\"wsp-post\"><a href=\"https:\/\/proda.no\/en\/2013\/11\/10\/robert-hewitt-til-proda-oslo-uke-4647\/\">Robert Hewitt til PRODA Oslo uke 46+47<\/a><\/li>\n\t\t<li class=\"wsp-post\"><a href=\"https:\/\/proda.no\/en\/2013\/11\/09\/oslo-kommune-foreslar-stotte-til-proda-igjen\/\">Oslo kommune foresl\u00e5r st\u00f8tte til PRODA igjen<\/a><\/li>\n\t\t<li class=\"wsp-post\"><a href=\"https:\/\/proda.no\/en\/2013\/10\/29\/regionalt-seminar-14-15-nov-i-stavanger\/\">Regionalt seminar 14.-15. nov i Stavanger<\/a><\/li>\n\t\t<li class=\"wsp-post\"><a href=\"https:\/\/proda.no\/en\/2013\/10\/21\/nb-ny-endring-pa-timeplan-torsd-24-10\/\">Ny gjestepedagog &#8211; Kevin Cragen &#8211; uke 44 og 45<\/a><\/li>\n\t\t<li class=\"wsp-post\"><a href=\"https:\/\/proda.no\/en\/2013\/10\/17\/nb-avlysning-fred-18-nov\/\">NB ! Alle ballettklasser starter kl. 9.00 i uke 43<\/a><\/li>\n\t\t<li class=\"wsp-post\"><a href=\"https:\/\/proda.no\/en\/2013\/10\/14\/forslag-om-okt-stotte-til-proda-i-statsbudsjettet-2014\/\">Forslag om \u00f8kt st\u00f8tte til PRODA i statsbudsjettet 2014<\/a><\/li>\n\t\t<li class=\"wsp-post\"><a href=\"https:\/\/proda.no\/en\/2013\/10\/10\/nb-endringer-i-uke-42-14-18-okt\/\">NB !!! ENDRINGER i uke 42 (14.-18. okt)<\/a><\/li>\n\t\t<li class=\"wsp-post\"><a href=\"https:\/\/proda.no\/en\/2013\/10\/08\/ledige-plasser-pa-workshop-i-tai-chi\/\">Ledige plasser p\u00e5 workshop i T&#8217;ai Chi<\/a><\/li>\n\t\t<li class=\"wsp-post\"><a href=\"https:\/\/proda.no\/en\/2013\/09\/30\/apen-workshop-med-carte-blache\/\">\u00c5pen workshop med Carte Blanche<\/a><\/li>\n\t\t<li class=\"wsp-post\"><a href=\"https:\/\/proda.no\/en\/2013\/09\/25\/proda-klasse-utendors\/\">PRODA klasse utend\u00f8rs<\/a><\/li>\n\t\t<li class=\"wsp-post\"><a href=\"https:\/\/proda.no\/en\/2013\/09\/19\/soker-pedagoger-og-repetitorer-til-varen-2014\/\">S\u00f8ker pedagoger og repetit\u00f8rer til v\u00e5ren 2014<\/a><\/li>\n\t\t<li class=\"wsp-post\"><a href=\"https:\/\/proda.no\/en\/2013\/09\/16\/prodacoda-worshop-2013\/\">PRODA\/CODA WORKSHOP 2013<\/a><\/li>\n\t\t<li class=\"wsp-post\"><a href=\"https:\/\/proda.no\/en\/2013\/09\/10\/fullbooket-pa-workshop-med-julyen-hamilton\/\">Fullbooket p\u00e5 workshop med Julyen Hamilton<\/a><\/li>\n\t\t<li class=\"wsp-post\"><a href=\"https:\/\/proda.no\/en\/2013\/09\/09\/25-ars-jubileet-til-proda\/\">25 \u00e5rs jubileet til PRODA<\/a><\/li>\n\t\t<li class=\"wsp-post\"><a href=\"https:\/\/proda.no\/en\/2013\/09\/05\/prodacoda-workshop-2013\/\">PRODA\/CODA workshop 2013<\/a><\/li>\n\t\t<li class=\"wsp-post\"><a href=\"https:\/\/proda.no\/en\/2013\/09\/04\/nb-endring-av-klasser-torsdag-5-sep\/\">NB &#8211; Endring av klasser torsdag 5. sep !<\/a><\/li>\n\t\t<li class=\"wsp-post\"><a href=\"https:\/\/proda.no\/en\/2013\/09\/01\/25-ar-med-gratis-profesjonell-dansetrening\/\">25 \u00e5r med gratis profesjonell dansetrening<\/a><\/li>\n\t\t<li class=\"wsp-post\"><a href=\"https:\/\/proda.no\/en\/2013\/08\/26\/hostens-pedagoger\/\">H\u00f8stens pedagoger<\/a><\/li>\n\t\t<li class=\"wsp-post\"><a href=\"https:\/\/proda.no\/en\/2013\/08\/19\/proda-feirer-25-ar-med-sammenkomst-4-sep\/\">PRODA feirer 25 \u00e5r med sammenkomst i dansestudioet 4. sep. kl 11.30-12.30<\/a><\/li>\n\t\t<li class=\"wsp-post\"><a href=\"https:\/\/proda.no\/en\/2013\/08\/15\/kulturloftet-iii-lansert\/\">Kulturl\u00f8ftet III lansert<\/a><\/li>\n\t\t<li class=\"wsp-post\"><a href=\"https:\/\/proda.no\/en\/2013\/08\/14\/gjestepdagog-jana-hicks-pa-proda-19-21-aug\/\">Gjestepdagog Jana Hicks p\u00e5 PRODA 19.-21. aug<\/a><\/li>\n\t\t<li class=\"wsp-post\"><a href=\"https:\/\/proda.no\/en\/2013\/07\/14\/jubileumsuke-2-6-september\/\">Jubileumsuke 2.- 6. september<\/a><\/li>\n\t\t<li class=\"wsp-post\"><a href=\"https:\/\/proda.no\/en\/2013\/07\/11\/timeplan-hosten-2013-proda-oslo\/\">Timeplan for h\u00f8sten 2013 i Oslo er lagt ut<\/a><\/li>\n\t\t<li class=\"wsp-post\"><a href=\"https:\/\/proda.no\/en\/2013\/07\/09\/prodas-uttalelser-til-politiske-saker\/\">PRODAs uttalelser til politiske saker<\/a><\/li>\n\t\t<li class=\"wsp-post\"><a href=\"https:\/\/proda.no\/en\/2013\/06\/29\/god-sommer-til-alle-brukere-og-pedagoger\/\">GOD SOMMER til alle brukere og pedagoger !<\/a><\/li>\n\t\t<li class=\"wsp-post\"><a href=\"https:\/\/proda.no\/en\/2013\/06\/17\/presentasjon-av-pedagoger-og-klasser-pa-sommertrening-24-28-juni\/\">Presentasjon av pedagoger og klasser p\u00e5 SOMMERTRENING 24.-28.juni<\/a><\/li>\n\t\t<li class=\"wsp-post\"><a href=\"https:\/\/proda.no\/en\/2013\/06\/17\/sommertrening-24-28-juni-2\/\">SOMMERTRENING 24.-28. juni<\/a><\/li>\n\t\t<li class=\"wsp-post\"><a href=\"https:\/\/proda.no\/en\/2013\/06\/05\/proda-pa-facebook-2\/\">PRODA p\u00e5 FACEBOOK<\/a><\/li>\n\t\t<li class=\"wsp-post\"><a href=\"https:\/\/proda.no\/en\/2013\/06\/03\/ny-regional-leder-ved-proda-rogaland\/\">Ny regional leder ved PRODA Rogaland<\/a><\/li>\n\t\t<li class=\"wsp-post\"><a href=\"https:\/\/proda.no\/en\/2013\/06\/03\/vikar-pa-jazzklasser-tirsd-4-og-onsd-5-juni\/\">Vikar p\u00e5 jazzklasser tirsd 4. og onsd 5. juni<\/a><\/li>\n\t\t<li class=\"wsp-post\"><a href=\"https:\/\/proda.no\/en\/2013\/05\/31\/utvidet-tilbud-pa-proda-i-juni-2\/\">Utvidet tilbud p\u00e5 PRODA i juni !<\/a><\/li>\n\t\t<li class=\"wsp-post\"><a href=\"https:\/\/proda.no\/en\/2013\/05\/22\/ny-apen-workshop-pa-dansens-hus-7-9-juni\/\">Ny \u00e5pen workshop p\u00e5 Dansens Hus 7.-9- juni<\/a><\/li>\n\t\t<li class=\"wsp-post\"><a href=\"https:\/\/proda.no\/en\/2013\/04\/29\/vikarer-pa-enkelte-klasser-proda-oslo\/\">Vikarer p\u00e5 enkelte klasser  &#8211; PRODA Oslo<\/a><\/li>\n\t\t<li class=\"wsp-post\"><a href=\"https:\/\/proda.no\/en\/2013\/04\/24\/sommerkurs-pa-proda-i-oslo-uke-26\/\">SOMMERKURS p\u00e5 PRODA i Oslo uke 26<\/a><\/li>\n\t\t<li class=\"wsp-post\"><a href=\"https:\/\/proda.no\/en\/2013\/04\/17\/generalforsamling-2013-2\/\">Generalforsamling 2013<\/a><\/li>\n\t\t<li class=\"wsp-post\"><a href=\"https:\/\/proda.no\/en\/2013\/04\/15\/robert-hewitt-uke-1617-merk-onsd-klasse-kl-10-30\/\">Robert Hewitt uke 16+17, merk at klassene i ballett p\u00e5 onsdager er kl. 10.30-12.00<\/a><\/li>\n\t\t<li class=\"wsp-post\"><a href=\"https:\/\/proda.no\/en\/2013\/04\/11\/apen-workshop-pa-dansens-hus-lordag-14-4\/\">\u00c5pen Workshop p\u00e5 Dansens Hus l\u00f8rdag 14.4<\/a><\/li>\n\t\t<li class=\"wsp-post\"><a href=\"https:\/\/proda.no\/en\/2013\/04\/11\/proda-25-ar-2\/\">PRODA 25 \u00e5r !<\/a><\/li>\n\t\t<li class=\"wsp-post\"><a href=\"https:\/\/proda.no\/en\/2013\/04\/11\/apen-workshop-med-the-line\/\">\u00c5pen Workshop med The Line<\/a><\/li>\n\t\t<li class=\"wsp-post\"><a href=\"https:\/\/proda.no\/en\/2013\/03\/22\/vikarer-pa-ballettklasser-i-uke-1415\/\">Vikarer p\u00e5 ballettklasser i uke 14+15<\/a><\/li>\n\t\t<li class=\"wsp-post\"><a href=\"https:\/\/proda.no\/en\/2013\/03\/14\/proda-i-oslo-soker-pedagoger-og-repetitorer-til-hosten-2013\/\">PRODA i Oslo s\u00f8ker pedagoger og repetit\u00f8rer til h\u00f8sten 2013<\/a><\/li>\n\t\t<li class=\"wsp-post\"><a href=\"https:\/\/proda.no\/en\/2013\/03\/04\/generalforsamling-2013\/\">Generalforsamling 2013<\/a><\/li>\n\t\t<li class=\"wsp-post\"><a href=\"https:\/\/proda.no\/en\/2013\/02\/26\/apen-workshop-pa-dansens-hus-lordag-2-mars-kl-13-15\/\">\u00c5PEN WORKSHOP p\u00e5 Dansens Hus l\u00f8rdag 2.mars kl 13-15<\/a><\/li>\n\t\t<li class=\"wsp-post\"><a href=\"https:\/\/proda.no\/en\/2013\/02\/19\/nasjonal-strategi-for-dans\/\">Nasjonal strategi for dans<\/a><\/li>\n\t\t<li class=\"wsp-post\"><a href=\"https:\/\/proda.no\/en\/2013\/02\/11\/levende-musikk-pa-klasser-i-samtidsdans-uke-7-og-8\/\">Levende musikk p\u00e5 klasser i samtidsdans uke 7 og 8<\/a><\/li>\n\t\t<li class=\"wsp-post\"><a href=\"https:\/\/proda.no\/en\/2013\/02\/01\/mentoringprogram-for-proda-brukere\/\">MENTORINGPROGRAM for PRODA-brukere<\/a><\/li>\n\t\t<li class=\"wsp-post\"><a href=\"https:\/\/proda.no\/en\/2013\/01\/24\/workshop-serie-pa-dansens-hus-2013\/\">Workshop-serie p\u00e5 Dansens Hus 2013<\/a><\/li>\n\t\t<li class=\"wsp-post\"><a href=\"https:\/\/proda.no\/en\/2013\/01\/23\/gjestepedagoger-i-ballett-i-uke-4-og-5-pa-proda-i-oslo\/\">Gjestepedagoger i ballett i uke 4 og 5 p\u00e5 PRODA i Oslo<\/a><\/li>\n\t\t<li class=\"wsp-post\"><a href=\"https:\/\/proda.no\/en\/2013\/01\/14\/tidspunkter-for-klasser-med-eugenia-estevez-uke-3\/\">Tidspunkter for klasser med Eugenia Estevez &#8211; uke 3 &#8211; PRODA Oslo<\/a><\/li>\n\t\t<li class=\"wsp-post\"><a href=\"https:\/\/proda.no\/en\/2013\/01\/04\/styreverv-i-proda\/\">Styreverv i PRODA<\/a><\/li>\n\t\t<li class=\"wsp-post\"><a href=\"https:\/\/proda.no\/en\/2013\/01\/02\/regionale-tilskudd-2013\/\">REGIONALE TILSKUDD 2013<\/a><\/li>\n\t\t<li class=\"wsp-post\"><a href=\"https:\/\/proda.no\/en\/2012\/12\/18\/oppstart-proda-oslo-varsemester-2013\/\">Oppstart PRODA Oslo v\u00e5rsemester 2013<\/a><\/li>\n\t\t<li class=\"wsp-post\"><a href=\"https:\/\/proda.no\/en\/2012\/11\/27\/juleglogg-rett-etter-klasse-fredag-7-desember\/\">JULEGL\u00d8GG etter klasse fredag 7 desember !<\/a><\/li>\n\t\t<li class=\"wsp-post\"><a href=\"https:\/\/proda.no\/en\/2012\/11\/27\/flere-tilknyttet-proda-deltar-pa-lederkurset-kunstens-kvinner\/\">Flere tilknyttet PRODA deltar p\u00e5 lederkurset KUNSTENS KVINNER<\/a><\/li>\n\t\t<li class=\"wsp-post\"><a href=\"https:\/\/proda.no\/en\/2012\/11\/13\/proda-aust-og-vest-agder-workshop-24-25-nov\/\">PRODA Aust- og Vest Agder &#8211; workshop 24.-25.nov<\/a><\/li>\n\t\t<li class=\"wsp-post\"><a href=\"https:\/\/proda.no\/en\/2012\/11\/01\/vikar-moderne-klasser-i-uke-45\/\">Endring timeplan PRODA Oslo  uke 45 (5.-9. nov)<\/a><\/li>\n\t\t<li class=\"wsp-post\"><a href=\"https:\/\/proda.no\/en\/2012\/11\/01\/proda-og-oslo-kommune\/\">PRODA og Oslo kommune<\/a><\/li>\n\t\t<li class=\"wsp-post\"><a href=\"https:\/\/proda.no\/en\/2012\/10\/22\/proda-pa-horing-i-stortinget\/\">PRODA p\u00e5 h\u00f8ring i Stortinget<\/a><\/li>\n\t\t<li class=\"wsp-post\"><a href=\"https:\/\/proda.no\/en\/2012\/10\/03\/proda-pa-facebook\/\">PRODA p\u00e5 Facebook<\/a><\/li>\n\t\t<li class=\"wsp-post\"><a href=\"https:\/\/proda.no\/en\/2012\/10\/03\/prodas-driftstilskudd-fra-oslo-kommune-er-foreslat-kuttet-i-2013\/\">PRODAs driftstilskudd fra Oslo kommune er foresl\u00e5tt kuttet i 2013<\/a><\/li>\n\t\t<li class=\"wsp-post\"><a href=\"https:\/\/proda.no\/en\/2012\/09\/26\/utvidet-tilbud-pa-proda-under-codas-10-ars-jubileum\/\">Utvidet tilbud p\u00e5 PRODA under CODAs 10 \u00e5rs jubileum<\/a><\/li>\n\t\t<li class=\"wsp-post\"><a href=\"https:\/\/proda.no\/en\/2012\/09\/19\/proda-oslo-soker-pedagoger-til-varen-2013\/\">PRODA Oslo s\u00f8ker pedagoger til v\u00e5ren 2013<\/a><\/li>\n\t\t<li class=\"wsp-post\"><a href=\"https:\/\/proda.no\/en\/2012\/09\/18\/skuespiller-og-danseralliansen-forlenget-soknadsfrist-til-torsdag-27-sep\/\">Skuespiller- og danseralliansen forlenget s\u00f8knadsfrist til torsdag 27. sep.<\/a><\/li>\n\t\t<li class=\"wsp-post\"><a href=\"https:\/\/proda.no\/en\/2012\/08\/31\/proda-med-apen-klassen-pa-dansens-hus-pa-oslo-kulturnatt-14-sep\/\">PRODA-klasse p\u00e5 Dansens Hus &#8211; Oslo Kulturnatt 14. sep.<\/a><\/li>\n\t\t<li class=\"wsp-post\"><a href=\"https:\/\/proda.no\/en\/2012\/08\/20\/proda-hedemark-klasserworkshop-pa-hamar-20-og-21-august\/\">Skuespiller og danseralliansen &#8211; infom\u00f8ter og s\u00f8knadsfrist i september<\/a><\/li>\n\t\t<li class=\"wsp-post\"><a href=\"https:\/\/proda.no\/en\/2012\/06\/14\/velkommen-til-prodas-nye-nettside\/\">Velkommen til PRODAs nye nettside!<\/a><\/li>\n\t\t<li class=\"wsp-post\"><a href=\"https:\/\/proda.no\/en\/2012\/06\/11\/sommer-proda-i-oslo-uke-26\/\">SOMMER PRODA i Oslo uke 26<\/a><\/li>\n\t\t<li class=\"wsp-post\"><a href=\"https:\/\/proda.no\/en\/2012\/06\/11\/proda-samling-med-gaga-workhop-23-26-juni-i-harstad\/\">PRODA samling med GAGA workhop 23.-26. juni i Harstad<\/a><\/li>\n\t\t<li class=\"wsp-post\"><a href=\"https:\/\/proda.no\/en\/2012\/06\/11\/sommer-proda-i-nord-trondelag-i-bade-juni-og-august-2012\/\">SOMMER PRODA i Nord Tr\u00f8ndelag i b\u00e5de juni og august 2012<\/a><\/li>\n\t\t<li class=\"wsp-post\"><a href=\"https:\/\/proda.no\/en\/2012\/06\/11\/sommer-proda-i-ostfold-full-uke-med-daglige-klasser-17-21-juni\/\">SOMMER PRODA i \u00d8stfold &#8211; full uke med daglige klasser 17.-21. juni<\/a><\/li>\n<\/ul><\/li>\n\t<li><strong class=\"wsp-category-title\">Category: <a href=\"https:\/\/proda.no\/en\/category\/pedagog\/\">Pedagoger<\/a><\/strong>\n<ul class=\"wsp-posts-list\">\t\t<li class=\"wsp-post\"><a href=\"https:\/\/proda.no\/en\/2025\/09\/30\/aslak-aune-nygard\/\">Aslak Aune Nyg\u00e5rd<\/a><\/li>\n\t\t<li class=\"wsp-post\"><a href=\"https:\/\/proda.no\/en\/2025\/09\/10\/saido-lahlou\/\">Sa\u00efdo Lahlou<\/a><\/li>\n\t\t<li class=\"wsp-post\"><a href=\"https:\/\/proda.no\/en\/2025\/08\/28\/jaume-luque-parellada\/\">Jaume Luque Parellada<\/a><\/li>\n\t\t<li class=\"wsp-post\"><a href=\"https:\/\/proda.no\/en\/2025\/08\/28\/jamie-neves\/\">Jamie Neves<\/a><\/li>\n\t\t<li class=\"wsp-post\"><a href=\"https:\/\/proda.no\/en\/2025\/08\/28\/agniete-lisickinaite\/\">Agniet\u0117 Lisi\u010dkinait\u0117<\/a><\/li>\n\t\t<li class=\"wsp-post\"><a href=\"https:\/\/proda.no\/en\/2025\/08\/28\/jean-baptiste-baele-2\/\">Jean-Baptiste Baele<\/a><\/li>\n\t\t<li class=\"wsp-post\"><a href=\"https:\/\/proda.no\/en\/2025\/08\/28\/clara-furey\/\">Clara Furey<\/a><\/li>\n\t\t<li class=\"wsp-post\"><a href=\"https:\/\/proda.no\/en\/2025\/08\/05\/laura-navndrup-black\/\">Laura Navndrup Black<\/a><\/li>\n\t\t<li class=\"wsp-post\"><a href=\"https:\/\/proda.no\/en\/2025\/08\/05\/hooman-sharifi\/\">Hooman Sharifi<\/a><\/li>\n\t\t<li class=\"wsp-post\"><a href=\"https:\/\/proda.no\/en\/2025\/07\/28\/ingri-midgard-fiksdal\/\">Ingri Midgard Fiksdal<\/a><\/li>\n\t\t<li class=\"wsp-post\"><a href=\"https:\/\/proda.no\/en\/2025\/06\/17\/patric-ziza\/\">Patric Ziza<\/a><\/li>\n\t\t<li class=\"wsp-post\"><a href=\"https:\/\/proda.no\/en\/2025\/06\/16\/ornilia-ubisse\/\">Ornilia Ubisse<\/a><\/li>\n\t\t<li class=\"wsp-post\"><a href=\"https:\/\/proda.no\/en\/2025\/06\/10\/martijn-joling\/\">Martijn Joling<\/a><\/li>\n\t\t<li class=\"wsp-post\"><a href=\"https:\/\/proda.no\/en\/2025\/06\/10\/amy-pender\/\">Amy Pender<\/a><\/li>\n\t\t<li class=\"wsp-post\"><a href=\"https:\/\/proda.no\/en\/2025\/06\/04\/jan-ivar-lund\/\">Jan Ivar Lund<\/a><\/li>\n\t\t<li class=\"wsp-post\"><a href=\"https:\/\/proda.no\/en\/2025\/05\/23\/helge-freiberg\/\">Helge Freiberg<\/a><\/li>\n\t\t<li class=\"wsp-post\"><a href=\"https:\/\/proda.no\/en\/2025\/05\/16\/john-simon-wiborn\/\">John Simon Wiborn<\/a><\/li>\n\t\t<li class=\"wsp-post\"><a href=\"https:\/\/proda.no\/en\/2025\/04\/10\/johanne-margrethe-woie\/\">Johanne Margrethe Woie<\/a><\/li>\n\t\t<li class=\"wsp-post\"><a href=\"https:\/\/proda.no\/en\/2025\/03\/25\/valentina-reyes\/\">Valentina Reyes<\/a><\/li>\n\t\t<li class=\"wsp-post\"><a href=\"https:\/\/proda.no\/en\/2025\/03\/13\/david-miko\/\">D\u00e1vid Mik\u00f3<\/a><\/li>\n\t\t<li class=\"wsp-post\"><a href=\"https:\/\/proda.no\/en\/2025\/02\/12\/sudesh-adhana\/\">Sudesh Adhana<\/a><\/li>\n\t\t<li class=\"wsp-post\"><a href=\"https:\/\/proda.no\/en\/2025\/01\/22\/emma-lovseth\/\">Emma L\u00f8vseth<\/a><\/li>\n\t\t<li class=\"wsp-post\"><a href=\"https:\/\/proda.no\/en\/2025\/01\/16\/jefta-van-dinther\/\">Jefta Van Dinther<\/a><\/li>\n\t\t<li class=\"wsp-post\"><a href=\"https:\/\/proda.no\/en\/2025\/01\/10\/trygve-beddari\/\">Trygve Beddari<\/a><\/li>\n\t\t<li class=\"wsp-post\"><a href=\"https:\/\/proda.no\/en\/2024\/12\/12\/astrid-serine-hoel\/\">Astrid Serine Hoel<\/a><\/li>\n\t\t<li class=\"wsp-post\"><a href=\"https:\/\/proda.no\/en\/2024\/12\/10\/moise-kitoko-saday\/\">Mo\u00efse Kitoko Saday<\/a><\/li>\n\t\t<li class=\"wsp-post\"><a href=\"https:\/\/proda.no\/en\/2024\/12\/09\/sigrid-hirsch-kopperdal\/\">Sigrid Hirsch Kopperdal<\/a><\/li>\n\t\t<li class=\"wsp-post\"><a href=\"https:\/\/proda.no\/en\/2024\/12\/09\/jassem-hindi\/\">Jassem Hindi<\/a><\/li>\n\t\t<li class=\"wsp-post\"><a href=\"https:\/\/proda.no\/en\/2024\/12\/09\/marianne-kjaersund-elle-sofe-company\/\">Marianne Kj\u00e6rsund \/ Elle Sofe Company<\/a><\/li>\n\t\t<li class=\"wsp-post\"><a href=\"https:\/\/proda.no\/en\/2024\/12\/06\/iannes-bruylant\/\">Iannes Bruylant<\/a><\/li>\n\t\t<li class=\"wsp-post\"><a href=\"https:\/\/proda.no\/en\/2024\/12\/06\/dawid-lorenc\/\">Dawid Lorenc<\/a><\/li>\n\t\t<li class=\"wsp-post\"><a href=\"https:\/\/proda.no\/en\/2024\/12\/03\/simon-stenholm-soderlund\/\">Simon Stenholm S\u00f6derlund<\/a><\/li>\n\t\t<li class=\"wsp-post\"><a href=\"https:\/\/proda.no\/en\/2024\/12\/03\/sara-einbu\/\">Sara Einbu<\/a><\/li>\n\t\t<li class=\"wsp-post\"><a href=\"https:\/\/proda.no\/en\/2024\/12\/02\/cynthia-kai\/\">Cynthia Kai<\/a><\/li>\n\t\t<li class=\"wsp-post\"><a href=\"https:\/\/proda.no\/en\/2024\/11\/28\/jarek-cemerek\/\">Jarek Cemerek<\/a><\/li>\n\t\t<li class=\"wsp-post\"><a href=\"https:\/\/proda.no\/en\/2024\/11\/28\/ane-iselin-brogeland-2\/\">Ane Iselin Brogeland<\/a><\/li>\n\t\t<li class=\"wsp-post\"><a href=\"https:\/\/proda.no\/en\/2024\/11\/28\/igor-vieira\/\">Igor Vieira<\/a><\/li>\n\t\t<li class=\"wsp-post\"><a href=\"https:\/\/proda.no\/en\/2024\/11\/26\/liv-hanne-haugen\/\">Liv Hanne Haugen<\/a><\/li>\n\t\t<li class=\"wsp-post\"><a href=\"https:\/\/proda.no\/en\/2024\/10\/25\/noam-segal\/\">Noam Segal<\/a><\/li>\n\t\t<li class=\"wsp-post\"><a href=\"https:\/\/proda.no\/en\/2024\/10\/25\/lilian-steiner\/\">Lilian Steiner<\/a><\/li>\n\t\t<li class=\"wsp-post\"><a href=\"https:\/\/proda.no\/en\/2024\/06\/18\/nikolai-nypan-niwin\/\">Nikolai Nypan (Niwin)<\/a><\/li>\n\t\t<li class=\"wsp-post\"><a href=\"https:\/\/proda.no\/en\/2024\/06\/18\/sindri-runudde\/\">Sindri Runudde<\/a><\/li>\n\t\t<li class=\"wsp-post\"><a href=\"https:\/\/proda.no\/en\/2024\/06\/18\/mikkel-maanum\/\">Mikkel Maanum<\/a><\/li>\n\t\t<li class=\"wsp-post\"><a href=\"https:\/\/proda.no\/en\/2024\/06\/11\/charlotte-mclean\/\">Charlotte Mclean<\/a><\/li>\n\t\t<li class=\"wsp-post\"><a href=\"https:\/\/proda.no\/en\/2024\/06\/10\/deed-mattias-ekholm-og-suzie-davis\/\">DEED &#8211; Mattias Ekholm og Suzie Davies<\/a><\/li>\n\t\t<li class=\"wsp-post\"><a href=\"https:\/\/proda.no\/en\/2024\/06\/06\/eli-stalhand\/\">Eli St\u00e5lhand<\/a><\/li>\n\t\t<li class=\"wsp-post\"><a href=\"https:\/\/proda.no\/en\/2024\/06\/05\/meagan-oshea\/\">Meagan O&#8217;Shea<\/a><\/li>\n\t\t<li class=\"wsp-post\"><a href=\"https:\/\/proda.no\/en\/2024\/04\/30\/hikmat-baba-zada\/\">Hikmat Baba-Zada<\/a><\/li>\n\t\t<li class=\"wsp-post\"><a href=\"https:\/\/proda.no\/en\/2024\/02\/22\/victor-amel-olivares-pedersen\/\">Victor Amel Olivares Pedersen<\/a><\/li>\n\t\t<li class=\"wsp-post\"><a href=\"https:\/\/proda.no\/en\/2024\/01\/07\/nora-lonnebotn-svendsgard\/\">Nora L\u00f8nnebotn Svendsg\u00e5rd<\/a><\/li>\n\t\t<li class=\"wsp-post\"><a href=\"https:\/\/proda.no\/en\/2024\/01\/07\/jo-stromgren\/\">Jo Str\u00f8mgren<\/a><\/li>\n\t\t<li class=\"wsp-post\"><a href=\"https:\/\/proda.no\/en\/2024\/01\/02\/sigrid-vik\/\">Sigrid Vik<\/a><\/li>\n\t\t<li class=\"wsp-post\"><a href=\"https:\/\/proda.no\/en\/2023\/12\/15\/kristin-ryg-helgebostad\/\">Kristin Ryg Helgebostad<\/a><\/li>\n\t\t<li class=\"wsp-post\"><a href=\"https:\/\/proda.no\/en\/2023\/12\/15\/oliver-sale\/\">Oliver Sale<\/a><\/li>\n\t\t<li class=\"wsp-post\"><a href=\"https:\/\/proda.no\/en\/2023\/12\/15\/dorte-bjerre-jensen\/\">Dorte Bjerre Jensen<\/a><\/li>\n\t\t<li class=\"wsp-post\"><a href=\"https:\/\/proda.no\/en\/2023\/12\/15\/tormod-skar-midtbo-tora-bodega-007\/\">Tora Bodega\/007<\/a><\/li>\n\t\t<li class=\"wsp-post\"><a href=\"https:\/\/proda.no\/en\/2023\/12\/15\/theresa-gustavsson\/\">Theresa Gustavsson<\/a><\/li>\n\t\t<li class=\"wsp-post\"><a href=\"https:\/\/proda.no\/en\/2023\/12\/15\/philip-berlin\/\">Philip Berlin<\/a><\/li>\n\t\t<li class=\"wsp-post\"><a href=\"https:\/\/proda.no\/en\/2023\/12\/15\/leah-katz\/\">Leah Katz<\/a><\/li>\n\t\t<li class=\"wsp-post\"><a href=\"https:\/\/proda.no\/en\/2023\/12\/15\/leah-marojevic\/\">Leah Marojevic<\/a><\/li>\n\t\t<li class=\"wsp-post\"><a href=\"https:\/\/proda.no\/en\/2023\/12\/15\/katrine-patry\/\">Katrine Patry<\/a><\/li>\n\t\t<li class=\"wsp-post\"><a href=\"https:\/\/proda.no\/en\/2023\/12\/15\/lisa-colette-bysheim\/\">Lisa Colette Bysheim<\/a><\/li>\n\t\t<li class=\"wsp-post\"><a href=\"https:\/\/proda.no\/en\/2023\/12\/15\/walk-dance-company\/\">WALK Dance Company<\/a><\/li>\n\t\t<li class=\"wsp-post\"><a href=\"https:\/\/proda.no\/en\/2023\/12\/15\/matias-ronningen\/\">Matias R\u00f8nningen<\/a><\/li>\n\t\t<li class=\"wsp-post\"><a href=\"https:\/\/proda.no\/en\/2023\/12\/08\/melanie-fieldseth\/\">Melanie Fieldseth<\/a><\/li>\n\t\t<li class=\"wsp-post\"><a href=\"https:\/\/proda.no\/en\/2023\/12\/06\/yoshifumi-inao\/\">Yoshifumi Inao<\/a><\/li>\n\t\t<li class=\"wsp-post\"><a href=\"https:\/\/proda.no\/en\/2023\/12\/02\/arlene-wilkes\/\">Arlene Wilkes<\/a><\/li>\n\t\t<li class=\"wsp-post\"><a href=\"https:\/\/proda.no\/en\/2023\/12\/02\/maria-ferguson-ronningen\/\">Maria Ferguson R\u00f8nningen<\/a><\/li>\n\t\t<li class=\"wsp-post\"><a href=\"https:\/\/proda.no\/en\/2023\/08\/01\/maria-terese-engdahl-hogasen-2\/\">Maria Terese Engdahl-H\u00f8g\u00e5sen<\/a><\/li>\n\t\t<li class=\"wsp-post\"><a href=\"https:\/\/proda.no\/en\/2023\/07\/03\/ingrid-berger-myhre\/\">Ingrid Berger Myhre<\/a><\/li>\n\t\t<li class=\"wsp-post\"><a href=\"https:\/\/proda.no\/en\/2023\/06\/29\/elen-oyen\/\">Elen \u00d8yen<\/a><\/li>\n\t\t<li class=\"wsp-post\"><a href=\"https:\/\/proda.no\/en\/2023\/06\/23\/nasser-mhende\/\">Nasser Mhende<\/a><\/li>\n\t\t<li class=\"wsp-post\"><a href=\"https:\/\/proda.no\/en\/2023\/06\/22\/linda-blomqvist\/\">Linda Blomqvist<\/a><\/li>\n\t\t<li class=\"wsp-post\"><a href=\"https:\/\/proda.no\/en\/2023\/06\/22\/vera-nevanlinna\/\">Vera Nevanlinna<\/a><\/li>\n\t\t<li class=\"wsp-post\"><a href=\"https:\/\/proda.no\/en\/2023\/06\/20\/shirley-langhelle\/\">Shirley Langhelle<\/a><\/li>\n\t\t<li class=\"wsp-post\"><a href=\"https:\/\/proda.no\/en\/2023\/06\/19\/naomi-fall-amala-dianor-kompani\/\">Enock Kalubi Kadima \/ Amala Dianor kompani<\/a><\/li>\n\t\t<li class=\"wsp-post\"><a href=\"https:\/\/proda.no\/en\/2023\/06\/19\/hilde-ingeborg-sandvoll-oona-doherty-kompani\/\">Hilde Ingeborg Sandvold \/ Oona Doherty kompani<\/a><\/li>\n\t\t<li class=\"wsp-post\"><a href=\"https:\/\/proda.no\/en\/2023\/06\/19\/martin-slaatto\/\">Martin Slaatto<\/a><\/li>\n\t\t<li class=\"wsp-post\"><a href=\"https:\/\/proda.no\/en\/2023\/06\/18\/sebastian-tjorstad\/\">Sebastian Tj\u00f8rstad<\/a><\/li>\n\t\t<li class=\"wsp-post\"><a href=\"https:\/\/proda.no\/en\/2023\/06\/16\/amund-ulvestad\/\">Amund Ulvestad<\/a><\/li>\n\t\t<li class=\"wsp-post\"><a href=\"https:\/\/proda.no\/en\/2023\/06\/15\/freddy-milanya\/\">Freddy Milanya<\/a><\/li>\n\t\t<li class=\"wsp-post\"><a href=\"https:\/\/proda.no\/en\/2023\/06\/08\/ingeborg-dugstad-sanders\/\">Ingeborg Dugstad Sanders<\/a><\/li>\n\t\t<li class=\"wsp-post\"><a href=\"https:\/\/proda.no\/en\/2023\/05\/16\/maria-wulcan\/\">Maria Wulcan<\/a><\/li>\n\t\t<li class=\"wsp-post\"><a href=\"https:\/\/proda.no\/en\/2023\/04\/19\/tendai-makurumbandi\/\">Tendai Makurumbandi<\/a><\/li>\n\t\t<li class=\"wsp-post\"><a href=\"https:\/\/proda.no\/en\/2023\/04\/03\/ilse-ghekiere\/\">Ilse Ghekiere<\/a><\/li>\n\t\t<li class=\"wsp-post\"><a href=\"https:\/\/proda.no\/en\/2023\/03\/29\/kristin-berg\/\">Kristin Berg<\/a><\/li>\n\t\t<li class=\"wsp-post\"><a href=\"https:\/\/proda.no\/en\/2023\/02\/09\/rina-rosenqvist\/\">Rina Rosenqvist<\/a><\/li>\n\t\t<li class=\"wsp-post\"><a href=\"https:\/\/proda.no\/en\/2022\/12\/31\/kenneth-bruun-carlson\/\">Kenneth Bruun Carlson<\/a><\/li>\n\t\t<li class=\"wsp-post\"><a href=\"https:\/\/proda.no\/en\/2022\/12\/28\/natalia-pieczuro\/\">Natalia Pieczuro \/ Fighting Monkey<\/a><\/li>\n\t\t<li class=\"wsp-post\"><a href=\"https:\/\/proda.no\/en\/2022\/12\/15\/claudio-fernandes-aka-comics\/\">Cla\u00fadio Fernandes aka \u201cCOMICS\u201d<\/a><\/li>\n\t\t<li class=\"wsp-post\"><a href=\"https:\/\/proda.no\/en\/2022\/12\/15\/line-joten\/\">Line Joten<\/a><\/li>\n\t\t<li class=\"wsp-post\"><a href=\"https:\/\/proda.no\/en\/2022\/12\/15\/sarjo-sankareh\/\">Sarjo Sankareh<\/a><\/li>\n\t\t<li class=\"wsp-post\"><a href=\"https:\/\/proda.no\/en\/2022\/12\/15\/eugenie-skilnad\/\">Eugenie Skilnand<\/a><\/li>\n\t\t<li class=\"wsp-post\"><a href=\"https:\/\/proda.no\/en\/2022\/12\/15\/ori-flomin-2\/\">Ori Flomin<\/a><\/li>\n\t\t<li class=\"wsp-post\"><a href=\"https:\/\/proda.no\/en\/2022\/12\/15\/martin-kilvady\/\">Martin Kilvady<\/a><\/li>\n\t\t<li class=\"wsp-post\"><a href=\"https:\/\/proda.no\/en\/2022\/12\/15\/dimitri-jourde\/\">Dimitri Jourde<\/a><\/li>\n\t\t<li class=\"wsp-post\"><a href=\"https:\/\/proda.no\/en\/2022\/12\/15\/deborah-hay\/\">Deborah Hay<\/a><\/li>\n\t\t<li class=\"wsp-post\"><a href=\"https:\/\/proda.no\/en\/2022\/10\/12\/jonas-oren\/\">Jonas \u00d8ren<\/a><\/li>\n\t\t<li class=\"wsp-post\"><a href=\"https:\/\/proda.no\/en\/2022\/10\/04\/maja-roel\/\">Maja Roel<\/a><\/li>\n\t\t<li class=\"wsp-post\"><a href=\"https:\/\/proda.no\/en\/2022\/09\/08\/marc-brew\/\">Marc Brew<\/a><\/li>\n\t\t<li class=\"wsp-post\"><a href=\"https:\/\/proda.no\/en\/2022\/09\/08\/de-dansers\/\">De Dansers, Yeli Beurskens og Youri Peters<\/a><\/li>\n\t\t<li class=\"wsp-post\"><a href=\"https:\/\/proda.no\/en\/2022\/08\/29\/janina-rajakangas\/\">Janina Rajakangas<\/a><\/li>\n\t\t<li class=\"wsp-post\"><a href=\"https:\/\/proda.no\/en\/2022\/08\/22\/kirsty-mcdonalds\/\">Kirsty McDonald<\/a><\/li>\n\t\t<li class=\"wsp-post\"><a href=\"https:\/\/proda.no\/en\/2022\/08\/19\/nastya\/\">Nastya<\/a><\/li>\n\t\t<li class=\"wsp-post\"><a href=\"https:\/\/proda.no\/en\/2022\/08\/12\/jakub-truszkowski\/\">Jakub Truszkowski<\/a><\/li>\n\t\t<li class=\"wsp-post\"><a href=\"https:\/\/proda.no\/en\/2022\/08\/12\/ursula-robb\/\">Ursula Robb<\/a><\/li>\n\t\t<li class=\"wsp-post\"><a href=\"https:\/\/proda.no\/en\/2022\/08\/04\/cagri-erdem-repetitor\/\">\u00c7a\u011fr\u0131 Erdem &#8211; repetit\u00f8r<\/a><\/li>\n\t\t<li class=\"wsp-post\"><a href=\"https:\/\/proda.no\/en\/2022\/06\/23\/daniel-proietto-2\/\">Daniel Proietto<\/a><\/li>\n\t\t<li class=\"wsp-post\"><a href=\"https:\/\/proda.no\/en\/2022\/06\/23\/caroline-eckly\/\">Caroline Eckly<\/a><\/li>\n\t\t<li class=\"wsp-post\"><a href=\"https:\/\/proda.no\/en\/2022\/06\/23\/anne-linn-akselsen\/\">Anne-Linn Akselsen<\/a><\/li>\n\t\t<li class=\"wsp-post\"><a href=\"https:\/\/proda.no\/en\/2022\/06\/07\/patrick-terndrup\/\">Patrick Terndrup<\/a><\/li>\n\t\t<li class=\"wsp-post\"><a href=\"https:\/\/proda.no\/en\/2022\/04\/11\/sigurd-kirkerud-roness\/\">Sigurd Kirkerud Roness<\/a><\/li>\n\t\t<li class=\"wsp-post\"><a href=\"https:\/\/proda.no\/en\/2022\/04\/11\/isabell-gisselgard\/\">Isabell Gisselg\u00e5rd<\/a><\/li>\n\t\t<li class=\"wsp-post\"><a href=\"https:\/\/proda.no\/en\/2022\/04\/11\/iselin-jansen-ruiz\/\">Iselin Jansen Ruiz<\/a><\/li>\n\t\t<li class=\"wsp-post\"><a href=\"https:\/\/proda.no\/en\/2022\/04\/11\/alexis-ruiz\/\">Alexis Ruiz<\/a><\/li>\n\t\t<li class=\"wsp-post\"><a href=\"https:\/\/proda.no\/en\/2022\/02\/08\/maria-kolegova\/\">Maria Kolegova<\/a><\/li>\n\t\t<li class=\"wsp-post\"><a href=\"https:\/\/proda.no\/en\/2022\/02\/07\/emanuel-waal-hem\/\">Emanuel Waal Hem<\/a><\/li>\n\t\t<li class=\"wsp-post\"><a href=\"https:\/\/proda.no\/en\/2022\/01\/19\/xiri-tara-noir\/\">Xiri Tara Noir<\/a><\/li>\n\t\t<li class=\"wsp-post\"><a href=\"https:\/\/proda.no\/en\/2022\/01\/08\/andrea-spreafico\/\">Andrea Spreafico<\/a><\/li>\n\t\t<li class=\"wsp-post\"><a href=\"https:\/\/proda.no\/en\/2021\/12\/20\/manuel-pelmus\/\">Manuel Pelmu\u015f<\/a><\/li>\n\t\t<li class=\"wsp-post\"><a href=\"https:\/\/proda.no\/en\/2021\/12\/20\/ida-haugen\/\">Ida Haugen<\/a><\/li>\n\t\t<li class=\"wsp-post\"><a href=\"https:\/\/proda.no\/en\/2021\/12\/20\/ane-iselin-brogeland\/\">Iselin Brogeland<\/a><\/li>\n\t\t<li class=\"wsp-post\"><a href=\"https:\/\/proda.no\/en\/2021\/12\/20\/ronald-belaza\/\">Ronald Belaza<\/a><\/li>\n\t\t<li class=\"wsp-post\"><a href=\"https:\/\/proda.no\/en\/2021\/12\/16\/sarah-kitson\/\">Sarah Kitson<\/a><\/li>\n\t\t<li class=\"wsp-post\"><a href=\"https:\/\/proda.no\/en\/2021\/12\/16\/miguel-angel-fernandez\/\">Miguel-Angel Fernandez<\/a><\/li>\n\t\t<li class=\"wsp-post\"><a href=\"https:\/\/proda.no\/en\/2021\/12\/16\/anneli-moe\/\">Anneli Moe<\/a><\/li>\n\t\t<li class=\"wsp-post\"><a href=\"https:\/\/proda.no\/en\/2021\/12\/16\/hakon-sigernes\/\">H\u00e5kon Sigernes<\/a><\/li>\n\t\t<li class=\"wsp-post\"><a href=\"https:\/\/proda.no\/en\/2021\/12\/16\/ludvig-herstad\/\">Ludvig Herstad<\/a><\/li>\n\t\t<li class=\"wsp-post\"><a href=\"https:\/\/proda.no\/en\/2021\/12\/16\/kristian-vindenes\/\">Kristian Vindenes<\/a><\/li>\n\t\t<li class=\"wsp-post\"><a href=\"https:\/\/proda.no\/en\/2021\/12\/14\/ines-belli\/\">In\u00e9s Belli<\/a><\/li>\n\t\t<li class=\"wsp-post\"><a href=\"https:\/\/proda.no\/en\/2021\/12\/09\/jan-nicolai-wesnes\/\">Jan Nicolai Wesnes<\/a><\/li>\n\t\t<li class=\"wsp-post\"><a href=\"https:\/\/proda.no\/en\/2021\/10\/12\/methinee-wongtrakoon\/\">Methinee Wongtrakoon<\/a><\/li>\n\t\t<li class=\"wsp-post\"><a href=\"https:\/\/proda.no\/en\/2021\/10\/01\/rafaele-giovanola\/\">Rafa\u00eble Giovanola<\/a><\/li>\n\t\t<li class=\"wsp-post\"><a href=\"https:\/\/proda.no\/en\/2021\/09\/17\/trine-lise-moe\/\">Trine Lise Moe<\/a><\/li>\n\t\t<li class=\"wsp-post\"><a href=\"https:\/\/proda.no\/en\/2021\/09\/09\/roza-moshtaghi\/\">Roza Moshtaghi<\/a><\/li>\n\t\t<li class=\"wsp-post\"><a href=\"https:\/\/proda.no\/en\/2021\/09\/09\/jean-baptiste-baele\/\">Jean-Baptiste Baele<\/a><\/li>\n\t\t<li class=\"wsp-post\"><a href=\"https:\/\/proda.no\/en\/2021\/08\/16\/carl-aquilizan\/\">Carl Aquilizan<\/a><\/li>\n\t\t<li class=\"wsp-post\"><a href=\"https:\/\/proda.no\/en\/2021\/08\/16\/geir-hytten\/\">Geir Hytten<\/a><\/li>\n\t\t<li class=\"wsp-post\"><a href=\"https:\/\/proda.no\/en\/2021\/06\/22\/bente-alice-westgard\/\">Bente Alice Westg\u00e5rd<\/a><\/li>\n\t\t<li class=\"wsp-post\"><a href=\"https:\/\/proda.no\/en\/2021\/06\/22\/alexandra-santana\/\">Alexandra Santana Casban<\/a><\/li>\n\t\t<li class=\"wsp-post\"><a href=\"https:\/\/proda.no\/en\/2021\/06\/22\/loan-ha\/\">Loan Ha<\/a><\/li>\n\t\t<li class=\"wsp-post\"><a href=\"https:\/\/proda.no\/en\/2021\/06\/22\/rannei-grenne\/\">Rannei Grenne<\/a><\/li>\n\t\t<li class=\"wsp-post\"><a href=\"https:\/\/proda.no\/en\/2021\/02\/11\/harald-beharie\/\">Harald Beharie<\/a><\/li>\n\t\t<li class=\"wsp-post\"><a href=\"https:\/\/proda.no\/en\/2021\/02\/02\/marie-bergby-handeland\/\">Marie Bergby Handeland<\/a><\/li>\n\t\t<li class=\"wsp-post\"><a href=\"https:\/\/proda.no\/en\/2021\/01\/19\/otto-ramstad\/\">Otto Ramstad<\/a><\/li>\n\t\t<li class=\"wsp-post\"><a href=\"https:\/\/proda.no\/en\/2021\/01\/19\/mia-habib\/\">Mia Habib<\/a><\/li>\n\t\t<li class=\"wsp-post\"><a href=\"https:\/\/proda.no\/en\/2021\/01\/11\/maiama-fatou-kalley-slattoy\/\">Mariama Fatou Kalley Sl\u00e5tt\u00f8y<\/a><\/li>\n\t\t<li class=\"wsp-post\"><a href=\"https:\/\/proda.no\/en\/2021\/01\/08\/rosalind-goldberg\/\">Rosalind Goldberg<\/a><\/li>\n\t\t<li class=\"wsp-post\"><a href=\"https:\/\/proda.no\/en\/2021\/01\/05\/julie-schartum-dokken\/\">Julie Schartum Dokken<\/a><\/li>\n\t\t<li class=\"wsp-post\"><a href=\"https:\/\/proda.no\/en\/2020\/12\/23\/amie-mbye\/\">Amie Mbye<\/a><\/li>\n\t\t<li class=\"wsp-post\"><a href=\"https:\/\/proda.no\/en\/2020\/12\/23\/kristine-melby\/\">Kristine Melby<\/a><\/li>\n\t\t<li class=\"wsp-post\"><a href=\"https:\/\/proda.no\/en\/2020\/12\/18\/daniel-sarr\/\">Daniel Sarr<\/a><\/li>\n\t\t<li class=\"wsp-post\"><a href=\"https:\/\/proda.no\/en\/2020\/10\/20\/anne-marit-tynes\/\">Anne Marit Tynes<\/a><\/li>\n\t\t<li class=\"wsp-post\"><a href=\"https:\/\/proda.no\/en\/2020\/07\/06\/camilla-myhre\/\">Camilla Myhre<\/a><\/li>\n\t\t<li class=\"wsp-post\"><a href=\"https:\/\/proda.no\/en\/2020\/07\/06\/caroline-wahlstrom-nesse\/\">Caroline Wahlstr\u00f6m Nesse<\/a><\/li>\n\t\t<li class=\"wsp-post\"><a href=\"https:\/\/proda.no\/en\/2020\/07\/03\/daniel-mariblanca-marie-terese-kittelsen\/\">Daniel Mariblanca &#038; Maria Terese Kittilsen<\/a><\/li>\n\t\t<li class=\"wsp-post\"><a href=\"https:\/\/proda.no\/en\/2020\/05\/23\/proda-online-niako-i-uke-22\/\">NIAKO \/ Michael Lamarre<\/a><\/li>\n\t\t<li class=\"wsp-post\"><a href=\"https:\/\/proda.no\/en\/2020\/01\/09\/camilla-spidsoe\/\">Camilla Spids\u00f8e<\/a><\/li>\n\t\t<li class=\"wsp-post\"><a href=\"https:\/\/proda.no\/en\/2020\/01\/09\/siri-snelle\/\">Siri &#038; Snelle<\/a><\/li>\n\t\t<li class=\"wsp-post\"><a href=\"https:\/\/proda.no\/en\/2020\/01\/06\/asher-lew\/\">Asher Lev<\/a><\/li>\n\t\t<li class=\"wsp-post\"><a href=\"https:\/\/proda.no\/en\/2020\/01\/06\/yaniv-cohen-2\/\">Yaniv Cohen<\/a><\/li>\n\t\t<li class=\"wsp-post\"><a href=\"https:\/\/proda.no\/en\/2020\/01\/04\/solveg-styve-holte\/\">Solveg Styve Holte<\/a><\/li>\n\t\t<li class=\"wsp-post\"><a href=\"https:\/\/proda.no\/en\/2020\/01\/04\/ingri-fiksdal\/\">Ingri Fiksdal<\/a><\/li>\n\t\t<li class=\"wsp-post\"><a href=\"https:\/\/proda.no\/en\/2020\/01\/04\/ingunn-bjornsgaard-produksjoner\/\">Ingunn Bj\u00f8rnsgaard Prosjekt<\/a><\/li>\n\t\t<li class=\"wsp-post\"><a href=\"https:\/\/proda.no\/en\/2020\/01\/04\/tabanka-dance-ensamble\/\">Tabanka Dance Ensamble<\/a><\/li>\n\t\t<li class=\"wsp-post\"><a href=\"https:\/\/proda.no\/en\/2020\/01\/04\/kristian-alm\/\">Kristian Alm<\/a><\/li>\n\t\t<li class=\"wsp-post\"><a href=\"https:\/\/proda.no\/en\/2020\/01\/04\/anne-golberg-stavn\/\">Anne Golberg Stavn<\/a><\/li>\n\t\t<li class=\"wsp-post\"><a href=\"https:\/\/proda.no\/en\/2020\/01\/04\/kumiko-hayakawa\/\">Kumiko Hayakawa<\/a><\/li>\n\t\t<li class=\"wsp-post\"><a href=\"https:\/\/proda.no\/en\/2019\/09\/17\/berstad-wigdel-helgebostad\/\">Berstad\/Wigdel\/Helgebostad<\/a><\/li>\n\t\t<li class=\"wsp-post\"><a href=\"https:\/\/proda.no\/en\/2019\/09\/10\/tom-brand\/\">Tom Brand<\/a><\/li>\n\t\t<li class=\"wsp-post\"><a href=\"https:\/\/proda.no\/en\/2019\/08\/27\/hugo-marmelada\/\">Hugo Marmelada<\/a><\/li>\n\t\t<li class=\"wsp-post\"><a href=\"https:\/\/proda.no\/en\/2019\/08\/22\/annie-hanauer\/\">Annie Hanauer<\/a><\/li>\n\t\t<li class=\"wsp-post\"><a href=\"https:\/\/proda.no\/en\/2019\/08\/22\/lisbeth-gruwez\/\">Lisbeth Gruwez<\/a><\/li>\n\t\t<li class=\"wsp-post\"><a href=\"https:\/\/proda.no\/en\/2019\/08\/20\/ludvig-daae\/\">Ludvig Daae<\/a><\/li>\n\t\t<li class=\"wsp-post\"><a href=\"https:\/\/proda.no\/en\/2019\/08\/20\/eivind-seljeseth\/\">Eivind Seljeseth<\/a><\/li>\n\t\t<li class=\"wsp-post\"><a href=\"https:\/\/proda.no\/en\/2019\/07\/04\/janne-camilla-lyster-2\/\">Janne-Camilla Lyster<\/a><\/li>\n\t\t<li class=\"wsp-post\"><a href=\"https:\/\/proda.no\/en\/2019\/07\/01\/nagelhus-schia-production\/\">Nagelhus Schia Productions<\/a><\/li>\n\t\t<li class=\"wsp-post\"><a href=\"https:\/\/proda.no\/en\/2019\/07\/01\/michelle-boule\/\">Michelle Boul\u00e9<\/a><\/li>\n\t\t<li class=\"wsp-post\"><a href=\"https:\/\/proda.no\/en\/2019\/07\/01\/hennie-olsen\/\">Henni Olsen<\/a><\/li>\n\t\t<li class=\"wsp-post\"><a href=\"https:\/\/proda.no\/en\/2019\/07\/01\/siri-jontvedt\/\">Siri J\u00f8ntvedt<\/a><\/li>\n\t\t<li class=\"wsp-post\"><a href=\"https:\/\/proda.no\/en\/2019\/07\/01\/lisbeth-sandnes-espeland\/\">Lisbeth Sandnes Espeland<\/a><\/li>\n\t\t<li class=\"wsp-post\"><a href=\"https:\/\/proda.no\/en\/2019\/01\/04\/mari-carrasco\/\">Mari Carrasco<\/a><\/li>\n\t\t<li class=\"wsp-post\"><a href=\"https:\/\/proda.no\/en\/2019\/01\/04\/hagit-yakria\/\">Hagit Yakira<\/a><\/li>\n\t\t<li class=\"wsp-post\"><a href=\"https:\/\/proda.no\/en\/2018\/10\/18\/julie-gardette-uke-44\/\">Julie Gardette<\/a><\/li>\n\t\t<li class=\"wsp-post\"><a href=\"https:\/\/proda.no\/en\/2018\/10\/11\/jonathan-savage\/\">Jonathan Savage<\/a><\/li>\n\t\t<li class=\"wsp-post\"><a href=\"https:\/\/proda.no\/en\/2018\/08\/16\/lilja-bjork-haraldsottir\/\">Lilja Bj\u00f6rk Haraldsd\u00f3ttir<\/a><\/li>\n\t\t<li class=\"wsp-post\"><a href=\"https:\/\/proda.no\/en\/2018\/08\/16\/hanna-filomen-mjavatn\/\">Hanna Filomen Mj\u00e5vatn<\/a><\/li>\n\t\t<li class=\"wsp-post\"><a href=\"https:\/\/proda.no\/en\/2018\/08\/16\/ida-louise-sundby\/\">Ida Louise Sundby<\/a><\/li>\n\t\t<li class=\"wsp-post\"><a href=\"https:\/\/proda.no\/en\/2018\/08\/15\/mai-lisa-guino\/\">Mai Lisa Guinoo<\/a><\/li>\n\t\t<li class=\"wsp-post\"><a href=\"https:\/\/proda.no\/en\/2018\/03\/05\/peter-lodwick\/\">Peter Lodwick &#8211; repetit\u00f8r<\/a><\/li>\n\t\t<li class=\"wsp-post\"><a href=\"https:\/\/proda.no\/en\/2018\/03\/05\/roger-thierry-matte\/\">Roger Thierry Matte \u2013 repetit\u00f8r<\/a><\/li>\n\t\t<li class=\"wsp-post\"><a href=\"https:\/\/proda.no\/en\/2018\/01\/10\/chrysa-parkinson\/\">Chrysa Parkinson<\/a><\/li>\n\t\t<li class=\"wsp-post\"><a href=\"https:\/\/proda.no\/en\/2018\/01\/05\/ole-kristian-tangen\/\">Ole Kristian Tangen<\/a><\/li>\n\t\t<li class=\"wsp-post\"><a href=\"https:\/\/proda.no\/en\/2018\/01\/05\/phil-hulford\/\">Phil Hulford<\/a><\/li>\n\t\t<li class=\"wsp-post\"><a href=\"https:\/\/proda.no\/en\/2018\/01\/05\/erica-sobol-usa\/\">Erica Sobol\/USA<\/a><\/li>\n\t\t<li class=\"wsp-post\"><a href=\"https:\/\/proda.no\/en\/2018\/01\/05\/jens-bjerregaard-dk\/\">Jens Bjerregaard\/DK<\/a><\/li>\n\t\t<li class=\"wsp-post\"><a href=\"https:\/\/proda.no\/en\/2018\/01\/05\/janne-eraker\/\">Janne Eraker<\/a><\/li>\n\t\t<li class=\"wsp-post\"><a href=\"https:\/\/proda.no\/en\/2018\/01\/05\/katja-schia\/\">Katja Schia<\/a><\/li>\n\t\t<li class=\"wsp-post\"><a href=\"https:\/\/proda.no\/en\/2018\/01\/05\/annette-dyvi\/\">Annette Dyvi<\/a><\/li>\n\t\t<li class=\"wsp-post\"><a href=\"https:\/\/proda.no\/en\/2018\/01\/05\/ulf-nilseng\/\">Ulf Nilseng<\/a><\/li>\n\t\t<li class=\"wsp-post\"><a href=\"https:\/\/proda.no\/en\/2018\/01\/05\/edwin-cabascango\/\">Edwin Cabascango<\/a><\/li>\n\t\t<li class=\"wsp-post\"><a href=\"https:\/\/proda.no\/en\/2017\/10\/26\/katarina-bakkedal-bozic\/\">Katarina Bakkedal Bozic<\/a><\/li>\n\t\t<li class=\"wsp-post\"><a href=\"https:\/\/proda.no\/en\/2017\/09\/01\/nina-wollny\/\">Nina Wollny<\/a><\/li>\n\t\t<li class=\"wsp-post\"><a href=\"https:\/\/proda.no\/en\/2017\/08\/21\/mikael-kristiansen\/\">Mikael Kristiansen<\/a><\/li>\n\t\t<li class=\"wsp-post\"><a href=\"https:\/\/proda.no\/en\/2017\/08\/21\/fredrick-milanya\/\">Fredrick Milanya<\/a><\/li>\n\t\t<li class=\"wsp-post\"><a href=\"https:\/\/proda.no\/en\/2017\/08\/21\/david-roche\/\">David Roche<\/a><\/li>\n\t\t<li class=\"wsp-post\"><a href=\"https:\/\/proda.no\/en\/2017\/08\/21\/jamie-watton\/\">Jamie Watton<\/a><\/li>\n\t\t<li class=\"wsp-post\"><a href=\"https:\/\/proda.no\/en\/2017\/08\/21\/vebjorn-sundby\/\">Vebj\u00f8rn Sundby<\/a><\/li>\n\t\t<li class=\"wsp-post\"><a href=\"https:\/\/proda.no\/en\/2017\/08\/21\/guro-nagelhus-schia\/\">Guro Nagelhus Schia<\/a><\/li>\n\t\t<li class=\"wsp-post\"><a href=\"https:\/\/proda.no\/en\/2017\/08\/17\/trude-stovind\/\">Trude St\u00f8vind<\/a><\/li>\n\t\t<li class=\"wsp-post\"><a href=\"https:\/\/proda.no\/en\/2017\/08\/16\/tone-martine-kittelsen\/\">Tone Kittelsen<\/a><\/li>\n\t\t<li class=\"wsp-post\"><a href=\"https:\/\/proda.no\/en\/2017\/08\/16\/gard-hjertaas-bjornson\/\">Gard Hjertaas Bj\u00f8rnson<\/a><\/li>\n\t\t<li class=\"wsp-post\"><a href=\"https:\/\/proda.no\/en\/2017\/08\/16\/trude-amalie-leirpoll\/\">Trude Amalie Leirpoll<\/a><\/li>\n\t\t<li class=\"wsp-post\"><a href=\"https:\/\/proda.no\/en\/2017\/08\/16\/annette-brandanger-2\/\">Annette Brandanger<\/a><\/li>\n\t\t<li class=\"wsp-post\"><a href=\"https:\/\/proda.no\/en\/2017\/08\/16\/kristin-brathagen\/\">Kristin Brathagen<\/a><\/li>\n\t\t<li class=\"wsp-post\"><a href=\"https:\/\/proda.no\/en\/2017\/01\/11\/jens-trinidad\/\">Jens Jeffry Trinidad<\/a><\/li>\n\t\t<li class=\"wsp-post\"><a href=\"https:\/\/proda.no\/en\/2017\/01\/07\/julia-ehrstrand\/\">Julia Ehrstrand<\/a><\/li>\n\t\t<li class=\"wsp-post\"><a href=\"https:\/\/proda.no\/en\/2017\/01\/06\/suzie-davis\/\">Suzie Davies<\/a><\/li>\n\t\t<li class=\"wsp-post\"><a href=\"https:\/\/proda.no\/en\/2017\/01\/06\/robert-hewitt\/\">Robert Hewitt<\/a><\/li>\n\t\t<li class=\"wsp-post\"><a href=\"https:\/\/proda.no\/en\/2017\/01\/06\/marianne-kjaersund\/\">Marianne Kj\u00e6rsund<\/a><\/li>\n\t\t<li class=\"wsp-post\"><a href=\"https:\/\/proda.no\/en\/2017\/01\/06\/christine-nypan\/\">Chriz Nypan<\/a><\/li>\n\t\t<li class=\"wsp-post\"><a href=\"https:\/\/proda.no\/en\/2017\/01\/04\/peter-parker\/\">Peter Parker<\/a><\/li>\n\t\t<li class=\"wsp-post\"><a href=\"https:\/\/proda.no\/en\/2016\/12\/20\/laura-rae-bernasconi\/\">Laura Rae Bernasconi<\/a><\/li>\n\t\t<li class=\"wsp-post\"><a href=\"https:\/\/proda.no\/en\/2016\/12\/20\/jon-filip-fahlstrom\/\">Jon Filip Fahlstr\u00f8m<\/a><\/li>\n\t\t<li class=\"wsp-post\"><a href=\"https:\/\/proda.no\/en\/2016\/12\/20\/erikk-mckenzie\/\">Erikk McKenzie  &#8211; pedagog og repetit\u00f8r<\/a><\/li>\n\t\t<li class=\"wsp-post\"><a href=\"https:\/\/proda.no\/en\/2016\/12\/20\/jeffrey-young\/\">Jeffrey Young<\/a><\/li>\n\t\t<li class=\"wsp-post\"><a href=\"https:\/\/proda.no\/en\/2016\/12\/20\/ashle-dawson\/\">Ashl\u00e9 Dawson<\/a><\/li>\n\t\t<li class=\"wsp-post\"><a href=\"https:\/\/proda.no\/en\/2016\/12\/20\/sunniva-egge-sipus\/\">Sunniva Egge Sipus<\/a><\/li>\n\t\t<li class=\"wsp-post\"><a href=\"https:\/\/proda.no\/en\/2016\/08\/29\/nathalia-vik\/\">Natalia Vik<\/a><\/li>\n\t\t<li class=\"wsp-post\"><a href=\"https:\/\/proda.no\/en\/2016\/08\/29\/marikken-heitkotter-brattlie\/\">Marikken Heitk\u00f8tter Bratlie<\/a><\/li>\n\t\t<li class=\"wsp-post\"><a href=\"https:\/\/proda.no\/en\/2016\/08\/29\/pia-elton-hammer\/\">Pia Elton Hammer<\/a><\/li>\n\t\t<li class=\"wsp-post\"><a href=\"https:\/\/proda.no\/en\/2016\/08\/28\/cecilie-lindeman-steen-uke-3536\/\">Cecilie Lindeman Steen<\/a><\/li>\n\t\t<li class=\"wsp-post\"><a href=\"https:\/\/proda.no\/en\/2016\/01\/20\/benedicte-lutken\/\">Benedicte L\u00fctken<\/a><\/li>\n\t\t<li class=\"wsp-post\"><a href=\"https:\/\/proda.no\/en\/2016\/01\/20\/sissel-merete-bjorkli\/\">Sissel Merete Bj\u00f8rkli<\/a><\/li>\n\t\t<li class=\"wsp-post\"><a href=\"https:\/\/proda.no\/en\/2016\/01\/20\/jon-ole-olstad\/\">Jon Ole Olstad<\/a><\/li>\n\t\t<li class=\"wsp-post\"><a href=\"https:\/\/proda.no\/en\/2015\/11\/05\/andrew-morrish\/\">Andrew Morrish<\/a><\/li>\n\t\t<li class=\"wsp-post\"><a href=\"https:\/\/proda.no\/en\/2015\/08\/18\/gull-ozger\/\">Gull \u00d8zger<\/a><\/li>\n\t\t<li class=\"wsp-post\"><a href=\"https:\/\/proda.no\/en\/2015\/08\/17\/therese-skauge\/\">Therese Skauge<\/a><\/li>\n\t\t<li class=\"wsp-post\"><a href=\"https:\/\/proda.no\/en\/2015\/08\/17\/sissel-arseth\/\">Sissel Maria Aarseth<\/a><\/li>\n\t\t<li class=\"wsp-post\"><a href=\"https:\/\/proda.no\/en\/2014\/08\/13\/vibeke-saether\/\">Vibeke S\u00e6ther<\/a><\/li>\n\t\t<li class=\"wsp-post\"><a href=\"https:\/\/proda.no\/en\/2014\/08\/13\/tine-aspaas\/\">Tine Aspaas<\/a><\/li>\n\t\t<li class=\"wsp-post\"><a href=\"https:\/\/proda.no\/en\/2014\/01\/07\/robert-poole\/\">Robert Poole<\/a><\/li>\n\t\t<li class=\"wsp-post\"><a href=\"https:\/\/proda.no\/en\/2014\/01\/07\/stian-danielsen\/\">Stian Danielsen<\/a><\/li>\n\t\t<li class=\"wsp-post\"><a href=\"https:\/\/proda.no\/en\/2014\/01\/07\/asher-lev\/\">Asher Lev<\/a><\/li>\n\t\t<li class=\"wsp-post\"><a href=\"https:\/\/proda.no\/en\/2013\/11\/27\/eric-viudes-2\/\">Eric Viudes<\/a><\/li>\n\t\t<li class=\"wsp-post\"><a href=\"https:\/\/proda.no\/en\/2013\/08\/26\/kevin-cregan\/\">Kevin Cregan<\/a><\/li>\n\t\t<li class=\"wsp-post\"><a href=\"https:\/\/proda.no\/en\/2013\/08\/26\/ella-fiskum\/\">Ella Fiskum<\/a><\/li>\n\t\t<li class=\"wsp-post\"><a href=\"https:\/\/proda.no\/en\/2013\/08\/26\/andreas-dyrdal\/\">Andreas Dyrdal<\/a><\/li>\n\t\t<li class=\"wsp-post\"><a href=\"https:\/\/proda.no\/en\/2013\/08\/26\/ellen-kjellberg\/\">Ellen Kjellberg<\/a><\/li>\n\t\t<li class=\"wsp-post\"><a href=\"https:\/\/proda.no\/en\/2013\/01\/07\/orfee-schuijt\/\">Orfee Schuijt<\/a><\/li>\n\t\t<li class=\"wsp-post\"><a href=\"https:\/\/proda.no\/en\/2013\/01\/04\/sun-xiao-jun\/\">Sun Xiao jun<\/a><\/li>\n\t\t<li class=\"wsp-post\"><a href=\"https:\/\/proda.no\/en\/2013\/01\/04\/thomas-halvorsen\/\">Thomas Halvorsen<\/a><\/li>\n\t\t<li class=\"wsp-post\"><a href=\"https:\/\/proda.no\/en\/2013\/01\/04\/caroline-skjorshammer\/\">Caroline Skj\u00f8rshammer<\/a><\/li>\n\t\t<li class=\"wsp-post\"><a href=\"https:\/\/proda.no\/en\/2012\/06\/11\/stella-zannou\/\">Stella Zannou<\/a><\/li>\n\t\t<li class=\"wsp-post\"><a href=\"https:\/\/proda.no\/en\/2012\/06\/11\/igor-ivanov\/\">Igor Ivanov<\/a><\/li>\n\t\t<li class=\"wsp-post\"><a href=\"https:\/\/proda.no\/en\/2012\/06\/11\/pernille-bonkan\/\">Pernille B\u00f8nkan<\/a><\/li>\n\t\t<li class=\"wsp-post\"><a href=\"https:\/\/proda.no\/en\/2012\/06\/11\/kari-hoaas\/\">Kari Hoaas<\/a><\/li>\n\t\t<li class=\"wsp-post\"><a href=\"https:\/\/proda.no\/en\/2012\/06\/07\/cassandra-modenhauer\/\">Cassandra Moldenhauer<\/a><\/li>\n\t\t<li class=\"wsp-post\"><a href=\"https:\/\/proda.no\/en\/2012\/06\/07\/eva-grainger\/\">Eva Grainger<\/a><\/li>\n\t\t<li class=\"wsp-post\"><a href=\"https:\/\/proda.no\/en\/2012\/06\/07\/odd-johan-fritzoe\/\">Odd Johan Fritz\u00f8e<\/a><\/li>\n\t\t<li class=\"wsp-post\"><a href=\"https:\/\/proda.no\/en\/2012\/06\/07\/johanne-jakhelln\/\">Johanne Jakhelln<\/a><\/li>\n\t\t<li class=\"wsp-post\"><a href=\"https:\/\/proda.no\/en\/2012\/06\/07\/ase-marie-eide-rannestad\/\">\u00c5se Marie Rannestad<\/a><\/li>\n\t\t<li class=\"wsp-post\"><a href=\"https:\/\/proda.no\/en\/2012\/06\/07\/julie-marie-holth\/\">Julie Marie Holth<\/a><\/li>\n\t\t<li class=\"wsp-post\"><a href=\"https:\/\/proda.no\/en\/2012\/06\/06\/ashild-lerpold\/\">\u00c5shild Lerpold<\/a><\/li>\n\t\t<li class=\"wsp-post\"><a href=\"https:\/\/proda.no\/en\/2012\/06\/06\/wes-veldink\/\">Wes Veldink<\/a><\/li>\n\t\t<li class=\"wsp-post\"><a href=\"https:\/\/proda.no\/en\/2012\/06\/06\/vivild-bergersen\/\">Vivild Bergersen<\/a><\/li>\n\t\t<li class=\"wsp-post\"><a href=\"https:\/\/proda.no\/en\/2012\/06\/06\/vigdis-langeggen-eriksen\/\">Vigdis Langeggen<\/a><\/li>\n\t\t<li class=\"wsp-post\"><a href=\"https:\/\/proda.no\/en\/2012\/06\/06\/vibeke-gurholt\/\">Vibeke Gurholt<\/a><\/li>\n\t\t<li class=\"wsp-post\"><a href=\"https:\/\/proda.no\/en\/2012\/06\/06\/tania-rodriguez\/\">Tania Rodriguez<\/a><\/li>\n\t\t<li class=\"wsp-post\"><a href=\"https:\/\/proda.no\/en\/2012\/06\/06\/steffi-lund\/\">Steffi Lund<\/a><\/li>\n\t\t<li class=\"wsp-post\"><a href=\"https:\/\/proda.no\/en\/2012\/06\/06\/steffen-fuchs\/\">Steffen Fuchs<\/a><\/li>\n\t\t<li class=\"wsp-post\"><a href=\"https:\/\/proda.no\/en\/2012\/06\/06\/siv-gaustad\/\">Siv Stormo-Gaustad<\/a><\/li>\n\t\t<li class=\"wsp-post\"><a href=\"https:\/\/proda.no\/en\/2012\/06\/06\/sittibancha-bampen\/\">Sittibancha Bampen<\/a><\/li>\n\t\t<li class=\"wsp-post\"><a href=\"https:\/\/proda.no\/en\/2012\/06\/06\/shi-pratt\/\">Shi Pratt<\/a><\/li>\n\t\t<li class=\"wsp-post\"><a href=\"https:\/\/proda.no\/en\/2012\/06\/06\/sarah-da-fonseca\/\">Sarah da Fonseca<\/a><\/li>\n\t\t<li class=\"wsp-post\"><a href=\"https:\/\/proda.no\/en\/2012\/06\/06\/runa-rebne\/\">Runa Rebne<\/a><\/li>\n\t\t<li class=\"wsp-post\"><a href=\"https:\/\/proda.no\/en\/2012\/06\/06\/rikke-baewert\/\">Rikke Baewert<\/a><\/li>\n\t\t<li class=\"wsp-post\"><a href=\"https:\/\/proda.no\/en\/2012\/06\/06\/renate-rue\/\">Renate Rue<\/a><\/li>\n\t\t<li class=\"wsp-post\"><a href=\"https:\/\/proda.no\/en\/2012\/06\/06\/ori-flomin\/\">Ori Flomin<\/a><\/li>\n\t\t<li class=\"wsp-post\"><a href=\"https:\/\/proda.no\/en\/2012\/06\/06\/olga-papalexiou\/\">Olga Papalexiou<\/a><\/li>\n\t\t<li class=\"wsp-post\"><a href=\"https:\/\/proda.no\/en\/2012\/06\/06\/matthew-smith\/\">Matthew Smith<\/a><\/li>\n\t\t<li class=\"wsp-post\"><a href=\"https:\/\/proda.no\/en\/2012\/06\/06\/mathias-jin-budtz\/\">Mathias Jin Budtz<\/a><\/li>\n\t\t<li class=\"wsp-post\"><a href=\"https:\/\/proda.no\/en\/2012\/06\/06\/martin-sonderkamp\/\">Martin Sonderkamp<\/a><\/li>\n\t\t<li class=\"wsp-post\"><a href=\"https:\/\/proda.no\/en\/2012\/06\/06\/marit-krogeide\/\">Marit Krogeide<\/a><\/li>\n\t\t<li class=\"wsp-post\"><a href=\"https:\/\/proda.no\/en\/2012\/06\/06\/marek-jez\/\">Marek Jez<\/a><\/li>\n\t\t<li class=\"wsp-post\"><a href=\"https:\/\/proda.no\/en\/2012\/06\/06\/larissa-tiusainen\/\">Larissa Tiusainen<\/a><\/li>\n\t\t<li class=\"wsp-post\"><a href=\"https:\/\/proda.no\/en\/2012\/06\/06\/kristin-hjort-inao\/\">Kristin Hjort Inao<\/a><\/li>\n\t\t<li class=\"wsp-post\"><a href=\"https:\/\/proda.no\/en\/2012\/06\/06\/kristianne-mo\/\">Kristianne Mo<\/a><\/li>\n\t\t<li class=\"wsp-post\"><a href=\"https:\/\/proda.no\/en\/2012\/06\/06\/knut-arild-flatner\/\">Knut Arild Flatner &#8211; Subjazz<\/a><\/li>\n\t\t<li class=\"wsp-post\"><a href=\"https:\/\/proda.no\/en\/2012\/06\/06\/kjersti-muller-sandsto\/\">Kjersti Muller Sandst\u00f8<\/a><\/li>\n\t\t<li class=\"wsp-post\"><a href=\"https:\/\/proda.no\/en\/2012\/06\/06\/khorso-adibi\/\">Khorso Adibi<\/a><\/li>\n\t\t<li class=\"wsp-post\"><a href=\"https:\/\/proda.no\/en\/2012\/06\/06\/katrine-kirsebom\/\">Katrine Kirsebom<\/a><\/li>\n\t\t<li class=\"wsp-post\"><a href=\"https:\/\/proda.no\/en\/2012\/06\/06\/karoline-woldseth\/\">Karoline Woldseth<\/a><\/li>\n\t\t<li class=\"wsp-post\"><a href=\"https:\/\/proda.no\/en\/2012\/06\/06\/karl-erik-nedregaard\/\">Karl-Erik Nedregaard &#8211; Subjazz<\/a><\/li>\n\t\t<li class=\"wsp-post\"><a href=\"https:\/\/proda.no\/en\/2012\/06\/06\/karen-hoybakk-mikalsen\/\">Karen H\u00f8ybakk Mikalsen<\/a><\/li>\n\t\t<li class=\"wsp-post\"><a href=\"https:\/\/proda.no\/en\/2012\/06\/06\/jennifer-lynn-crawford\/\">Jennifer-Lynn Crawford<\/a><\/li>\n\t\t<li class=\"wsp-post\"><a href=\"https:\/\/proda.no\/en\/2012\/06\/06\/jana-hicks\/\">Jana Hicks<\/a><\/li>\n\t\t<li class=\"wsp-post\"><a href=\"https:\/\/proda.no\/en\/2012\/06\/06\/isira-makuloluwe\/\">Isira Makuloluwe<\/a><\/li>\n\t\t<li class=\"wsp-post\"><a href=\"https:\/\/proda.no\/en\/2012\/06\/06\/ingrid-krog-remmen\/\">Ingrid Krog Remmen<\/a><\/li>\n\t\t<li class=\"wsp-post\"><a href=\"https:\/\/proda.no\/en\/2012\/06\/06\/inger-johanne-vesje\/\">Inger Johanne Vesje<\/a><\/li>\n\t\t<li class=\"wsp-post\"><a href=\"https:\/\/proda.no\/en\/2012\/06\/06\/huyen-huynh\/\">Huyen Huynh<\/a><\/li>\n\t\t<li class=\"wsp-post\"><a href=\"https:\/\/proda.no\/en\/2012\/06\/06\/hanne-koren-bignell\/\">Hanne Koren Bignell<\/a><\/li>\n\t\t<li class=\"wsp-post\"><a href=\"https:\/\/proda.no\/en\/2012\/06\/06\/hakon-navestad\/\">H\u00e5kon Navestad<\/a><\/li>\n\t\t<li class=\"wsp-post\"><a href=\"https:\/\/proda.no\/en\/2012\/06\/06\/gry-bech-hanssen\/\">Gry Bech-Hanssen<\/a><\/li>\n\t\t<li class=\"wsp-post\"><a href=\"https:\/\/proda.no\/en\/2012\/06\/06\/gro-gudim\/\">Gro Gudim<\/a><\/li>\n\t\t<li class=\"wsp-post\"><a href=\"https:\/\/proda.no\/en\/2012\/06\/06\/christopher-kettner\/\">Christopher Kettner<\/a><\/li>\n\t\t<li class=\"wsp-post\"><a href=\"https:\/\/proda.no\/en\/2012\/06\/06\/charlotta-ovferholm\/\">Charlotta \u00d8vferholm<\/a><\/li>\n\t\t<li class=\"wsp-post\"><a href=\"https:\/\/proda.no\/en\/2012\/06\/06\/carmen-correa\/\">Carmen Correa<\/a><\/li>\n\t\t<li class=\"wsp-post\"><a href=\"https:\/\/proda.no\/en\/2012\/06\/06\/camilla-tellefsen\/\">Camilla Tellefsen<\/a><\/li>\n\t\t<li class=\"wsp-post\"><a href=\"https:\/\/proda.no\/en\/2012\/06\/06\/bruno-listopad\/\">Bruno Listopad<\/a><\/li>\n\t\t<li class=\"wsp-post\"><a href=\"https:\/\/proda.no\/en\/2012\/06\/06\/belinda-braza\/\">Belinda Braza<\/a><\/li>\n\t\t<li class=\"wsp-post\"><a href=\"https:\/\/proda.no\/en\/2012\/06\/06\/arne-fagerholt\/\">Arne Fagerholt<\/a><\/li>\n\t\t<li class=\"wsp-post\"><a href=\"https:\/\/proda.no\/en\/2012\/06\/06\/anna-carin-isaksson-lunde\/\">Anna Carin Isaksson Lunde<\/a><\/li>\n\t\t<li class=\"wsp-post\"><a href=\"https:\/\/proda.no\/en\/2012\/06\/06\/alessio-castellacci\/\">Alessio Castellacci<\/a><\/li>\n<\/ul><\/li>\n\t<li><strong class=\"wsp-category-title\">Category: <a href=\"https:\/\/proda.no\/en\/category\/aktive_pedagoger\/\">Semesterets pedagoger<\/a><\/strong>\n<ul class=\"wsp-posts-list\">\t\t<li class=\"wsp-post\"><a href=\"https:\/\/proda.no\/en\/2025\/06\/28\/ingun-bjornsgaard-catharina-vehre-gresslien\/\">Ingun Bj\u00f8rnsgaard \/ Catharina Vehre Gresslien<\/a><\/li>\n<\/ul><\/li>\n\t<li><strong class=\"wsp-category-title\">Category: <a href=\"https:\/\/proda.no\/en\/category\/ukategorisert\/\">Ukategorisert<\/a><\/strong>\n<ul class=\"wsp-posts-list\">\t\t<li class=\"wsp-post\"><a href=\"https:\/\/proda.no\/en\/2024\/05\/18\/vi-har-hverandre-grease-finale-tekst\/\">Vi har hverandre \/ Grease &#8211; finale tekst<\/a><\/li>\n\t\t<li class=\"wsp-post\"><a href=\"https:\/\/proda.no\/en\/2024\/04\/11\/arsmote-22-mai\/\">\u00c5rsm\u00f8te 22. mai<\/a><\/li>\n\t\t<li class=\"wsp-post\"><a href=\"https:\/\/proda.no\/en\/2022\/03\/11\/laer-dansens-dager-dansen-pa-proda\/\">L\u00e6r Dansens dager-dansen p\u00e5 PRODA!<\/a><\/li>\n\t\t<li class=\"wsp-post\"><a href=\"https:\/\/proda.no\/en\/2022\/02\/17\/vinterferietrening-ved-proda-oslo\/\">Vinterferietrening ved PRODA Oslo<\/a><\/li>\n\t\t<li class=\"wsp-post\"><a href=\"https:\/\/proda.no\/en\/2022\/02\/02\/nye-regler-for-smittevern-fra-02-02-2022\/\">Nye regler for smittevern fra 02-11.02.2022<\/a><\/li>\n\t\t<li class=\"wsp-post\"><a href=\"https:\/\/proda.no\/en\/2022\/01\/14\/smittevern-oslo-fra-17-01-2022\/\">Smittevern Oslo 17.01-01.02.2022<\/a><\/li>\n\t\t<li class=\"wsp-post\"><a href=\"https:\/\/proda.no\/en\/2021\/12\/17\/varen-2022-pa-proda-oslo\/\">V\u00e5ren 2022 p\u00e5 PRODA Oslo<\/a><\/li>\n\t\t<li class=\"wsp-post\"><a href=\"https:\/\/proda.no\/en\/2021\/10\/15\/foto-pa-proda\/\">Foto p\u00e5 PRODA<\/a><\/li>\n\t\t<li class=\"wsp-post\"><a href=\"https:\/\/proda.no\/en\/2021\/09\/27\/mud-session-familiejam\/\">MUD session: Familiejam<\/a><\/li>\n\t\t<li class=\"wsp-post\"><a href=\"https:\/\/proda.no\/en\/2021\/09\/17\/utvidet-fagtilbud\/\">Utvidet fagtilbud<\/a><\/li>\n\t\t<li class=\"wsp-post\"><a href=\"https:\/\/proda.no\/en\/2021\/09\/03\/bollekurs-for-dansere\/\">B\u00f8llekurs for dansere<\/a><\/li>\n\t\t<li class=\"wsp-post\"><a href=\"https:\/\/proda.no\/en\/2021\/08\/31\/folg-oss-pa-instagram\/\">F\u00f8lg oss p\u00e5 Instagram<\/a><\/li>\n\t\t<li class=\"wsp-post\"><a href=\"https:\/\/proda.no\/en\/2021\/07\/12\/pamelding-til-kohorter-uke-33-38\/\">P\u00e5melding til kohorter uke 33-38<\/a><\/li>\n\t\t<li class=\"wsp-post\"><a href=\"https:\/\/proda.no\/en\/2021\/06\/22\/panelsamtale-25-juni-pa-scenehuset\/\">Panelsamtale 25. juni p\u00e5 Scenehuset<\/a><\/li>\n\t\t<li class=\"wsp-post\"><a href=\"https:\/\/proda.no\/en\/2021\/06\/17\/workshops-pa-scenehuset\/\">Workshops p\u00e5 Scenehuset<\/a><\/li>\n\t\t<li class=\"wsp-post\"><a href=\"https:\/\/proda.no\/en\/2021\/05\/18\/oslo-jazzdansfestival-20-26-juni\/\">Oslo Jazzdansfestival 20.-26. juni<\/a><\/li>\n\t\t<li class=\"wsp-post\"><a href=\"https:\/\/proda.no\/en\/2021\/05\/06\/somatisk-praksis-online-hver-tors-kl-10-00-11-00\/\">Somatisk Praksis ONLINE 3. og 10. juni kl 10.00-11.00<\/a><\/li>\n\t\t<li class=\"wsp-post\"><a href=\"https:\/\/proda.no\/en\/2021\/05\/03\/pamelding-til-kohortprogram-uke-19-24\/\">P\u00e5melding til kohortprogram uke 19-24<\/a><\/li>\n\t\t<li class=\"wsp-post\"><a href=\"https:\/\/proda.no\/en\/2021\/04\/28\/svar-pa-undersokelse\/\">\u00c5rsm\u00f8te PRODA Generalforsamling NoDa<\/a><\/li>\n\t\t<li class=\"wsp-post\"><a href=\"https:\/\/proda.no\/en\/2021\/04\/27\/online-samtidsdans-med-nina-wollny-i-uke-18\/\">Online samtidsdans med Nina Wollny i uke 18<\/a><\/li>\n\t\t<li class=\"wsp-post\"><a href=\"https:\/\/proda.no\/en\/2021\/04\/09\/online-ballett-med-kristian-alm-uke-15\/\">Online ballett med Kristian Alm uke 15, 16 og 17<\/a><\/li>\n\t\t<li class=\"wsp-post\"><a href=\"https:\/\/proda.no\/en\/2021\/02\/09\/oversikt-over-kohortprogram-uke-10-17\/\">P\u00e5melding til kohortprogram uke 10 &#8211; 17<\/a><\/li>\n\t\t<li class=\"wsp-post\"><a href=\"https:\/\/proda.no\/en\/2021\/02\/02\/pamelding-til-kohortprogram-er-na-apen\/\">PRODA \u00e5pner onsdag 3.feb !<\/a><\/li>\n\t\t<li class=\"wsp-post\"><a href=\"https:\/\/proda.no\/en\/2020\/09\/03\/viktig-nytt-for-prodas-brukere\/\">VIKTIG NYTT for PRODAs brukere!<\/a><\/li>\n\t\t<li class=\"wsp-post\"><a href=\"https:\/\/proda.no\/en\/2016\/05\/09\/julia-ehstrand-uke-19\/\">Julia Ehstrand uke 19<\/a><\/li>\n\t\t<li class=\"wsp-post\"><a href=\"https:\/\/proda.no\/en\/2013\/01\/04\/eugenia-estevez\/\">Eugenia Estevez<\/a><\/li>\n\t\t<li class=\"wsp-post\"><a href=\"https:\/\/proda.no\/en\/2012\/06\/06\/eric-viudes\/\">Eric Viudes<\/a><\/li>\n<\/ul><\/li>\n\t<li><strong class=\"wsp-category-title\">Category: <a href=\"https:\/\/proda.no\/en\/category\/uncategorized\/\">Uncategorized<\/a><\/strong>\n<\/li>\n<\/ul>\n<h2 class=\"wsp-tribe_venues-title\">Venues<\/h2>\n<ul class=\"wsp-tribe_venues-list\">\n<li><a href=\"https:\/\/proda.no\/en\/venue\/subsdans\/\">Subsdans<\/a><\/li>\n<li><a href=\"https:\/\/proda.no\/en\/venue\/unge-viken-teater\/\">Unge Viken Teater<\/a><\/li>\n<li><a href=\"https:\/\/proda.no\/en\/venue\/oslo-kulturskole-schous-kulturstasjon\/\">Oslo kulturskole - Schous kulturstasjon<\/a><\/li>\n<li><a href=\"https:\/\/proda.no\/en\/venue\/hvitt-produksjonsrom-rom-for-dans\/\">Hvitt produksjonsrom, Rom for Dans<\/a><\/li>\n<li><a href=\"https:\/\/proda.no\/en\/venue\/black-box-teater\/\">Black Box teater<\/a><\/li>\n<li><a href=\"https:\/\/proda.no\/en\/venue\/operaen\/\">Den Norske Opera &amp; Ballett<\/a><\/li>\n<li><a href=\"https:\/\/proda.no\/en\/venue\/norske-dansekunstnere\/\">Norske Dansekunstnere<\/a><\/li>\n<li><a href=\"https:\/\/proda.no\/en\/venue\/sentralen\/\">Sentralen<\/a><\/li>\n<li><a href=\"https:\/\/proda.no\/en\/venue\/dansens-hus\/\">Dansens Hus<\/a><\/li>\n<li><a href=\"https:\/\/proda.no\/en\/venue\/det-norske-teatret\/\">Det Norske Teatret<\/a><\/li>\n<li><a href=\"https:\/\/proda.no\/en\/venue\/praxis-kadi-studio\/\">PRAXIS \/KADI studio<\/a><\/li>\n<li><a href=\"https:\/\/proda.no\/en\/venue\/kunsthogskolen-i-oslo\/\">Kunsth\u00f8gskolen i Oslo<\/a><\/li>\n<li><a href=\"https:\/\/proda.no\/en\/venue\/oslo-teatersenter\/\">Oslo teatersenter<\/a><\/li>\n<li><a href=\"https:\/\/proda.no\/en\/venue\/vega-scene\/\">Vega Scene<\/a><\/li>\n<li><a href=\"https:\/\/proda.no\/en\/venue\/creo\/\">Creo<\/a><\/li>\n<li><a href=\"https:\/\/proda.no\/en\/venue\/west-end-studios\/\">West End Studios<\/a><\/li>\n<li><a href=\"https:\/\/proda.no\/en\/venue\/9589\/\"><\/a><\/li>\n<li><a href=\"https:\/\/proda.no\/en\/venue\/oslo-parkour-park\/\">Oslo Parkour Park<\/a><\/li>\n<li><a href=\"https:\/\/proda.no\/en\/venue\/kjernekraft\/\">Kjernekraft<\/a><\/li>\n<li><a href=\"https:\/\/proda.no\/en\/venue\/nsp-studio\/\">Studio NSP<\/a><\/li>\n<li><a href=\"https:\/\/proda.no\/en\/venue\/scenehuset\/\">Scenehuset<\/a><\/li>\n<li><a href=\"https:\/\/proda.no\/en\/venue\/rom-for-dans\/\">Rom for Dans<\/a><\/li>\n<li><a href=\"https:\/\/proda.no\/en\/venue\/proda-oslo\/\">PRODA Oslo<\/a><\/li>\n<\/ul>\n<h2 class=\"wsp-tribe_organizers-title\">Organizers<\/h2>\n<ul class=\"wsp-tribe_organizers-list\">\n<li><a href=\"https:\/\/proda.no\/en\/organizer\/creo\/\">Creo<\/a><\/li>\n<li><a href=\"https:\/\/proda.no\/en\/organizer\/norsk-skuespillerforbund\/\">Norsk Skuespillerforbund<\/a><\/li>\n<li><a href=\"https:\/\/proda.no\/en\/organizer\/norske-dansekunstnere\/\">Norske Dansekunstnere<\/a><\/li>\n<li><a href=\"https:\/\/proda.no\/en\/organizer\/mtf-creo\/\">Musikkteaterforum i CREO<\/a><\/li>\n<li><a href=\"https:\/\/proda.no\/en\/organizer\/merge-norge\/\">MERGE Norge<\/a><\/li>\n<li><a href=\"https:\/\/proda.no\/en\/organizer\/skuda\/\">SKUDA<\/a><\/li>\n<li><a href=\"https:\/\/proda.no\/en\/organizer\/oslo-jazzdansfestival-2\/\">Oslo Jazzdansfestival<\/a><\/li>\n<li><a href=\"https:\/\/proda.no\/en\/organizer\/oslo-jazzdansfestival\/\">Oslo Jazzdansfestival<\/a><\/li>\n<li><a href=\"https:\/\/proda.no\/en\/organizer\/ellis-et-langt-liv-i-scenekunsten\/\">ELLIS - Et langt liv i scenekunsten<\/a><\/li>\n<li><a href=\"https:\/\/proda.no\/en\/organizer\/coda\/\">CODA<\/a><\/li>\n<\/ul>\n<h2 class=\"wsp-tribe_event_seriess-title\">Series<\/h2>\n<ul class=\"wsp-tribe_event_seriess-list\">\n<li><a href=\"https:\/\/proda.no\/en\/series\/workshop-inkluderende-scenekunst-i-praksis-nb-pamelding\/\">Workshop: Inkluderende scenekunst i praksis (NB! P\u00e5melding)<\/a><\/li>\n<li><a href=\"https:\/\/proda.no\/en\/series\/subsdans-x-proda-oslo\/\">Subsdans x PRODA Oslo<\/a><\/li>\n<li><a href=\"https:\/\/proda.no\/en\/series\/oslo-jazzdansfestival-x-proda-julie-dokken\/\">Oslo Jazzdansfestival x PRODA - Julie Dokken<\/a><\/li>\n<li><a href=\"https:\/\/proda.no\/en\/series\/pia-elton-hammer-foredrag-og-samtale-om-trening-og-mental-helse\/\">Pia Elton Hammer - Foredrag og samtale om trening og mental helse<\/a><\/li>\n<li><a href=\"https:\/\/proda.no\/en\/series\/musikaldans-20\/\">Musikaldans<\/a><\/li>\n<li><a href=\"https:\/\/proda.no\/en\/series\/apent-rom-5\/\">\u00c5pent Rom<\/a><\/li>\n<li><a href=\"https:\/\/proda.no\/en\/series\/ballett-matias-ronningen\/\">Ballett - Matias R\u00f8nningen<\/a><\/li>\n<li><a href=\"https:\/\/proda.no\/en\/series\/jazz-21\/\">Jazz<\/a><\/li>\n<li><a href=\"https:\/\/proda.no\/en\/series\/musikaldans-19\/\">Musikaldans<\/a><\/li>\n<li><a href=\"https:\/\/proda.no\/en\/series\/hiphop-marikken-heitkotter-bratlie\/\">HipHop - Marikken Heitk\u00f8tter Bratlie<\/a><\/li>\n<li><a href=\"https:\/\/proda.no\/en\/series\/ballett-camilla-spidsoe\/\">Ballett - Camilla Spids\u00f8e<\/a><\/li>\n<li><a href=\"https:\/\/proda.no\/en\/series\/hiphop-ebba-hatcher\/\">HipHop - Ebba Hatcher<\/a><\/li>\n<li><a href=\"https:\/\/proda.no\/en\/series\/funksjonsmangfold-pedagogseminar\/\">FUNKSJONSMANGFOLD - Pedagogseminar<\/a><\/li>\n<li><a href=\"https:\/\/proda.no\/en\/series\/ballett-pia-elton\/\">Ballett - Pia Elton<\/a><\/li>\n<li><a href=\"https:\/\/proda.no\/en\/series\/samtidsdans-amisha-kumra\/\">Samtidsdans - Amisha Kumra<\/a><\/li>\n<li><a href=\"https:\/\/proda.no\/en\/series\/jazz-tine-erica-aspaas\/\">Jazz - Tine Erica Aspaas<\/a><\/li>\n<li><a href=\"https:\/\/proda.no\/en\/series\/ballett-kristian-alm\/\">Ballett - Kristian Alm<\/a><\/li>\n<li><a href=\"https:\/\/proda.no\/en\/series\/hiphop-victor-frojd\/\">HipHop - Victor Fr\u00f6jd<\/a><\/li>\n<li><a href=\"https:\/\/proda.no\/en\/series\/funksjonsmangfold-verksted-inkluderende-scenekunst\/\">FUNKSJONSMANGFOLD - verksted inkluderende scenekunst<\/a><\/li>\n<li><a href=\"https:\/\/proda.no\/en\/series\/ballett-igor-vieria\/\">Ballett - Igor Vieria<\/a><\/li>\n<li><a href=\"https:\/\/proda.no\/en\/series\/samtidsdans-irene-recio-madrid\/\">Samtidsdans - Irene Recio Madrid<\/a><\/li>\n<li><a href=\"https:\/\/proda.no\/en\/series\/samtidsdans-iannes-bruylant\/\">Samtidsdans - Iannes Bruylant<\/a><\/li>\n<li><a href=\"https:\/\/proda.no\/en\/series\/funksjonsmangfold-fagdager-og-verksted\/\">FUNKSJONSMANGFOLD - Fagdager og verksted<\/a><\/li>\n<li><a href=\"https:\/\/proda.no\/en\/series\/musikaldans-simon-stenholm-soderlund\/\">Musikaldans - Simon Stenholm S\u00f6derlund<\/a><\/li>\n<li><a href=\"https:\/\/proda.no\/en\/series\/samtidsdans-edwin-cabascango\/\">Samtidsdans Edwin Cabascango<\/a><\/li>\n<li><a href=\"https:\/\/proda.no\/en\/series\/ballett-helge-freiberg\/\">Ballett - Helge Freiberg<\/a><\/li>\n<li><a href=\"https:\/\/proda.no\/en\/series\/morgentrening-for-scenekunstnere\/\">Morgentrening for scenekunstnere<\/a><\/li>\n<li><a href=\"https:\/\/proda.no\/en\/series\/samtidsdans-hilde-ingeborg-sandvold\/\">Samtidsdans - Hilde Ingeborg Sandvold<\/a><\/li>\n<li><a href=\"https:\/\/proda.no\/en\/series\/ballett-sissel-aarseth-2\/\">Ballett - Sissel Aarseth<\/a><\/li>\n<li><a href=\"https:\/\/proda.no\/en\/series\/ballett-sissel-aarseth\/\">Ballett - Sissel Aarseth<\/a><\/li>\n<li><a href=\"https:\/\/proda.no\/en\/series\/ballett-74\/\">Ballett<\/a><\/li>\n<li><a href=\"https:\/\/proda.no\/en\/series\/workshop\/\">Workshop<\/a><\/li>\n<li><a href=\"https:\/\/proda.no\/en\/series\/morgenklasse\/\">Morgenklasse<\/a><\/li>\n<li><a href=\"https:\/\/proda.no\/en\/series\/apent-rom-4\/\">\u00c5pent rom<\/a><\/li>\n<li><a href=\"https:\/\/proda.no\/en\/series\/kaffe-hangout-6\/\">Kaffe &amp; Hangout<\/a><\/li>\n<li><a href=\"https:\/\/proda.no\/en\/series\/apent-rom-3\/\">\u00c5pent rom<\/a><\/li>\n<li><a href=\"https:\/\/proda.no\/en\/series\/samtidsdans-29\/\">Samtidsdans<\/a><\/li>\n<li><a href=\"https:\/\/proda.no\/en\/series\/pedagogseminar-3\/\">Pedagogseminar<\/a><\/li>\n<li><a href=\"https:\/\/proda.no\/en\/series\/praxisfestivalen-2025-palestine-edition\/\">PRAXISFESTIVALEN 2025 \u2013 PALESTINE EDITION<\/a><\/li>\n<li><a href=\"https:\/\/proda.no\/en\/series\/praxisfestivalen-palestine-edition\/\">PRAXISFESTIVALEN - PALESTINE EDITION<\/a><\/li>\n<li><a href=\"https:\/\/proda.no\/en\/series\/prakisdeling-med-ornilia-ubisse\/\">Prakisdeling med Ornilia Ubisse<\/a><\/li>\n<li><a href=\"https:\/\/proda.no\/en\/series\/vogue-fem-2\/\">Vogue fem<\/a><\/li>\n<li><a href=\"https:\/\/proda.no\/en\/series\/partnering\/\">Partnering<\/a><\/li>\n<li><a href=\"https:\/\/proda.no\/en\/series\/workshop-med-daniel-proietto-i-to-deler\/\">Workshop med Daniel Proietto i to deler<\/a><\/li>\n<li><a href=\"https:\/\/proda.no\/en\/series\/ballett-73\/\">Ballett<\/a><\/li>\n<li><a href=\"https:\/\/proda.no\/en\/series\/jazz-fusion-kommersiell-koreografi\/\">Jazz fusion \/ Kommersiell koreografi<\/a><\/li>\n<li><a href=\"https:\/\/proda.no\/en\/series\/merge-workshop-med-simon-wiborn\/\">MERGE workshop med Simon Wiborn<\/a><\/li>\n<li><a href=\"https:\/\/proda.no\/en\/series\/musikaldans-18\/\">Musikaldans<\/a><\/li>\n<li><a href=\"https:\/\/proda.no\/en\/series\/ballett-72\/\">Ballett<\/a><\/li>\n<li><a href=\"https:\/\/proda.no\/en\/series\/apent-rom-felles-tid-og-eller-reserver-egen-tid\/\">\u00c5PENT ROM - felles tid og\/eller reserver egen tid<\/a><\/li>\n<li><a href=\"https:\/\/proda.no\/en\/series\/samtidsdans-27\/\">Samtidsdans<\/a><\/li>\n<li><a href=\"https:\/\/proda.no\/en\/series\/ballett-71\/\">Ballett<\/a><\/li>\n<li><a href=\"https:\/\/proda.no\/en\/series\/jazz-20\/\">Jazz<\/a><\/li>\n<li><a href=\"https:\/\/proda.no\/en\/series\/samtidsjazz\/\">Samtidsjazz<\/a><\/li>\n<li><a href=\"https:\/\/proda.no\/en\/series\/ballett-70\/\">Ballett<\/a><\/li>\n<li><a href=\"https:\/\/proda.no\/en\/series\/ballett-69\/\">Ballett<\/a><\/li>\n<li><a href=\"https:\/\/proda.no\/en\/series\/ballett-68\/\">Ballett<\/a><\/li>\n<li><a href=\"https:\/\/proda.no\/en\/series\/ballett-67\/\">Ballett<\/a><\/li>\n<li><a href=\"https:\/\/proda.no\/en\/series\/musikaldans-17\/\">Musikaldans<\/a><\/li>\n<li><a href=\"https:\/\/proda.no\/en\/series\/musikaljazz-2\/\">Musikaljazz<\/a><\/li>\n<li><a href=\"https:\/\/proda.no\/en\/series\/afro-fusion-2\/\">Afro Fusion<\/a><\/li>\n<li><a href=\"https:\/\/proda.no\/en\/series\/kaffe-hangout-5\/\">Kaffe &amp; Hangout !<\/a><\/li>\n<li><a href=\"https:\/\/proda.no\/en\/series\/oslo-jazzdansfestival\/\">Oslo Jazzdansfestival<\/a><\/li>\n<li><a href=\"https:\/\/proda.no\/en\/series\/workshop-i-kvensk-folkedans-med-astrid-serine-hoel\/\">Workshop i Kvensk Folkedans med Astrid Serine Hoel<\/a><\/li>\n<li><a href=\"https:\/\/proda.no\/en\/series\/skuda-proda-workshop-med-alma-soderberg\/\">SKUDA \/ PRODA Workshop med Alma S\u00f6derberg<\/a><\/li>\n<li><a href=\"https:\/\/proda.no\/en\/series\/ballett-66\/\">Ballett<\/a><\/li>\n<li><a href=\"https:\/\/proda.no\/en\/series\/ballett-65\/\">Ballett<\/a><\/li>\n<li><a href=\"https:\/\/proda.no\/en\/series\/marikken-heitkotter-bratlie\/\">Marikken Heitk\u00f8tter Bratlie<\/a><\/li>\n<li><a href=\"https:\/\/proda.no\/en\/series\/samtidsdans-28\/\">Samtidsdans<\/a><\/li>\n<li><a href=\"https:\/\/proda.no\/en\/series\/kommersiell-jazz\/\">Kommersiell jazz<\/a><\/li>\n<li><a href=\"https:\/\/proda.no\/en\/series\/hiphop-freestyle\/\">Hiphop freestyle<\/a><\/li>\n<li><a href=\"https:\/\/proda.no\/en\/series\/samtidsdans-med-jarek-semerek\/\">Samtidsdans med Jarek Semerek<\/a><\/li>\n<li><a href=\"https:\/\/proda.no\/en\/series\/proda-nettverk-ane-iselin-brogeland-passing-trough\/\">PRODA NETTVERK: Ane Iselin Brogeland - Passing Trough<\/a><\/li>\n<li><a href=\"https:\/\/proda.no\/en\/series\/proda-nettverk-med-ane-iselin-brogeland-flying-low\/\">PRODA NETTVERK med Ane Iselin Brogeland - Flying Low<\/a><\/li>\n<li><a href=\"https:\/\/proda.no\/en\/series\/ballett-64\/\">Ballett<\/a><\/li>\n<li><a href=\"https:\/\/proda.no\/en\/series\/contemporary-jazz-3\/\">Contemporary Jazz<\/a><\/li>\n<li><a href=\"https:\/\/proda.no\/en\/series\/ballett-63\/\">Ballett<\/a><\/li>\n<li><a href=\"https:\/\/proda.no\/en\/series\/musikaldans-16\/\">Musikaldans<\/a><\/li>\n<li><a href=\"https:\/\/proda.no\/en\/series\/jazz-samtidsjazz\/\">Jazz\/ Samtidsjazz<\/a><\/li>\n<li><a href=\"https:\/\/proda.no\/en\/series\/jazz-19\/\">Jazz<\/a><\/li>\n<li><a href=\"https:\/\/proda.no\/en\/series\/samtidsdans-26\/\">Samtidsdans<\/a><\/li>\n<li><a href=\"https:\/\/proda.no\/en\/series\/musikaljazz\/\">Musikaljazz<\/a><\/li>\n<li><a href=\"https:\/\/proda.no\/en\/series\/ballett-62\/\">Ballett<\/a><\/li>\n<li><a href=\"https:\/\/proda.no\/en\/series\/ballett-61\/\">Ballett<\/a><\/li>\n<li><a href=\"https:\/\/proda.no\/en\/series\/ballett-60\/\">Ballett<\/a><\/li>\n<li><a href=\"https:\/\/proda.no\/en\/series\/kommersiell-koreografi-3\/\">Kommersiell koreografi<\/a><\/li>\n<li><a href=\"https:\/\/proda.no\/en\/series\/kaffe-hangout-4\/\">Kaffe &amp; Hangout<\/a><\/li>\n<li><a href=\"https:\/\/proda.no\/en\/series\/skuda-khio-proda-workshop-med-charlotte-engelkes-se\/\">SKUDA\/KHIO\/PRODA Workshop med Charlotte Engelkes (SE).<\/a><\/li>\n<li><a href=\"https:\/\/proda.no\/en\/series\/musikaldans-15\/\">Musikaldans<\/a><\/li>\n<li><a href=\"https:\/\/proda.no\/en\/series\/pedagogseminar-skapende-dans-med-ungdom\/\">PEDAGOGSEMINAR - Skapende dans med ungdom<\/a><\/li>\n<li><a href=\"https:\/\/proda.no\/en\/series\/praxis-oslo-og-proda-revisiting-practice-med-nina-wollny\/\">PRAXIS Oslo og PRODA \/ Revisiting Practice med Nina Wollny<\/a><\/li>\n<li><a href=\"https:\/\/proda.no\/en\/series\/samtidsdans-25\/\">Samtidsdans<\/a><\/li>\n<li><a href=\"https:\/\/proda.no\/en\/series\/ballett-59\/\">Ballett<\/a><\/li>\n<li><a href=\"https:\/\/proda.no\/en\/series\/workshop-loop-med-chriz-nypan\/\">Workshop LOOP med Chriz Nypan<\/a><\/li>\n<li><a href=\"https:\/\/proda.no\/en\/series\/contemporary-contact-improvisation\/\">Contemporary\/ Contact improvisation<\/a><\/li>\n<li><a href=\"https:\/\/proda.no\/en\/series\/jazz-18\/\">Jazz<\/a><\/li>\n<li><a href=\"https:\/\/proda.no\/en\/series\/afro-fusion\/\">Afro Fusion<\/a><\/li>\n<li><a href=\"https:\/\/proda.no\/en\/series\/coda-workshop-med-mia-habib\/\">CODA WORKSHOP med Mia Habib<\/a><\/li>\n<li><a href=\"https:\/\/proda.no\/en\/series\/musikaldans-14\/\">Musikaldans<\/a><\/li>\n<li><a href=\"https:\/\/proda.no\/en\/series\/musikaldans-13\/\">Musikaldans<\/a><\/li>\n<li><a href=\"https:\/\/proda.no\/en\/series\/ballett-58\/\">Ballett<\/a><\/li>\n<li><a href=\"https:\/\/proda.no\/en\/series\/apent-rom-reserver-studiotid\/\">\u00c5pent rom - reserver studiotid<\/a><\/li>\n<li><a href=\"https:\/\/proda.no\/en\/series\/talawa-teknikk-2\/\">Talawa teknikk<\/a><\/li>\n<li><a href=\"https:\/\/proda.no\/en\/series\/house-6\/\">House<\/a><\/li>\n<li><a href=\"https:\/\/proda.no\/en\/series\/samtidsdans-24\/\">Samtidsdans<\/a><\/li>\n<li><a href=\"https:\/\/proda.no\/en\/series\/samtidsdans-23\/\">Samtidsdans<\/a><\/li>\n<li><a href=\"https:\/\/proda.no\/en\/series\/ballett-57\/\">Ballett<\/a><\/li>\n<li><a href=\"https:\/\/proda.no\/en\/series\/ballett-56\/\">Ballett<\/a><\/li>\n<li><a href=\"https:\/\/proda.no\/en\/series\/ballett-55\/\">Ballett<\/a><\/li>\n<li><a href=\"https:\/\/proda.no\/en\/series\/ballett-54\/\">Ballett<\/a><\/li>\n<li><a href=\"https:\/\/proda.no\/en\/series\/modern-jazz-2\/\">Modern Jazz<\/a><\/li>\n<li><a href=\"https:\/\/proda.no\/en\/series\/samtidsdans-6\/\">Samtidsdans<\/a><\/li>\n<li><a href=\"https:\/\/proda.no\/en\/series\/jazz-17\/\">Jazz<\/a><\/li>\n<li><a href=\"https:\/\/proda.no\/en\/series\/kaffehangout-2\/\">Kaffe&amp;Hangout<\/a><\/li>\n<li><a href=\"https:\/\/proda.no\/en\/series\/jazz-16\/\">Jazz<\/a><\/li>\n<li><a href=\"https:\/\/proda.no\/en\/series\/samtidsdans-22\/\">Samtidsdans<\/a><\/li>\n<li><a href=\"https:\/\/proda.no\/en\/series\/musikkteaterdans\/\">Musikkteaterdans<\/a><\/li>\n<li><a href=\"https:\/\/proda.no\/en\/series\/soul-sessions-extended-workshops\/\">Soul Sessions Extended \/\/ Workshops<\/a><\/li>\n<li><a href=\"https:\/\/proda.no\/en\/series\/soul-sessions-extended-panelsamtaler\/\">Soul Sessions Extended \/\/ Panelsamtaler<\/a><\/li>\n<li><a href=\"https:\/\/proda.no\/en\/series\/sustainable-dance-training-linda-blomqvist-se-dans-med-glede-og-presisjon-2\/\">Sustainable Dance Training \/ Linda Blomqvist (SE)\/ Dans med glede og presisjon<\/a><\/li>\n<li><a href=\"https:\/\/proda.no\/en\/series\/proda-nettverk-samtidsdans\/\">PRODA NETTVERK: Samtidsdans<\/a><\/li>\n<li><a href=\"https:\/\/proda.no\/en\/series\/ballett-53\/\">Ballett<\/a><\/li>\n<li><a href=\"https:\/\/proda.no\/en\/series\/musikaldans-12\/\">Musikaldans<\/a><\/li>\n<li><a href=\"https:\/\/proda.no\/en\/series\/musikaldans-11\/\">Musikaldans<\/a><\/li>\n<li><a href=\"https:\/\/proda.no\/en\/series\/musikaldans-10\/\">Musikaldans<\/a><\/li>\n<li><a href=\"https:\/\/proda.no\/en\/series\/ballett-52\/\">Ballett<\/a><\/li>\n<li><a href=\"https:\/\/proda.no\/en\/series\/house-5\/\">House<\/a><\/li>\n<li><a href=\"https:\/\/proda.no\/en\/series\/ballett-51\/\">Ballett<\/a><\/li>\n<li><a href=\"https:\/\/proda.no\/en\/series\/coda-workshop-med-ingrid-berger-myhre\/\">CODA Workshop med Ingrid Berger Myhre<\/a><\/li>\n<li><a href=\"https:\/\/proda.no\/en\/series\/coda-samarbeid-afro-fusion\/\">CODA samarbeid: Afro-fusion<\/a><\/li>\n<li><a href=\"https:\/\/proda.no\/en\/series\/house-4\/\">House<\/a><\/li>\n<li><a href=\"https:\/\/proda.no\/en\/series\/ballett-50\/\">Ballett<\/a><\/li>\n<li><a href=\"https:\/\/proda.no\/en\/series\/i-prosess-shout\/\">i prosess \"Shout\"<\/a><\/li>\n<li><a href=\"https:\/\/proda.no\/en\/series\/ballett-49\/\">Ballett<\/a><\/li>\n<li><a href=\"https:\/\/proda.no\/en\/series\/talawa-teknikk\/\">Talawa teknikk<\/a><\/li>\n<li><a href=\"https:\/\/proda.no\/en\/series\/musikaljazz-teater-jazz\/\">Musikaljazz\/ teater jazz<\/a><\/li>\n<li><a href=\"https:\/\/proda.no\/en\/series\/kommersiell-koreografi-2\/\">Kommersiell koreografi<\/a><\/li>\n<li><a href=\"https:\/\/proda.no\/en\/series\/musikaldans-9\/\">Musikaldans<\/a><\/li>\n<li><a href=\"https:\/\/proda.no\/en\/series\/kurs-i-excel-og-budsjettering-digitalt\/\">Kurs i Excel og budsjettering- digitalt<\/a><\/li>\n<li><a href=\"https:\/\/proda.no\/en\/series\/kaffehangout\/\">Kaffe&amp;Hangout<\/a><\/li>\n<li><a href=\"https:\/\/proda.no\/en\/series\/ballett-48\/\">Ballett<\/a><\/li>\n<li><a href=\"https:\/\/proda.no\/en\/series\/jazz-15\/\">Jazz<\/a><\/li>\n<li><a href=\"https:\/\/proda.no\/en\/series\/i-prosess-improvisasjon\/\">i prosess \/ improvisasjon<\/a><\/li>\n<li><a href=\"https:\/\/proda.no\/en\/series\/ballett-47\/\">Ballett<\/a><\/li>\n<li><a href=\"https:\/\/proda.no\/en\/series\/jazz-14\/\">Jazz<\/a><\/li>\n<li><a href=\"https:\/\/proda.no\/en\/series\/samtidsdans-21\/\">Samtidsdans<\/a><\/li>\n<li><a href=\"https:\/\/proda.no\/en\/series\/musikaldans-8\/\">Musikaldans<\/a><\/li>\n<li><a href=\"https:\/\/proda.no\/en\/series\/ballett-46\/\">Ballett<\/a><\/li>\n<li><a href=\"https:\/\/proda.no\/en\/series\/samtidsdans-20\/\">Samtidsdans<\/a><\/li>\n<li><a href=\"https:\/\/proda.no\/en\/series\/ballett-45\/\">Ballett<\/a><\/li>\n<li><a href=\"https:\/\/proda.no\/en\/series\/modern-jazz\/\">Modern Jazz<\/a><\/li>\n<li><a href=\"https:\/\/proda.no\/en\/series\/ballett-44\/\">Ballett<\/a><\/li>\n<li><a href=\"https:\/\/proda.no\/en\/series\/samtidsdans-19\/\">Samtidsdans<\/a><\/li>\n<li><a href=\"https:\/\/proda.no\/en\/series\/samtidsdans-18\/\">Samtidsdans<\/a><\/li>\n<li><a href=\"https:\/\/proda.no\/en\/series\/apent-rom-2\/\">\u00c5pent rom<\/a><\/li>\n<li><a href=\"https:\/\/proda.no\/en\/series\/proda-prat-om-skeiv-bevegelse\/\">PRODA PRAT om SKEIV BEVEGELSE<\/a><\/li>\n<li><a href=\"https:\/\/proda.no\/en\/series\/ballett-43\/\">Ballett<\/a><\/li>\n<li><a href=\"https:\/\/proda.no\/en\/series\/jazz-13\/\">Jazz<\/a><\/li>\n<li><a href=\"https:\/\/proda.no\/en\/series\/ballett-42\/\">Ballett<\/a><\/li>\n<li><a href=\"https:\/\/proda.no\/en\/series\/morgenpraksis\/\">Morgenpraksis<\/a><\/li>\n<li><a href=\"https:\/\/proda.no\/en\/series\/ballett-41\/\">Ballett<\/a><\/li>\n<li><a href=\"https:\/\/proda.no\/en\/series\/contemporary-jazz-2\/\">Contemporary jazz<\/a><\/li>\n<li><a href=\"https:\/\/proda.no\/en\/series\/jazz-12\/\">Jazz<\/a><\/li>\n<li><a href=\"https:\/\/proda.no\/en\/series\/waacking-2\/\">Waacking<\/a><\/li>\n<li><a href=\"https:\/\/proda.no\/en\/series\/texture-and-movement\/\">Texture and movement<\/a><\/li>\n<li><a href=\"https:\/\/proda.no\/en\/series\/ballett-40\/\">Ballett<\/a><\/li>\n<li><a href=\"https:\/\/proda.no\/en\/series\/ballett-39\/\">Ballett<\/a><\/li>\n<li><a href=\"https:\/\/proda.no\/en\/series\/ballett-38\/\">Ballett<\/a><\/li>\n<li><a href=\"https:\/\/proda.no\/en\/series\/samtidsdans-17\/\">Samtidsdans<\/a><\/li>\n<li><a href=\"https:\/\/proda.no\/en\/series\/ballett-37\/\">Ballett<\/a><\/li>\n<li><a href=\"https:\/\/proda.no\/en\/series\/jazz-11\/\">Jazz<\/a><\/li>\n<li><a href=\"https:\/\/proda.no\/en\/series\/musikaldans-7\/\">Musikaldans<\/a><\/li>\n<li><a href=\"https:\/\/proda.no\/en\/series\/introduksjonskurs-til-excel-og-budsjettering-digitalt\/\">Introduksjonskurs til Excel og budsjettering (digitalt!)<\/a><\/li>\n<li><a href=\"https:\/\/proda.no\/en\/series\/gaga-4\/\">Gaga<\/a><\/li>\n<li><a href=\"https:\/\/proda.no\/en\/series\/klein-technique-nb-pamelding\/\">Klein technique\u2122 (NB. P\u00e5melding!)<\/a><\/li>\n<li><a href=\"https:\/\/proda.no\/en\/series\/samtidsdans-16\/\">Samtidsdans<\/a><\/li>\n<li><a href=\"https:\/\/proda.no\/en\/series\/house-3\/\">House<\/a><\/li>\n<li><a href=\"https:\/\/proda.no\/en\/series\/train-distance-listen-to-the-music\/\">Train distance: Listen to the music!<\/a><\/li>\n<li><a href=\"https:\/\/proda.no\/en\/series\/train-distance-dis-cover-hangout\/\">Train distance: DIS\/(C)OVER HANGOUT<\/a><\/li>\n<li><a href=\"https:\/\/proda.no\/en\/series\/train-distance-pleasure-zombies\/\">Train distance: Pleasure Zombies<\/a><\/li>\n<li><a href=\"https:\/\/proda.no\/en\/series\/ballett-36\/\">Ballett<\/a><\/li>\n<li><a href=\"https:\/\/proda.no\/en\/series\/musikaldans-6\/\">Musikaldans<\/a><\/li>\n<li><a href=\"https:\/\/proda.no\/en\/series\/ballett-35\/\">Ballett<\/a><\/li>\n<li><a href=\"https:\/\/proda.no\/en\/series\/jazz-10\/\">Jazz<\/a><\/li>\n<li><a href=\"https:\/\/proda.no\/en\/series\/workshop-i-koreografi-nb-pamelding\/\">Workshop i koreografi (NB! P\u00e5melding!)<\/a><\/li>\n<li><a href=\"https:\/\/proda.no\/en\/series\/musikaldans-5\/\">Musikaldans<\/a><\/li>\n<li><a href=\"https:\/\/proda.no\/en\/series\/samtidsdans-15\/\">Samtidsdans<\/a><\/li>\n<li><a href=\"https:\/\/proda.no\/en\/series\/musikaldans-4\/\">Musikaldans<\/a><\/li>\n<li><a href=\"https:\/\/proda.no\/en\/series\/contemporary-fusion\/\">Contemporary Fusion<\/a><\/li>\n<li><a href=\"https:\/\/proda.no\/en\/series\/workshop-i-prosess-3\/\">Workshop i prosess<\/a><\/li>\n<li><a href=\"https:\/\/proda.no\/en\/series\/morgenpraksis-constant-movement\/\">Morgenpraksis: constant movement<\/a><\/li>\n<li><a href=\"https:\/\/proda.no\/en\/series\/ballett-34\/\">Ballett<\/a><\/li>\n<li><a href=\"https:\/\/proda.no\/en\/series\/jazz-9\/\">Jazz<\/a><\/li>\n<li><a href=\"https:\/\/proda.no\/en\/series\/flying-low\/\">Flying low<\/a><\/li>\n<li><a href=\"https:\/\/proda.no\/en\/series\/ballett-33\/\">Ballett<\/a><\/li>\n<li><a href=\"https:\/\/proda.no\/en\/series\/workshop-koreografi-nb-krever-pamelding\/\">Workshop koreografi (NB. Krever p\u00e5melding!)<\/a><\/li>\n<li><a href=\"https:\/\/proda.no\/en\/series\/ballett-32\/\">Ballett<\/a><\/li>\n<li><a href=\"https:\/\/proda.no\/en\/series\/samtidsdans-14\/\">Samtidsdans<\/a><\/li>\n<li><a href=\"https:\/\/proda.no\/en\/series\/ballett-31\/\">Ballett<\/a><\/li>\n<li><a href=\"https:\/\/proda.no\/en\/series\/jazz-8\/\">Jazz<\/a><\/li>\n<li><a href=\"https:\/\/proda.no\/en\/series\/coda-samtidsdans\/\">CODA: Samtidsdans<\/a><\/li>\n<li><a href=\"https:\/\/proda.no\/en\/series\/coda-threading\/\">CODA: Threading<\/a><\/li>\n<li><a href=\"https:\/\/proda.no\/en\/series\/house-2\/\">House<\/a><\/li>\n<li><a href=\"https:\/\/proda.no\/en\/series\/contemporary-jazz\/\">Contemporary Jazz<\/a><\/li>\n<li><a href=\"https:\/\/proda.no\/en\/series\/ballett-30\/\">Ballett<\/a><\/li>\n<li><a href=\"https:\/\/proda.no\/en\/series\/entreprenorskaps-dagene-2021\/\">Entrepren\u00f8rskaps-dagene 2021<\/a><\/li>\n<li><a href=\"https:\/\/proda.no\/en\/series\/bollekurs-for-dansere\/\">B\u00f8llekurs for dansere<\/a><\/li>\n<li><a href=\"https:\/\/proda.no\/en\/series\/full-drop-workshop-krever-pamelding\/\">FULL DROP-workshop (krever p\u00e5melding)<\/a><\/li>\n<li><a href=\"https:\/\/proda.no\/en\/series\/avlyst-samtidsdans\/\">AVLYST: Samtidsdans<\/a><\/li>\n<li><a href=\"https:\/\/proda.no\/en\/series\/samtidsdans-13\/\">Samtidsdans<\/a><\/li>\n<li><a href=\"https:\/\/proda.no\/en\/series\/ballett-29\/\">Ballett<\/a><\/li>\n<li><a href=\"https:\/\/proda.no\/en\/series\/samtidsdans-12\/\">Samtidsdans<\/a><\/li>\n<li><a href=\"https:\/\/proda.no\/en\/series\/ballett-28\/\">Ballett<\/a><\/li>\n<li><a href=\"https:\/\/proda.no\/en\/series\/workshop-i-dans-akrobatikk\/\">Workshop i dans-akrobatikk<\/a><\/li>\n<li><a href=\"https:\/\/proda.no\/en\/series\/ballett-27\/\">Ballett<\/a><\/li>\n<li><a href=\"https:\/\/proda.no\/en\/series\/samtidsdans-11\/\">Samtidsdans<\/a><\/li>\n<li><a href=\"https:\/\/proda.no\/en\/series\/ballett-26\/\">Ballett<\/a><\/li>\n<li><a href=\"https:\/\/proda.no\/en\/series\/ballett-25\/\">Ballett<\/a><\/li>\n<li><a href=\"https:\/\/proda.no\/en\/series\/african-street-dance\/\">African Street Dance<\/a><\/li>\n<li><a href=\"https:\/\/proda.no\/en\/series\/samtidsdans-kohortprogram\/\">Samtidsdans (kohortprogram)<\/a><\/li>\n<li><a href=\"https:\/\/proda.no\/en\/series\/jazz-7\/\">Jazz<\/a><\/li>\n<li><a href=\"https:\/\/proda.no\/en\/series\/ballett-24\/\">Ballett<\/a><\/li>\n<li><a href=\"https:\/\/proda.no\/en\/series\/somatisk-praksis-online-3\/\">Somatisk praksis - Online<\/a><\/li>\n<li><a href=\"https:\/\/proda.no\/en\/series\/somatisk-praksis-online-2\/\">Somatisk praksis - Online<\/a><\/li>\n<li><a href=\"https:\/\/proda.no\/en\/series\/somatisk-praksis-kohort-og-online\/\">Somatisk praksis - kohort og online<\/a><\/li>\n<li><a href=\"https:\/\/proda.no\/en\/series\/samtidsdans-10\/\">Samtidsdans<\/a><\/li>\n<li><a href=\"https:\/\/proda.no\/en\/series\/ballett-23\/\">Ballett<\/a><\/li>\n<li><a href=\"https:\/\/proda.no\/en\/series\/ballett-22\/\">Ballett<\/a><\/li>\n<li><a href=\"https:\/\/proda.no\/en\/series\/kaffe-hangout-3\/\">Kaffe &amp; Hangout<\/a><\/li>\n<li><a href=\"https:\/\/proda.no\/en\/series\/workshop-koreografi-2\/\">Workshop: Koreografi<\/a><\/li>\n<li><a href=\"https:\/\/proda.no\/en\/series\/merge-norge-sirkus-samtidsdans-med-dimitri-jourde\/\">MERGE NORGE: Sirkus \/ samtidsdans med Dimitri Jourde<\/a><\/li>\n<li><a href=\"https:\/\/proda.no\/en\/series\/ballett-21\/\">Ballett<\/a><\/li>\n<li><a href=\"https:\/\/proda.no\/en\/series\/samtidsdans-online\/\">Samtidsdans - ONLINE<\/a><\/li>\n<li><a href=\"https:\/\/proda.no\/en\/series\/ballett-online-2\/\">Ballett - ONLINE<\/a><\/li>\n<li><a href=\"https:\/\/proda.no\/en\/series\/waacking-punking\/\">Waacking \/ Punking<\/a><\/li>\n<li><a href=\"https:\/\/proda.no\/en\/series\/sustainable-dance-training-linda-blomqvist-se-dans-med-glede-og-presisjon\/\">Sustainable Dance Training \/ Linda Blomqvist (SE)\/ Dans med glede og presisjon<\/a><\/li>\n<li><a href=\"https:\/\/proda.no\/en\/series\/jazz-avlyst-4\/\">Jazz - AVLYST<\/a><\/li>\n<li><a href=\"https:\/\/proda.no\/en\/series\/ballett-20\/\">Ballett<\/a><\/li>\n<li><a href=\"https:\/\/proda.no\/en\/series\/ballett-avlyst-8\/\">Ballett - AVLYST<\/a><\/li>\n<li><a href=\"https:\/\/proda.no\/en\/series\/african-street-dance-online\/\">African Street Dance - ONLINE<\/a><\/li>\n<li><a href=\"https:\/\/proda.no\/en\/series\/sustainable-dance-training-vera-nevanlinna-fi-deborah-hays-practice-of-performance\/\">Sustainable Dance Training \/ Vera Nevanlinna (FI)- Deborah Hay's \"Practice of performance\"<\/a><\/li>\n<li><a href=\"https:\/\/proda.no\/en\/series\/jazz-6\/\">Jazz<\/a><\/li>\n<li><a href=\"https:\/\/proda.no\/en\/series\/sans-skuda-proda-pedagogseminar-tilgjengelig-og-inkluderende-danseundervisning\/\">SANS\/ SKUDA\/ PRODA: PEDAGOGSEMINAR - Tilgjengelig og inkluderende danseundervisning<\/a><\/li>\n<li><a href=\"https:\/\/proda.no\/en\/series\/ballett-avlyst-7\/\">Ballett - Avlyst<\/a><\/li>\n<li><a href=\"https:\/\/proda.no\/en\/series\/samtidsdans-avlyst-3\/\">Samtidsdans - Avlyst<\/a><\/li>\n<li><a href=\"https:\/\/proda.no\/en\/series\/musikaldans-3\/\">Musikaldans<\/a><\/li>\n<li><a href=\"https:\/\/proda.no\/en\/series\/deborah-hay-workshop-the-prepared-body\/\">Deborah Hay Workshop - \"The Prepared Body\"<\/a><\/li>\n<li><a href=\"https:\/\/proda.no\/en\/series\/i-prosess-samtidsdans\/\">i prosess \/ samtidsdans<\/a><\/li>\n<li><a href=\"https:\/\/proda.no\/en\/series\/samtidsdans-9\/\">Samtidsdans<\/a><\/li>\n<li><a href=\"https:\/\/proda.no\/en\/series\/pedagogseminar-2\/\">Pedagogseminar<\/a><\/li>\n<li><a href=\"https:\/\/proda.no\/en\/series\/ballett-19\/\">Ballett<\/a><\/li>\n<li><a href=\"https:\/\/proda.no\/en\/series\/fighting-monkey-workshop\/\">Fighting Monkey workshop<\/a><\/li>\n<li><a href=\"https:\/\/proda.no\/en\/series\/hiphop-4\/\">Hiphop<\/a><\/li>\n<li><a href=\"https:\/\/proda.no\/en\/series\/feel-good-morgenpraksis\/\">Feel-good morgenpraksis<\/a><\/li>\n<li><a href=\"https:\/\/proda.no\/en\/series\/workshop-i-prosess-2\/\">Workshop: I prosess<\/a><\/li>\n<li><a href=\"https:\/\/proda.no\/en\/series\/coda-workshop-med-janina-rajakangas-og-dansere-pamelding\/\">CODA: Workshop med Janina Rajakangas og dansere - p\u00e5melding<\/a><\/li>\n<li><a href=\"https:\/\/proda.no\/en\/series\/jazz-avlyst-3\/\">Jazz - AVLYST<\/a><\/li>\n<li><a href=\"https:\/\/proda.no\/en\/series\/ballett-18\/\">Ballett<\/a><\/li>\n<li><a href=\"https:\/\/proda.no\/en\/series\/ballett-online\/\">Ballett - ONLINE<\/a><\/li>\n<li><a href=\"https:\/\/proda.no\/en\/series\/musikaldans-2\/\">Musikaldans<\/a><\/li>\n<li><a href=\"https:\/\/proda.no\/en\/series\/full-drop-into-the-body-utgar\/\">Full drop into the body\u00a0-\u00a0UTG\u00c5R<\/a><\/li>\n<li><a href=\"https:\/\/proda.no\/en\/series\/hiphop-3\/\">HipHop<\/a><\/li>\n<li><a href=\"https:\/\/proda.no\/en\/series\/ballett-avlyst-6\/\">Ballett\u00a0-\u00a0AVLYST<\/a><\/li>\n<li><a href=\"https:\/\/proda.no\/en\/series\/hiphop-2\/\">Hiphop<\/a><\/li>\n<li><a href=\"https:\/\/proda.no\/en\/series\/samtidsdans-avlyst-2\/\">Samtidsdans\u00a0-\u00a0AVLYST<\/a><\/li>\n<li><a href=\"https:\/\/proda.no\/en\/series\/kaffe-hangout-2\/\">Kaffe &amp; Hangout<\/a><\/li>\n<li><a href=\"https:\/\/proda.no\/en\/series\/samtidsdans-avlyst\/\">Samtidsdans\u00a0-\u00a0AVLYST<\/a><\/li>\n<li><a href=\"https:\/\/proda.no\/en\/series\/ballett-avlyst-5\/\">Ballett - AVLYST<\/a><\/li>\n<li><a href=\"https:\/\/proda.no\/en\/series\/ballett-17\/\">Ballett<\/a><\/li>\n<li><a href=\"https:\/\/proda.no\/en\/series\/gyrokinesis\/\">Gyrokinesis<\/a><\/li>\n<li><a href=\"https:\/\/proda.no\/en\/series\/ojdf-samarbeid-workshop\/\">OJDF samarbeid - workshop<\/a><\/li>\n<li><a href=\"https:\/\/proda.no\/en\/series\/ballett-avlyst-4\/\">Ballett\u00a0-\u00a0AVLYST<\/a><\/li>\n<li><a href=\"https:\/\/proda.no\/en\/series\/ballett-avlyst-3\/\">Ballett\u00a0-\u00a0AVLYST<\/a><\/li>\n<li><a href=\"https:\/\/proda.no\/en\/series\/ballett-avlyst-2\/\">Ballett\u00a0-\u00a0AVLYST<\/a><\/li>\n<li><a href=\"https:\/\/proda.no\/en\/series\/jazz-avlyst-2\/\">Jazz\u00a0-\u00a0AVLYST<\/a><\/li>\n<li><a href=\"https:\/\/proda.no\/en\/series\/new-york-mambo-solo-partnerwork\/\">New York Mambo - solo &amp; partnerwork<\/a><\/li>\n<li><a href=\"https:\/\/proda.no\/en\/series\/ballett-16\/\">Ballett<\/a><\/li>\n<li><a href=\"https:\/\/proda.no\/en\/series\/jazz-5\/\">Jazz<\/a><\/li>\n<li><a href=\"https:\/\/proda.no\/en\/series\/hip-hop-2\/\">Hip Hop<\/a><\/li>\n<li><a href=\"https:\/\/proda.no\/en\/series\/ballett-15\/\">Ballett<\/a><\/li>\n<li><a href=\"https:\/\/proda.no\/en\/series\/hip-hop\/\">Hip Hop<\/a><\/li>\n<li><a href=\"https:\/\/proda.no\/en\/series\/kaffe-hangout\/\">Kaffe &amp; hangout<\/a><\/li>\n<li><a href=\"https:\/\/proda.no\/en\/series\/gaga-3\/\">Gaga<\/a><\/li>\n<li><a href=\"https:\/\/proda.no\/en\/series\/samtidsdans-8\/\">Samtidsdans<\/a><\/li>\n<li><a href=\"https:\/\/proda.no\/en\/series\/ballett-14\/\">Ballett<\/a><\/li>\n<li><a href=\"https:\/\/proda.no\/en\/series\/vogue-fem\/\">Vogue Fem<\/a><\/li>\n<li><a href=\"https:\/\/proda.no\/en\/series\/ballett-13\/\">Ballett<\/a><\/li>\n<li><a href=\"https:\/\/proda.no\/en\/series\/sdt-dorte-bjerre-jensen-dk-contactimprovisation\/\">SDT \/ Dorte Bjerre Jensen (DK) \/ Contactimprovisation<\/a><\/li>\n<li><a href=\"https:\/\/proda.no\/en\/series\/jazz-4\/\">Jazz<\/a><\/li>\n<li><a href=\"https:\/\/proda.no\/en\/series\/pedagogseminar\/\">Pedagogseminar<\/a><\/li>\n<li><a href=\"https:\/\/proda.no\/en\/series\/popping\/\">Popping<\/a><\/li>\n<li><a href=\"https:\/\/proda.no\/en\/series\/ballett-12\/\">Ballett<\/a><\/li>\n<li><a href=\"https:\/\/proda.no\/en\/series\/ballett-11\/\">Ballett<\/a><\/li>\n<li><a href=\"https:\/\/proda.no\/en\/series\/ballett-10\/\">Ballett<\/a><\/li>\n<li><a href=\"https:\/\/proda.no\/en\/series\/apent-rom\/\">\u00c5pent rom<\/a><\/li>\n<li><a href=\"https:\/\/proda.no\/en\/series\/samtidsdans-7\/\">Samtidsdans<\/a><\/li>\n<li><a href=\"https:\/\/proda.no\/en\/series\/somatisk-praksis-online\/\">Somatisk praksis (online)<\/a><\/li>\n<li><a href=\"https:\/\/proda.no\/en\/series\/waacking\/\">Waacking<\/a><\/li>\n<li><a href=\"https:\/\/proda.no\/en\/series\/jazz-avlyst\/\">Jazz (AVLYST!)<\/a><\/li>\n<li><a href=\"https:\/\/proda.no\/en\/series\/gaga-2\/\">Gaga<\/a><\/li>\n<li><a href=\"https:\/\/proda.no\/en\/series\/oppvarmingsklasse-impro\/\">Oppvarmingsklasse\/ impro<\/a><\/li>\n<li><a href=\"https:\/\/proda.no\/en\/series\/avlyst-oppvarmingsklasse-impro\/\">AVLYST: Oppvarmingsklasse\/ impro<\/a><\/li>\n<li><a href=\"https:\/\/proda.no\/en\/series\/musikaljazz-teaterjazz\/\">Musikaljazz \/ teaterjazz<\/a><\/li>\n<li><a href=\"https:\/\/proda.no\/en\/series\/ballett-9\/\">Ballett<\/a><\/li>\n<li><a href=\"https:\/\/proda.no\/en\/series\/kommersiell-koreografi\/\">Kommersiell koreografi<\/a><\/li>\n<li><a href=\"https:\/\/proda.no\/en\/series\/hiphop\/\">Hiphop<\/a><\/li>\n<li><a href=\"https:\/\/proda.no\/en\/series\/jazz-3\/\">Jazz<\/a><\/li>\n<li><a href=\"https:\/\/proda.no\/en\/series\/workshop-koreografi\/\">Workshop koreografi<\/a><\/li>\n<li><a href=\"https:\/\/proda.no\/en\/series\/gaga-creative-research-session-with-natalia-vik\/\">Gaga  &amp; creative research session with Natalia Vik<\/a><\/li>\n<li><a href=\"https:\/\/proda.no\/en\/series\/ice-hot-workshop-med-philip-berlin-se\/\">ICE HOT Workshop med Philip Berlin (SE)<\/a><\/li>\n<li><a href=\"https:\/\/proda.no\/en\/series\/jazz-2\/\">Jazz<\/a><\/li>\n<li><a href=\"https:\/\/proda.no\/en\/series\/samtidsdans-5\/\">Samtidsdans<\/a><\/li>\n<li><a href=\"https:\/\/proda.no\/en\/series\/jazz\/\">Jazz<\/a><\/li>\n<li><a href=\"https:\/\/proda.no\/en\/series\/workshop-building-up-ecstasy\/\">Workshop - Building up ECSTASY<\/a><\/li>\n<li><a href=\"https:\/\/proda.no\/en\/series\/constant-movement\/\">Constant Movement<\/a><\/li>\n<li><a href=\"https:\/\/proda.no\/en\/series\/ice-hot-workshop-med-leah-katz-og-leah-marojevic-unearth-jefta-van-dinther\/\">ICE HOT workshop med Leah Katz og Leah Marojevic, \"Unearth\" \/Jefta Van Dinther<\/a><\/li>\n<li><a href=\"https:\/\/proda.no\/en\/series\/ballett-8\/\">Ballett<\/a><\/li>\n<li><a href=\"https:\/\/proda.no\/en\/series\/ballet\/\">Ballet<\/a><\/li>\n<li><a href=\"https:\/\/proda.no\/en\/series\/ballett-7\/\">Ballett<\/a><\/li>\n<li><a href=\"https:\/\/proda.no\/en\/series\/ice-hot-workshop-med-theresa-gustavsson-se\/\">ICE HOT workshop med Theresa Gustavsson (SE)<\/a><\/li>\n<li><a href=\"https:\/\/proda.no\/en\/series\/jazz-med-kunstner-fra-oslo-jazzdansfestival-2024\/\">Jazz med kunstner fra Oslo Jazzdansfestival 2024<\/a><\/li>\n<li><a href=\"https:\/\/proda.no\/en\/series\/musikaldans\/\">Musikaldans<\/a><\/li>\n<li><a href=\"https:\/\/proda.no\/en\/series\/ballett-6\/\">Ballett<\/a><\/li>\n<li><a href=\"https:\/\/proda.no\/en\/series\/workshop-i-prosess\/\">Workshop: I prosess<\/a><\/li>\n<li><a href=\"https:\/\/proda.no\/en\/series\/ballett-5\/\">Ballett<\/a><\/li>\n<li><a href=\"https:\/\/proda.no\/en\/series\/ballett-4\/\">Ballett<\/a><\/li>\n<li><a href=\"https:\/\/proda.no\/en\/series\/samtidsdans-4\/\">Samtidsdans<\/a><\/li>\n<li><a href=\"https:\/\/proda.no\/en\/series\/ballett-3\/\">Ballett<\/a><\/li>\n<li><a href=\"https:\/\/proda.no\/en\/series\/yoga-pilates-avlyst\/\">Yoga\/pilates\u00a0-\u00a0AVLYST<\/a><\/li>\n<li><a href=\"https:\/\/proda.no\/en\/series\/samtidsdans-3\/\">Samtidsdans<\/a><\/li>\n<li><a href=\"https:\/\/proda.no\/en\/series\/yoga\/\">Yoga<\/a><\/li>\n<li><a href=\"https:\/\/proda.no\/en\/series\/samtidsdans-2\/\">Samtidsdans<\/a><\/li>\n<li><a href=\"https:\/\/proda.no\/en\/series\/ballett-avlyst\/\">Ballett - AVLYST<\/a><\/li>\n<li><a href=\"https:\/\/proda.no\/en\/series\/ballett-2\/\">Ballett<\/a><\/li>\n<li><a href=\"https:\/\/proda.no\/en\/series\/house\/\">House<\/a><\/li>\n<li><a href=\"https:\/\/proda.no\/en\/series\/ballett\/\">Ballett<\/a><\/li>\n<li><a href=\"https:\/\/proda.no\/en\/series\/samtidsdans-impro\/\">Samtidsdans\/impro<\/a><\/li>\n<li><a href=\"https:\/\/proda.no\/en\/series\/samtidsdans\/\">Samtidsdans<\/a><\/li>\n<\/ul>\n<h2 class=\"wsp-uni_partners-title\">Collaborators<\/h2>\n<ul class=\"wsp-uni_partners-list\">\n<li><a href=\"https:\/\/proda.no\/en\/pedagog\/dansens-hus-2\/\">Dansens Hus<\/a><\/li>\n<li><a href=\"https:\/\/proda.no\/en\/pedagog\/norsk-skuespillersenter\/\">Norsk skuespillersenter<\/a><\/li>\n<li><a href=\"https:\/\/proda.no\/en\/pedagog\/mtf-i-creo\/\">MTF i Creo<\/a><\/li>\n<li><a href=\"https:\/\/proda.no\/en\/pedagog\/dansens-hus\/\">Black Box teater<\/a><\/li>\n<li><a href=\"https:\/\/proda.no\/en\/pedagog\/danseinformasjonen\/\">Danseinformasjonen<\/a><\/li>\n<li><a href=\"https:\/\/proda.no\/en\/pedagog\/https-norskedansekunstnere-no-dansekunstnere\/\">Norske dansekunstnere<\/a><\/li>\n<li><a href=\"https:\/\/proda.no\/en\/pedagog\/coda\/\">Coda<\/a><\/li>\n<li><a href=\"https:\/\/proda.no\/en\/pedagog\/skuespiller-og-danseralliansen\/\">Skuespiller og danseralliansen<\/a><\/li>\n<\/ul>\n<h2 class=\"wsp-uni_supporteds-title\">Supported by<\/h2>\n<ul class=\"wsp-uni_supporteds-list\">\n<li><a href=\"https:\/\/proda.no\/en\/supporters\/kulturradet\/\">Kulturdirektoratet<\/a><\/li>\n<li><a href=\"https:\/\/proda.no\/en\/supporters\/oslo-kommune\/\">Oslo kommune<\/a><\/li>\n<\/ul>\n<\/div>","protected":false},"excerpt":{"rendered":"","protected":false},"author":1,"featured_media":0,"parent":0,"menu_order":0,"comment_status":"closed","ping_status":"closed","template":"","meta":{"_acf_changed":false,"footnotes":""},"class_list":["post-16413","page","type-page","status-publish","hentry"],"acf":[],"featured_image_src":null,"_links":{"self":[{"href":"https:\/\/proda.no\/en\/wp-json\/wp\/v2\/pages\/16413","targetHints":{"allow":["GET"]}}],"collection":[{"href":"https:\/\/proda.no\/en\/wp-json\/wp\/v2\/pages"}],"about":[{"href":"https:\/\/proda.no\/en\/wp-json\/wp\/v2\/types\/page"}],"author":[{"embeddable":true,"href":"https:\/\/proda.no\/en\/wp-json\/wp\/v2\/users\/1"}],"replies":[{"embeddable":true,"href":"https:\/\/proda.no\/en\/wp-json\/wp\/v2\/comments?post=16413"}],"version-history":[{"count":2,"href":"https:\/\/proda.no\/en\/wp-json\/wp\/v2\/pages\/16413\/revisions"}],"predecessor-version":[{"id":16416,"href":"https:\/\/proda.no\/en\/wp-json\/wp\/v2\/pages\/16413\/revisions\/16416"}],"wp:attachment":[{"href":"https:\/\/proda.no\/en\/wp-json\/wp\/v2\/media?parent=16413"}],"curies":[{"name":"wp","href":"https:\/\/api.w.org\/{rel}","templated":true}]}}